{"id":1902,"date":"2025-06-15T18:03:32","date_gmt":"2025-06-15T18:03:32","guid":{"rendered":"https:\/\/www.green-guidance.eu\/methodology\/ekologicke-motto-v-zelenem-poradenstvi\/"},"modified":"2026-03-05T14:57:43","modified_gmt":"2026-03-05T14:57:43","slug":"ekologicke-motto-v-zelenem-poradenstvi","status":"publish","type":"methodology","link":"https:\/\/www.green-guidance.eu\/cs\/methodology\/ekologicke-motto-v-zelenem-poradenstvi\/","title":{"rendered":"Ekologick\u00e9 motto v udr\u017eiteln\u00e9m poradenstv\u00ed"},"content":{"rendered":"\n<p>Metoda zahrnuje skupinovou aktivitu, p\u0159i n\u00ed\u017e si \u00fa\u010dastn\u00edci*ice vyberou inspirativn\u00ed ekomotto od vlivn\u00fdch osobnost\u00ed a zamysl\u00ed se nad jeho v\u00fdznamem a relevanc\u00ed pro sv\u016fj \u017eivot. C\u00edlem je pomoci jednotlivc\u016fm spojit se s udr\u017eiteln\u00fdmi hodnotami a aplikovat je na jejich kari\u00e9rn\u00ed rozvoj nebo \u017eivotn\u00ed c\u00edle. A to s vyu\u017eit\u00edm narativn\u00edch technik, kter\u00e9 zaujmou i ty, kte\u0159\u00ed jsou s udr\u017eiteln\u00fdmi t\u00e9maty m\u00e9n\u011b obezn\u00e1meni. \u00da\u010dastn\u00edci*ice jsou vyzv\u00e1ni, aby si formulovali vlastn\u00ed motto. Prost\u0159ednictv\u00edm t\u00e9to metody \u00fa\u010dastn\u00edci*ice zkoumaj\u00ed, jak lze udr\u017eiteln\u00e9 uv\u011bdom\u011bn\u00ed za\u010dlenit do ka\u017edodenn\u00edho \u017eivota a budouc\u00ed kari\u00e9ry, a podporuj\u00ed tak \u00favahy o tom, jak \u017e\u00edt udr\u017eiteln\u011b. Sou\u010d\u00e1st\u00ed je pracovn\u00ed list se seznamem cit\u00e1t\u016f vlivn\u00fdch lid\u00ed (v\u011bt\u0161inou anglicky mluv\u00edc\u00edch).<\/p>\n\n\n\n<p>Narativn\u00ed p\u0159\u00edstup je vyu\u017eiteln\u00fd nejen pro klienty*ky, kte\u0159\u00ed sympatizuj\u00ed s klimatickou problematickou, ale i pro ty, kte\u0159\u00ed jsou v\u016f\u010di t\u011bmto ot\u00e1zk\u00e1m ambivalentn\u00ed nebo projevuj\u00ed v\u00fdhrady. Prost\u0159ednictv\u00edm aktivit mohou z\u00edskat inspiraci a ztoto\u017enit se s n\u011bk\u00fdm \u00fasp\u011b\u0161n\u00fdm, kdo pracuje v udr\u017eiteln\u00e9 profesi.<\/p>\n\n\n\n<h3 class=\"wp-block-heading\">Inspirace pro n\u00e1stroj<\/h3>\n\n\n\n<p>Slovensk\u00e1 pracovn\u00ed skupina <\/p>\n\n\n\n<h3 class=\"wp-block-heading\"><strong>Od\u016fvodn\u011bn\u00ed: Pro\u010d je to nutn\u00e9?<\/strong><\/h3>\n\n\n\n<p>Pro mnoho klient\u016f*ek jsou zelen\u00e1 t\u00e9mata nov\u00e1 nebo jim v t\u00e9to oblasti chyb\u00ed dostatek informac\u00ed \u010di inspirace a pot\u0159ebuj\u00ed se inspirovat jin\u00fdmi lidmi nebo \u00fasp\u011b\u0161n\u00fdmi p\u0159\u00edb\u011bhy z t\u00e9to oblasti. Na z\u00e1klad\u011b t\u011bchto inspirac\u00ed si mohou stanovit vlastn\u00ed c\u00edle, kter\u00e9 jsou d\u016fle\u017eit\u00e9 pro zm\u011bnu jejich chov\u00e1n\u00ed v profesn\u00edm \u017eivot\u011b.<\/p>\n\n\n\n<h3 class=\"wp-block-heading\"><strong>C\u00edle<\/strong><\/h3>\n\n\n\n<p>Na konci setk\u00e1n\u00ed \u00fa\u010dastn\u00edci*ice:<\/p>\n\n\n\n<ul class=\"wp-block-list\">\n<li>definuj\u00ed sv\u00e9 vlastn\u00ed c\u00edle s udr\u017eiteln\u00fdm zam\u011b\u0159en\u00edm (vyjdou p\u0159itom z hesel inspirativn\u00edch osobnost\u00ed)<\/li>\n\n\n\n<li>vyberou si motto, kter\u00e9 s nimi rezonuje, a prozkoumaj\u00ed, jak m\u016f\u017ee b\u00fdt vod\u00edtkem pro jejich \u017eivotn\u00ed volby a profesn\u00ed dr\u00e1hu, zejm\u00e9na ve vztahu k udr\u017eiteln\u00fdm hodnot\u00e1m nebo p\u0159\u00edstupu k \u017eivotu<\/li>\n\n\n\n<li>z\u00edskaj\u00ed nov\u00fd pohled na v\u011bc a inspiruj\u00ed se skute\u010dn\u00fdmi osobnostmi z r\u016fzn\u00fdch odv\u011btv\u00ed, kter\u00e9 za\u010dle\u0148uj\u00ed udr\u017eitelnost do sv\u00e9ho osobn\u00edho i profesn\u00edho \u017eivota<\/li>\n<\/ul>\n\n\n\n<h3 class=\"wp-block-heading\">Pot\u0159ebn\u00e9 zdroje<\/h3>\n\n\n\n<ul class=\"wp-block-list\">\n<li>pracovn\u00ed list s motty pro facilit\u00e1tora*ku (p\u0159\u00edloha 1)<\/li>\n\n\n\n<li>nepovinn\u00e9: pap\u00edr a tu\u017eka (nebo po\u010d\u00edta\u010d v p\u0159\u00edpad\u011b online sezen\u00ed) k vyzna\u010den\u00ed kl\u00ed\u010dov\u00fdch t\u00e9mat nebo ot\u00e1zek p\u0159i diskusi ve skupin\u00e1ch<\/li>\n<\/ul>\n\n\n\n<h3 class=\"wp-block-heading\">Aktivity<\/h3>\n\n\n\n<p><strong>Pokyny pro facilit\u00e1tora*ku:<\/strong><\/p>\n\n\n\n<p>P\u0159edp\u0159ipraven\u00fd pracovn\u00ed list rozst\u0159\u00edhejte na jednotliv\u00e9 cit\u00e1ty a vystavte je na viditeln\u00e9m m\u00edst\u011b. P\u0159ed zah\u00e1jen\u00edm aktivity jasn\u011b vysv\u011btlete jej\u00ed \u00fa\u010del a dejte skupin\u011b p\u0159esn\u00e9 pokyny. <\/p>\n\n\n\n<p><strong>1. V\u00fdb\u011br motta:<\/strong><\/p>\n\n\n\n<p>\u00da\u010dastn\u00edci*ice si p\u0159e\u010dtou vystaven\u00e1 motta a vyberou to, kter\u00e9 s nimi nejv\u00edce rezonuje.<br>(Voliteln\u011b: \u00da\u010dastn\u00edci*ice si mohou tak\u00e9 vyhledat udr\u017eiteln\u00e1 hesla na internetu a doplnit je do p\u0159edlo\u017een\u00e9ho seznamu.)<\/p>\n\n\n\n<p><strong>2. \u0158\u00edzen\u00e1 reflexe:<\/strong><\/p>\n\n\n\n<p>Facilit\u00e1tor*ka vede \u00fa\u010dastn\u00edky*ice k reflexi pomoc\u00ed n\u00e1sleduj\u00edc\u00edch ot\u00e1zek:<\/p>\n\n\n\n<ul class=\"wp-block-list\">\n<li>Co v\u00e1s p\u0159ivedlo k tomuto mottu? V \u010dem v\u00e1s inspirovalo? <\/li>\n\n\n\n<li>Co je pro v\u00e1s v tomto mottu d\u016fle\u017eit\u00e9? Jak\u00e9 osobn\u00ed zku\u0161enosti nebo hodnoty si s n\u00edm spojujete? <\/li>\n\n\n\n<li>Jak si tento cit\u00e1t vykl\u00e1d\u00e1te? Pro\u010d si mysl\u00edte, \u017ee v\u00e1s oslovuje pr\u00e1v\u011b t\u00edmto zp\u016fsobem? <\/li>\n\n\n\n<li>Co byste do tohoto motta p\u0159\u00edpadn\u011b p\u0159idali nebo zm\u011bnili, aby bylo pln\u011b va\u0161e?<\/li>\n\n\n\n<li>Existuje motto, kter\u00e9 v\u00e1s v\u016fbec neoslovuje? Pro\u010d si mysl\u00edte, \u017ee tomu tak je? <\/li>\n\n\n\n<li>Kdybyste si m\u011bli vytvo\u0159it vlastn\u00ed ekomotto, jak\u00e9 by to bylo? (Napi\u0161te si ho do pracovn\u00edho listu.) <\/li>\n\n\n\n<li>Jak byste mohli toto motto za\u010dlenit do sv\u00e9ho ka\u017edodenn\u00edho \u017eivota?<\/li>\n\n\n\n<li>Jak\u00e9 kroky byste mohli podniknout, abyste \u017eili podle sv\u00e9ho motta?<\/li>\n<\/ul>\n\n\n\n<p><strong>3. Sd\u00edlen\u00ed v mal\u00fdch skupin\u00e1ch:<\/strong><\/p>\n\n\n\n<p>\u00da\u010dastn\u00edci*ice vytvo\u0159\u00ed mal\u00e9 skupinky po 3-4 lidech, aby se pod\u011blili o sv\u00e9 \u00favahy a vyslechli si post\u0159ehy ostatn\u00edch.<\/p>\n\n\n\n<p><strong>4. Skupinov\u00e1 diskuse a hl\u00e1\u0161en\u00ed:<\/strong><\/p>\n\n\n\n<p>Facilit\u00e1tor*ka vyzve celou skupinu, aby se pod\u011blila o hlavn\u00ed poznatky. M\u016f\u017ee pou\u017e\u00edt podn\u011bty jako nap\u0159:<\/p>\n\n\n\n<ul class=\"wp-block-list\">\n<li>Jak\u00fd je prvn\u00ed mal\u00fd krok, kter\u00fd byste mohli ud\u011blat?<\/li>\n\n\n\n<li>Co jste o sob\u011b d\u00edky t\u00e9to aktivit\u011b zjistili?<\/li>\n\n\n\n<li>Co v\u00e1m na mottech p\u0159i\u0161lo u\u017eite\u010dn\u00e9 nebo v\u00e1s p\u0159im\u011blo k zamy\u0161len\u00ed?<\/li>\n\n\n\n<li>Co si z dne\u0161n\u00edho sezen\u00ed odn\u00e1\u0161\u00edte?<\/li>\n\n\n\n<li>Jak byste cht\u011bli tuto reflexi uplatnit ve sv\u00e9m \u017eivot\u011b nebo kari\u00e9\u0159e?<\/li>\n<\/ul>\n\n\n\n<h3 class=\"wp-block-heading\">Roz\u0161i\u0159uj\u00edc\u00ed aktivity<\/h3>\n\n\n\n<p>Tento materi\u00e1l je ur\u010den pro skupinov\u00e9 sezen\u00ed trvaj\u00edc\u00ed jednu vyu\u010dovac\u00ed hodinu, ale lze jej snadno upravit i pro individu\u00e1ln\u00ed kari\u00e9rov\u00e9 poradenstv\u00ed. Ot\u00e1zky k zamy\u0161len\u00ed v kroku 2 jsou r\u016fznorod\u00e9, tak\u017ee facilit\u00e1tor*ka m\u016f\u017ee vybrat ty, kter\u00e9 jsou nejvhodn\u011bj\u0161\u00ed pro konkr\u00e9tn\u00ed kontext a c\u00edlovou skupinu. Aktivity lze nap\u0159\u00edklad za\u010dlenit do procesu kari\u00e9rov\u00e9ho poradenstv\u00ed na podporu pl\u00e1nov\u00e1n\u00ed kari\u00e9ry, stanovov\u00e1n\u00ed c\u00edl\u016f nebo rozvoje dovednost\u00ed v oblasti \u0159\u00edzen\u00ed kari\u00e9ry.<\/p>\n\n\n\n<div class=\"wp-block-file\"><a id=\"wp-block-file--media-642184ff-3b31-424c-8d8d-d9730d930865\" href=\"https:\/\/www.green-guidance.eu\/wp-content\/uploads\/2026\/03\/Priloha-1-Ekologicke-motto.docx\">P\u0159\u00edloha 1 &#8211; Ekologick\u00e9 motto<\/a><a href=\"https:\/\/www.green-guidance.eu\/wp-content\/uploads\/2026\/03\/Priloha-1-Ekologicke-motto.docx\" class=\"wp-block-file__button wp-element-button\" download aria-describedby=\"wp-block-file--media-642184ff-3b31-424c-8d8d-d9730d930865\">St\u00e1hnout<\/a><\/div>\n\n\n\n<p><\/p>\n","protected":false},"excerpt":{"rendered":"<p>Metoda zahrnuje skupinovou aktivitu, p\u0159i n\u00ed\u017e si \u00fa\u010dastn\u00edci*ice vyberou inspirativn\u00ed ekomotto od vlivn\u00fdch osobnost\u00ed a zamysl\u00ed se nad jeho v\u00fdznamem a relevanc\u00ed pro sv\u016fj \u017eivot. C\u00edlem je pomoci jednotlivc\u016fm spojit se s udr\u017eiteln\u00fdmi hodnotami a aplikovat je na jejich kari\u00e9rn\u00ed rozvoj nebo \u017eivotn\u00ed c\u00edle. A to s vyu\u017eit\u00edm narativn\u00edch technik, kter\u00e9 zaujmou i ty, kte\u0159\u00ed jsou s udr\u017eiteln\u00fdmi t\u00e9maty m\u00e9n\u011b&#8230;<\/p>\n","protected":false},"template":"","meta":{"_acf_changed":false,"_monsterinsights_skip_tracking":false,"_monsterinsights_sitenote_active":false,"_monsterinsights_sitenote_note":"","_monsterinsights_sitenote_category":0,"jetpack_post_was_ever_published":false},"class_list":["post-1902","methodology","type-methodology","status-publish","hentry"],"acf":[],"yoast_head":"<!-- This site is optimized with the Yoast SEO plugin v27.4 - https:\/\/yoast.com\/product\/yoast-seo-wordpress\/ -->\n<title>Ekologick\u00e9 motto v udr\u017eiteln\u00e9m poradenstv\u00ed - Green Guidance<\/title>\n<meta name=\"robots\" content=\"index, follow, max-snippet:-1, max-image-preview:large, max-video-preview:-1\" \/>\n<link rel=\"canonical\" href=\"https:\/\/www.green-guidance.eu\/cs\/methodology\/ekologicke-motto-v-zelenem-poradenstvi\/\" \/>\n<meta property=\"og:locale\" content=\"cs_CZ\" \/>\n<meta property=\"og:type\" content=\"article\" \/>\n<meta property=\"og:title\" content=\"Ekologick\u00e9 motto v udr\u017eiteln\u00e9m poradenstv\u00ed - Green Guidance\" \/>\n<meta property=\"og:description\" content=\"Metoda zahrnuje skupinovou aktivitu, p\u0159i n\u00ed\u017e si \u00fa\u010dastn\u00edci*ice vyberou inspirativn\u00ed ekomotto od vlivn\u00fdch osobnost\u00ed a zamysl\u00ed se nad jeho v\u00fdznamem a relevanc\u00ed pro sv\u016fj \u017eivot. C\u00edlem je pomoci jednotlivc\u016fm spojit se s udr\u017eiteln\u00fdmi hodnotami a aplikovat je na jejich kari\u00e9rn\u00ed rozvoj nebo \u017eivotn\u00ed c\u00edle. A to s vyu\u017eit\u00edm narativn\u00edch technik, kter\u00e9 zaujmou i ty, kte\u0159\u00ed jsou s udr\u017eiteln\u00fdmi t\u00e9maty m\u00e9n\u011b...\" \/>\n<meta property=\"og:url\" content=\"https:\/\/www.green-guidance.eu\/cs\/methodology\/ekologicke-motto-v-zelenem-poradenstvi\/\" \/>\n<meta property=\"og:site_name\" content=\"Green Guidance\" \/>\n<meta property=\"article:modified_time\" content=\"2026-03-05T14:57:43+00:00\" \/>\n<meta name=\"twitter:card\" content=\"summary_large_image\" \/>\n<meta name=\"twitter:label1\" content=\"Odhadovan\u00e1 doba \u010dten\u00ed\" \/>\n\t<meta name=\"twitter:data1\" content=\"3 minuty\" \/>\n<script type=\"application\/ld+json\" class=\"yoast-schema-graph\">{\"@context\":\"https:\\\/\\\/schema.org\",\"@graph\":[{\"@type\":\"WebPage\",\"@id\":\"https:\\\/\\\/www.green-guidance.eu\\\/cs\\\/methodology\\\/ekologicke-motto-v-zelenem-poradenstvi\\\/\",\"url\":\"https:\\\/\\\/www.green-guidance.eu\\\/cs\\\/methodology\\\/ekologicke-motto-v-zelenem-poradenstvi\\\/\",\"name\":\"Ekologick\u00e9 motto v udr\u017eiteln\u00e9m poradenstv\u00ed - Green Guidance\",\"isPartOf\":{\"@id\":\"https:\\\/\\\/www.green-guidance.eu\\\/#website\"},\"datePublished\":\"2025-06-15T18:03:32+00:00\",\"dateModified\":\"2026-03-05T14:57:43+00:00\",\"breadcrumb\":{\"@id\":\"https:\\\/\\\/www.green-guidance.eu\\\/cs\\\/methodology\\\/ekologicke-motto-v-zelenem-poradenstvi\\\/#breadcrumb\"},\"inLanguage\":\"cs\",\"potentialAction\":[{\"@type\":\"ReadAction\",\"target\":[\"https:\\\/\\\/www.green-guidance.eu\\\/cs\\\/methodology\\\/ekologicke-motto-v-zelenem-poradenstvi\\\/\"]}]},{\"@type\":\"BreadcrumbList\",\"@id\":\"https:\\\/\\\/www.green-guidance.eu\\\/cs\\\/methodology\\\/ekologicke-motto-v-zelenem-poradenstvi\\\/#breadcrumb\",\"itemListElement\":[{\"@type\":\"ListItem\",\"position\":1,\"name\":\"Home\",\"item\":\"https:\\\/\\\/www.green-guidance.eu\\\/\"},{\"@type\":\"ListItem\",\"position\":2,\"name\":\"Methodologies\",\"item\":\"https:\\\/\\\/www.green-guidance.eu\\\/methodologies\\\/\"},{\"@type\":\"ListItem\",\"position\":3,\"name\":\"Ekologick\u00e9 motto v udr\u017eiteln\u00e9m poradenstv\u00ed\"}]},{\"@type\":\"WebSite\",\"@id\":\"https:\\\/\\\/www.green-guidance.eu\\\/#website\",\"url\":\"https:\\\/\\\/www.green-guidance.eu\\\/\",\"name\":\"Green Guidance\",\"description\":\"Career support for sustainable life choices\",\"publisher\":{\"@id\":\"https:\\\/\\\/www.green-guidance.eu\\\/#organization\"},\"potentialAction\":[{\"@type\":\"SearchAction\",\"target\":{\"@type\":\"EntryPoint\",\"urlTemplate\":\"https:\\\/\\\/www.green-guidance.eu\\\/?s={search_term_string}\"},\"query-input\":{\"@type\":\"PropertyValueSpecification\",\"valueRequired\":true,\"valueName\":\"search_term_string\"}}],\"inLanguage\":\"cs\"},{\"@type\":\"Organization\",\"@id\":\"https:\\\/\\\/www.green-guidance.eu\\\/#organization\",\"name\":\"Green Guidance\",\"url\":\"https:\\\/\\\/www.green-guidance.eu\\\/\",\"logo\":{\"@type\":\"ImageObject\",\"inLanguage\":\"cs\",\"@id\":\"https:\\\/\\\/www.green-guidance.eu\\\/#\\\/schema\\\/logo\\\/image\\\/\",\"url\":\"https:\\\/\\\/www.green-guidance.eu\\\/wp-content\\\/uploads\\\/2024\\\/03\\\/cropped-Green_guidance_logo-01.png\",\"contentUrl\":\"https:\\\/\\\/www.green-guidance.eu\\\/wp-content\\\/uploads\\\/2024\\\/03\\\/cropped-Green_guidance_logo-01.png\",\"width\":1582,\"height\":667,\"caption\":\"Green Guidance\"},\"image\":{\"@id\":\"https:\\\/\\\/www.green-guidance.eu\\\/#\\\/schema\\\/logo\\\/image\\\/\"}}]}<\/script>\n<!-- \/ Yoast SEO plugin. -->","yoast_head_json":{"title":"Ekologick\u00e9 motto v udr\u017eiteln\u00e9m poradenstv\u00ed - Green Guidance","robots":{"index":"index","follow":"follow","max-snippet":"max-snippet:-1","max-image-preview":"max-image-preview:large","max-video-preview":"max-video-preview:-1"},"canonical":"https:\/\/www.green-guidance.eu\/cs\/methodology\/ekologicke-motto-v-zelenem-poradenstvi\/","og_locale":"cs_CZ","og_type":"article","og_title":"Ekologick\u00e9 motto v udr\u017eiteln\u00e9m poradenstv\u00ed - Green Guidance","og_description":"Metoda zahrnuje skupinovou aktivitu, p\u0159i n\u00ed\u017e si \u00fa\u010dastn\u00edci*ice vyberou inspirativn\u00ed ekomotto od vlivn\u00fdch osobnost\u00ed a zamysl\u00ed se nad jeho v\u00fdznamem a relevanc\u00ed pro sv\u016fj \u017eivot. C\u00edlem je pomoci jednotlivc\u016fm spojit se s udr\u017eiteln\u00fdmi hodnotami a aplikovat je na jejich kari\u00e9rn\u00ed rozvoj nebo \u017eivotn\u00ed c\u00edle. A to s vyu\u017eit\u00edm narativn\u00edch technik, kter\u00e9 zaujmou i ty, kte\u0159\u00ed jsou s udr\u017eiteln\u00fdmi t\u00e9maty m\u00e9n\u011b...","og_url":"https:\/\/www.green-guidance.eu\/cs\/methodology\/ekologicke-motto-v-zelenem-poradenstvi\/","og_site_name":"Green Guidance","article_modified_time":"2026-03-05T14:57:43+00:00","twitter_card":"summary_large_image","twitter_misc":{"Odhadovan\u00e1 doba \u010dten\u00ed":"3 minuty"},"schema":{"@context":"https:\/\/schema.org","@graph":[{"@type":"WebPage","@id":"https:\/\/www.green-guidance.eu\/cs\/methodology\/ekologicke-motto-v-zelenem-poradenstvi\/","url":"https:\/\/www.green-guidance.eu\/cs\/methodology\/ekologicke-motto-v-zelenem-poradenstvi\/","name":"Ekologick\u00e9 motto v udr\u017eiteln\u00e9m poradenstv\u00ed - Green Guidance","isPartOf":{"@id":"https:\/\/www.green-guidance.eu\/#website"},"datePublished":"2025-06-15T18:03:32+00:00","dateModified":"2026-03-05T14:57:43+00:00","breadcrumb":{"@id":"https:\/\/www.green-guidance.eu\/cs\/methodology\/ekologicke-motto-v-zelenem-poradenstvi\/#breadcrumb"},"inLanguage":"cs","potentialAction":[{"@type":"ReadAction","target":["https:\/\/www.green-guidance.eu\/cs\/methodology\/ekologicke-motto-v-zelenem-poradenstvi\/"]}]},{"@type":"BreadcrumbList","@id":"https:\/\/www.green-guidance.eu\/cs\/methodology\/ekologicke-motto-v-zelenem-poradenstvi\/#breadcrumb","itemListElement":[{"@type":"ListItem","position":1,"name":"Home","item":"https:\/\/www.green-guidance.eu\/"},{"@type":"ListItem","position":2,"name":"Methodologies","item":"https:\/\/www.green-guidance.eu\/methodologies\/"},{"@type":"ListItem","position":3,"name":"Ekologick\u00e9 motto v udr\u017eiteln\u00e9m poradenstv\u00ed"}]},{"@type":"WebSite","@id":"https:\/\/www.green-guidance.eu\/#website","url":"https:\/\/www.green-guidance.eu\/","name":"Green Guidance","description":"Career support for sustainable life choices","publisher":{"@id":"https:\/\/www.green-guidance.eu\/#organization"},"potentialAction":[{"@type":"SearchAction","target":{"@type":"EntryPoint","urlTemplate":"https:\/\/www.green-guidance.eu\/?s={search_term_string}"},"query-input":{"@type":"PropertyValueSpecification","valueRequired":true,"valueName":"search_term_string"}}],"inLanguage":"cs"},{"@type":"Organization","@id":"https:\/\/www.green-guidance.eu\/#organization","name":"Green Guidance","url":"https:\/\/www.green-guidance.eu\/","logo":{"@type":"ImageObject","inLanguage":"cs","@id":"https:\/\/www.green-guidance.eu\/#\/schema\/logo\/image\/","url":"https:\/\/www.green-guidance.eu\/wp-content\/uploads\/2024\/03\/cropped-Green_guidance_logo-01.png","contentUrl":"https:\/\/www.green-guidance.eu\/wp-content\/uploads\/2024\/03\/cropped-Green_guidance_logo-01.png","width":1582,"height":667,"caption":"Green Guidance"},"image":{"@id":"https:\/\/www.green-guidance.eu\/#\/schema\/logo\/image\/"}}]}},"jetpack_sharing_enabled":true,"_links":{"self":[{"href":"https:\/\/www.green-guidance.eu\/cs\/wp-json\/wp\/v2\/methodology\/1902","targetHints":{"allow":["GET"]}}],"collection":[{"href":"https:\/\/www.green-guidance.eu\/cs\/wp-json\/wp\/v2\/methodology"}],"about":[{"href":"https:\/\/www.green-guidance.eu\/cs\/wp-json\/wp\/v2\/types\/methodology"}],"wp:attachment":[{"href":"https:\/\/www.green-guidance.eu\/cs\/wp-json\/wp\/v2\/media?parent=1902"}],"curies":[{"name":"wp","href":"https:\/\/api.w.org\/{rel}","templated":true}]}}