{"id":2918,"date":"2025-09-28T18:09:00","date_gmt":"2025-09-28T18:09:00","guid":{"rendered":"https:\/\/www.green-guidance.eu\/methodology\/questions-et-amorces-de-conversation\/"},"modified":"2026-03-14T20:49:44","modified_gmt":"2026-03-14T20:49:44","slug":"questions-et-amorces-de-conversation","status":"publish","type":"methodology","link":"https:\/\/www.green-guidance.eu\/fr\/methodology\/questions-et-amorces-de-conversation\/","title":{"rendered":"Questions et amorces de conversation"},"content":{"rendered":"\n<h3 class=\"wp-block-heading\">Inspiration pour l&#8217;outil<\/h3>\n\n<p>D\u00e9velopp\u00e9 par l&#8217;usine d&#8217;innovation norv\u00e9gienne.<\/p>\n\n<h3 class=\"wp-block-heading\">Justification : Pourquoi est-ce n\u00e9cessaire ?<\/h3>\n\n<p>Cet ensemble de questions peut \u00eatre utilis\u00e9 lors de la phase de contractualisation du processus d&#8217;orientation pour entamer une conversation autour de la question de la durabilit\u00e9 et pour relier cette question \u00e0 la situation des clients. Bien entendu, il n&#8217;est pas appropri\u00e9 d&#8217;utiliser toutes les questions, mais les praticiens peuvent d\u00e9velopper leur pratique en les posant de mani\u00e8re appropri\u00e9e et naturelle.  <\/p>\n\n<p>Remarque : <strong>Commencer par les questions environnementales n&#8217;est pas toujours le point d&#8217;entr\u00e9e le plus efficace<\/strong> <strong>pour l&#8217;orientation verte<\/strong>. Dans de nombreux cas, les clients sont davantage pr\u00e9occup\u00e9s par des exp\u00e9riences de perte de sens, d&#8217;\u00e9puisement, de surperformance, de pression incessante \u00e0 en faire plus, de \u00ab bullshit jobs \u00bb, d&#8217;in\u00e9galit\u00e9s, de probl\u00e8mes de sant\u00e9 ou d&#8217;exploitation au travail. Ces pr\u00e9occupations peuvent contribuer \u00e0 ouvrir une discussion critique sur les repr\u00e9sentations du travail et servir de passerelles vers des conversations sur la durabilit\u00e9 &#8211; car en fin de compte, toutes ces questions sont li\u00e9es \u00e0 la crise \u00e9cologique plus large. Pour en savoir plus, veuillez consulter le manuel d&#8217;orientation verte.   <\/p>\n\n<h3 class=\"wp-block-heading\">Objectifs<\/h3>\n\n<ul class=\"wp-block-list\">\n<li>Entamer une conversation sur la durabilit\u00e9 dans un processus d&#8217;orientation<\/li>\n\n\n\n<li>Aider les clients \u00e0 relier la question de la durabilit\u00e9 \u00e0 leur situation<\/li>\n<\/ul>\n\n<h3 class=\"wp-block-heading\">Amorces de conversation \/ questions pour discuter de la durabilit\u00e9<\/h3>\n\n<h4 class=\"wp-block-heading\"><strong>L&#8217;avenir du travail et ses transformations<\/strong><\/h4>\n\n<ul class=\"wp-block-list\">\n<li>Vous avez mentionn\u00e9 \u00eatre int\u00e9ress\u00e9 par le domaine de ____. Avez-vous r\u00e9fl\u00e9chi \u00e0 la mani\u00e8re dont cette profession pourrait \u00e9voluer dans un avenir proche ? (Par exemple, en lien avec le d\u00e9veloppement de l&#8217;IA, le changement climatique ou la transition verte ?)  <\/li>\n\n\n\n<li>Des changements majeurs se profilent, port\u00e9s par les avanc\u00e9es technologiques et la transformation \u00e9cologique. Ces \u00e9volutions n\u00e9cessiteront de nouvelles comp\u00e9tences, une remise en question des pratiques de travail et une adaptation dans presque toutes les professions. Qu&#8217;en pensez-vous ?  <\/li>\n\n\n\n<li>Selon vous, quelles sont les principales forces qui fa\u00e7onneront l&#8217;avenir du travail ?<\/li>\n\n\n\n<li>Quelles comp\u00e9tences pensez-vous \u00eatre essentielles pour s&#8217;\u00e9panouir dans le monde du travail de demain ?<\/li>\n\n\n\n<li>Pourquoi pensez-vous que notre g\u00e9n\u00e9ration doit s&#8217;adapter plus fr\u00e9quemment dans sa carri\u00e8re que la g\u00e9n\u00e9ration de nos parents ? Comment pensez-vous que cela \u00e9voluera pour les g\u00e9n\u00e9rations futures ? <\/li>\n\n\n\n<li>Voyez-vous des risques potentiels dans la transformation du travail dus \u00e0 l&#8217;automatisation ou aux contraintes \u00e9cologiques ? Comment les professionnels peuvent-ils s&#8217;y pr\u00e9parer ? <\/li>\n\n\n\n<li>Quel r\u00f4le pensez-vous que les professionnels de l&#8217;orientation professionnelle devraient jouer dans la pr\u00e9paration des individus \u00e0 ces transformations ?<\/li>\n<\/ul>\n\n<h4 class=\"wp-block-heading\"><strong>Opportunit\u00e9s dans la transition verte<\/strong><\/h4>\n\n<ul class=\"wp-block-list\">\n<li>Quelles opportunit\u00e9s de carri\u00e8re voyez-vous \u00e9merger de la transition verte ?<\/li>\n\n\n\n<li>Quelles comp\u00e9tences pensez-vous \u00eatre n\u00e9cessaires pour obtenir un emploi dans l&#8217;\u00e9conomie verte ?<\/li>\n\n\n\n<li>Comment pensez-vous que les opportunit\u00e9s d&#8217;emploi \u00e9volueront en raison de la transition \u00e9cologique ?<\/li>\n\n\n\n<li>Quels types d&#8217;emplois ou de professions pensez-vous susceptibles de dispara\u00eetre, et pourquoi ?<\/li>\n\n\n\n<li>Pouvez-vous nommer des entreprises ou des organisations ax\u00e9es sur la durabilit\u00e9 ? Seriez-vous int\u00e9ress\u00e9 \u00e0 travailler pour elles ? <\/li>\n\n\n\n<li>Comment pourriez-vous \u00e9voluer professionnellement pour devenir un contributeur actif au changement environnemental ?<\/li>\n\n\n\n<li>Quels impacts positifs la transition verte pourrait-elle avoir sur la profession qui vous int\u00e9resse ?<\/li>\n\n\n\n<li>Quels secteurs ou industries pensez-vous \u00eatre \u00e0 l&#8217;avant-garde de la durabilit\u00e9 ? Cela vous int\u00e9resse-t-il ? <\/li>\n\n\n\n<li>Pouvez-vous vous imaginer travailler dans un secteur directement impliqu\u00e9 dans la transition verte ? Quels types de r\u00f4les correspondraient \u00e0 vos comp\u00e9tences et aspirations ? <\/li>\n\n\n\n<li>Quelles nouvelles professions li\u00e9es \u00e0 la durabilit\u00e9 pensez-vous voir \u00e9merger dans les ann\u00e9es \u00e0 venir ? En voyez-vous dans votre domaine ? <\/li>\n<\/ul>\n\n<h4 class=\"wp-block-heading\"><strong>Comprendre la durabilit\u00e9 dans le d\u00e9veloppement de carri\u00e8re<\/strong><\/h4>\n\n<ul class=\"wp-block-list\">\n<li>Que signifient pour vous personnellement la durabilit\u00e9 et la transition verte ?<\/li>\n\n\n\n<li>Quelle importance accordez-vous au fait que votre employeur ou l&#8217;entreprise pour laquelle vous travaillez valorise la durabilit\u00e9 ? Pourquoi ? <\/li>\n\n\n\n<li>Lorsque vous pensez \u00e0 votre avenir professionnel, comment reliez-vous votre impact environnemental \u00e0 votre \u00e9panouissement personnel ?<\/li>\n\n\n\n<li>Pensez-vous qu&#8217;int\u00e9grer la durabilit\u00e9 dans vos choix de carri\u00e8re pourrait vous apporter davantage de sens ou de motivation ?<\/li>\n\n\n\n<li>Y a-t-il des figures inspirantes ou des organisations dans votre domaine qui sont reconnues pour leurs pratiques durables ?<\/li>\n<\/ul>\n\n<h4 class=\"wp-block-heading\"><strong>Engagement personnel en faveur de la durabilit\u00e9<\/strong><\/h4>\n\n<ul class=\"wp-block-list\">\n<li>Comment imaginez-vous contribuer \u00e0 la transition verte dans votre travail ? Quelles petites actions concr\u00e8tes pourriez-vous entreprendre pour rendre vos activit\u00e9s plus respectueuses de l&#8217;environnement ? <\/li>\n\n\n\n<li>Quels changements dans votre secteur ou profession auraient l&#8217;impact le plus positif sur l&#8217;environnement ? Comment pourriez-vous faire partie de ces changements ? <\/li>\n\n\n\n<li>Quelles initiatives \u00ab vertes \u00bb dans votre domaine vous inspirent le plus, et pourquoi ?<\/li>\n\n\n\n<li>Quels aspects de votre vie quotidienne ou de votre emploi actuel refl\u00e8tent d\u00e9j\u00e0 des pratiques durables ? Comment pourriez-vous les renforcer ? <\/li>\n\n\n\n<li>Quelles comp\u00e9tences ou connaissances pensez-vous devoir d\u00e9velopper pour contribuer \u00e0 un monde plus durable dans votre domaine ?<\/li>\n\n\n\n<li>Comment pourriez-vous inspirer vos coll\u00e8gues ou collaborateurs \u00e0 adopter des pratiques plus durables au travail ?<\/li>\n\n\n\n<li>Si vous deviez diriger un projet ax\u00e9 sur la durabilit\u00e9 dans votre lieu de travail, quel serait-il ?<\/li>\n<\/ul>\n\n<h4 class=\"wp-block-heading\"><strong>Valeurs et h\u00e9ritage personnel<\/strong><\/h4>\n\n<ul class=\"wp-block-list\">\n<li>Si cette profession n&#8217;existait pas, qu&#8217;est-ce qui manquerait \u00e0 la soci\u00e9t\u00e9 ?<\/li>\n\n\n\n<li>Quelles sont les valeurs les plus importantes pour vous dans votre carri\u00e8re et votre vie professionnelle ?<\/li>\n\n\n\n<li>Quelles valeurs avez-vous h\u00e9rit\u00e9es (de vos parents, enseignants, mentors) dont vous \u00eates fier ? Quelles valeurs aimeriez-vous transmettre aux g\u00e9n\u00e9rations futures ? <\/li>\n\n\n\n<li>Quel h\u00e9ritage souhaitez-vous laisser derri\u00e8re vous ? Comment aimeriez-vous \u00eatre reconnu pour vos contributions \u00e0 un monde durable ? <\/li>\n\n\n\n<li>Si vous deviez r\u00e9diger une d\u00e9claration de mission personnelle int\u00e9grant la durabilit\u00e9, que dirait-elle ?<\/li>\n<\/ul>\n\n<h4 class=\"wp-block-heading\"><strong>Imaginer un monde plus durable<\/strong><\/h4>\n\n<ul class=\"wp-block-list\">\n<li>Si vous pouviez concevoir votre avenir professionnel id\u00e9al, quel r\u00f4le la durabilit\u00e9 y jouerait-elle ?<\/li>\n\n\n\n<li>Dans votre carri\u00e8re de r\u00eave, quels changements aimeriez-vous voir autour de vous concernant la protection de l&#8217;environnement ou le bien-\u00eatre collectif ?<\/li>\n\n\n\n<li>Imaginez que votre secteur adopte une strat\u00e9gie ax\u00e9e sur la durabilit\u00e9. Comment pourriez-vous vous pr\u00e9parer \u00e0 cette transition ? <\/li>\n\n\n\n<li><em>Imaginez votre profession dans un monde o\u00f9 la durabilit\u00e9 est la norme. Comment pensez-vous que votre r\u00f4le changerait ? <\/em><\/li>\n\n\n\n<li>Quels changements positifs aimeriez-vous voir dans votre secteur au cours des 10 prochaines ann\u00e9es ? Comment pourriez-vous contribuer \u00e0 ces changements ? <\/li>\n\n\n\n<li>Si vous consid\u00e9rez votre carri\u00e8re comme un moyen de laisser un impact positif sur le monde, \u00e0 quoi ressemblerait-elle ? Dans 20 ans, qu&#8217;esp\u00e9rez-vous dire de votre contribution \u00e0 un avenir plus durable ? <\/li>\n\n\n\n<li>Quels petits ou grands changements rendraient votre secteur plus durable ? Comment pourriez-vous jouer un r\u00f4le dans la r\u00e9alisation de ces changements ? <\/li>\n<\/ul>\n\n<h4 class=\"wp-block-heading\"><strong>\u00c9valuer l&#8217;impact d&#8217;une profession sur la plan\u00e8te et la soci\u00e9t\u00e9<\/strong><\/h4>\n\n<ul class=\"wp-block-list\">\n<li>Si vous deviez \u00e9valuer l&#8217;impact environnemental ou social d&#8217;une journ\u00e9e type dans votre emploi, que diriez-vous ?<\/li>\n\n\n\n<li>Quels aspects de votre profession ou secteur devraient \u00e9voluer pour devenir plus responsables sur le plan environnemental ?<\/li>\n\n\n\n<li>Comment pourriez-vous utiliser vos talents ou connaissances pour relever des d\u00e9fis mondiaux tels que le changement climatique ou la justice sociale ?<\/li>\n\n\n\n<li> Si chaque entreprise de votre secteur devait r\u00e9duire son empreinte environnementale de 50 %, qu&#8217;est-ce qui devrait changer ?<\/li>\n<\/ul>\n\n<h4 class=\"wp-block-heading\"><strong>D\u00e9fis mondiaux et r\u00f4le du travail dans la soci\u00e9t\u00e9<\/strong><\/h4>\n\n<ul class=\"wp-block-list\">\n<li>Selon vous, quels sont les plus grands d\u00e9fis auxquels les entreprises sont confront\u00e9es aujourd&#8217;hui ? Qui devrait \u00eatre responsable de les relever ? (par exemple, justice sociale, crise climatique, instabilit\u00e9 \u00e9conomique, etc.)  <\/li>\n\n\n\n<li>Quelles questions mondiales ou soci\u00e9tales vous touchent le plus \u00e9motionnellement ? Quelles injustices ou probl\u00e8mes vous donnent le sentiment de devoir agir ? <\/li>\n\n\n\n<li>Quel type de monde aimeriez-vous contribuer \u00e0 construire pour les g\u00e9n\u00e9rations futures ?<\/li>\n\n\n\n<li>\u00c0 quels d\u00e9fis mondiaux, soci\u00e9taux ou communautaires aimeriez-vous contribuer \u00e0 apporter des solutions ?<\/li>\n\n\n\n<li>Si vous pouviez apporter un changement significatif dans le monde, quel serait-il ?<\/li>\n\n\n\n<li>Quelles opportunit\u00e9s d&#8217;emploi ou id\u00e9es entrepreneuriales correspondent \u00e0 vos aspirations ? Comment pourriez-vous les explorer ? <\/li>\n\n\n\n<li>Consid\u00e9rez-vous votre carri\u00e8re comme un moyen de faire une diff\u00e9rence ? Comment d\u00e9finissez-vous le succ\u00e8s au-del\u00e0 du salaire et du titre de poste ? <\/li>\n<\/ul>\n","protected":false},"excerpt":{"rendered":"<p>Inspiration pour l&#8217;outil D\u00e9velopp\u00e9 par l&#8217;usine d&#8217;innovation norv\u00e9gienne. Justification : Pourquoi est-ce n\u00e9cessaire ? Cet ensemble de questions peut \u00eatre utilis\u00e9 lors de la phase de contractualisation du processus d&#8217;orientation pour entamer une conversation autour de la question de la durabilit\u00e9 et pour relier cette question \u00e0 la situation des clients. Bien entendu, il n&#8217;est pas appropri\u00e9 d&#8217;utiliser toutes les&#8230;<\/p>\n","protected":false},"template":"","meta":{"_acf_changed":false,"_monsterinsights_skip_tracking":false,"_monsterinsights_sitenote_active":false,"_monsterinsights_sitenote_note":"","_monsterinsights_sitenote_category":0,"jetpack_post_was_ever_published":false},"class_list":["post-2918","methodology","type-methodology","status-publish","hentry"],"acf":[],"yoast_head":"<!-- This site is optimized with the Yoast SEO plugin v27.4 - https:\/\/yoast.com\/product\/yoast-seo-wordpress\/ -->\n<title>Questions et amorces de conversation - Green Guidance<\/title>\n<meta name=\"robots\" content=\"index, follow, max-snippet:-1, max-image-preview:large, max-video-preview:-1\" \/>\n<link rel=\"canonical\" href=\"https:\/\/www.green-guidance.eu\/fr\/methodology\/questions-et-amorces-de-conversation\/\" \/>\n<meta property=\"og:locale\" content=\"fr_FR\" \/>\n<meta property=\"og:type\" content=\"article\" \/>\n<meta property=\"og:title\" content=\"Questions et amorces de conversation - Green Guidance\" \/>\n<meta property=\"og:description\" content=\"Inspiration pour l&#8217;outil D\u00e9velopp\u00e9 par l&#8217;usine d&#8217;innovation norv\u00e9gienne. Justification : Pourquoi est-ce n\u00e9cessaire ? Cet ensemble de questions peut \u00eatre utilis\u00e9 lors de la phase de contractualisation du processus d&#8217;orientation pour entamer une conversation autour de la question de la durabilit\u00e9 et pour relier cette question \u00e0 la situation des clients. Bien entendu, il n&#8217;est pas appropri\u00e9 d&#8217;utiliser toutes les...\" \/>\n<meta property=\"og:url\" content=\"https:\/\/www.green-guidance.eu\/fr\/methodology\/questions-et-amorces-de-conversation\/\" \/>\n<meta property=\"og:site_name\" content=\"Green Guidance\" \/>\n<meta property=\"article:modified_time\" content=\"2026-03-14T20:49:44+00:00\" \/>\n<meta name=\"twitter:card\" content=\"summary_large_image\" \/>\n<meta name=\"twitter:label1\" content=\"Dur\u00e9e de lecture estim\u00e9e\" \/>\n\t<meta name=\"twitter:data1\" content=\"6 minutes\" \/>\n<script type=\"application\/ld+json\" class=\"yoast-schema-graph\">{\"@context\":\"https:\\\/\\\/schema.org\",\"@graph\":[{\"@type\":\"WebPage\",\"@id\":\"https:\\\/\\\/www.green-guidance.eu\\\/fr\\\/methodology\\\/questions-et-amorces-de-conversation\\\/\",\"url\":\"https:\\\/\\\/www.green-guidance.eu\\\/fr\\\/methodology\\\/questions-et-amorces-de-conversation\\\/\",\"name\":\"Questions et amorces de conversation - Green Guidance\",\"isPartOf\":{\"@id\":\"https:\\\/\\\/www.green-guidance.eu\\\/#website\"},\"datePublished\":\"2025-09-28T18:09:00+00:00\",\"dateModified\":\"2026-03-14T20:49:44+00:00\",\"breadcrumb\":{\"@id\":\"https:\\\/\\\/www.green-guidance.eu\\\/fr\\\/methodology\\\/questions-et-amorces-de-conversation\\\/#breadcrumb\"},\"inLanguage\":\"fr-FR\",\"potentialAction\":[{\"@type\":\"ReadAction\",\"target\":[\"https:\\\/\\\/www.green-guidance.eu\\\/fr\\\/methodology\\\/questions-et-amorces-de-conversation\\\/\"]}]},{\"@type\":\"BreadcrumbList\",\"@id\":\"https:\\\/\\\/www.green-guidance.eu\\\/fr\\\/methodology\\\/questions-et-amorces-de-conversation\\\/#breadcrumb\",\"itemListElement\":[{\"@type\":\"ListItem\",\"position\":1,\"name\":\"Home\",\"item\":\"https:\\\/\\\/www.green-guidance.eu\\\/\"},{\"@type\":\"ListItem\",\"position\":2,\"name\":\"Methodologies\",\"item\":\"https:\\\/\\\/www.green-guidance.eu\\\/methodologies\\\/\"},{\"@type\":\"ListItem\",\"position\":3,\"name\":\"Questions et amorces de conversation\"}]},{\"@type\":\"WebSite\",\"@id\":\"https:\\\/\\\/www.green-guidance.eu\\\/#website\",\"url\":\"https:\\\/\\\/www.green-guidance.eu\\\/\",\"name\":\"Green Guidance\",\"description\":\"Career support for sustainable life choices\",\"potentialAction\":[{\"@type\":\"SearchAction\",\"target\":{\"@type\":\"EntryPoint\",\"urlTemplate\":\"https:\\\/\\\/www.green-guidance.eu\\\/?s={search_term_string}\"},\"query-input\":{\"@type\":\"PropertyValueSpecification\",\"valueRequired\":true,\"valueName\":\"search_term_string\"}}],\"inLanguage\":\"fr-FR\"}]}<\/script>\n<!-- \/ Yoast SEO plugin. -->","yoast_head_json":{"title":"Questions et amorces de conversation - Green Guidance","robots":{"index":"index","follow":"follow","max-snippet":"max-snippet:-1","max-image-preview":"max-image-preview:large","max-video-preview":"max-video-preview:-1"},"canonical":"https:\/\/www.green-guidance.eu\/fr\/methodology\/questions-et-amorces-de-conversation\/","og_locale":"fr_FR","og_type":"article","og_title":"Questions et amorces de conversation - Green Guidance","og_description":"Inspiration pour l&#8217;outil D\u00e9velopp\u00e9 par l&#8217;usine d&#8217;innovation norv\u00e9gienne. Justification : Pourquoi est-ce n\u00e9cessaire ? Cet ensemble de questions peut \u00eatre utilis\u00e9 lors de la phase de contractualisation du processus d&#8217;orientation pour entamer une conversation autour de la question de la durabilit\u00e9 et pour relier cette question \u00e0 la situation des clients. Bien entendu, il n&#8217;est pas appropri\u00e9 d&#8217;utiliser toutes les...","og_url":"https:\/\/www.green-guidance.eu\/fr\/methodology\/questions-et-amorces-de-conversation\/","og_site_name":"Green Guidance","article_modified_time":"2026-03-14T20:49:44+00:00","twitter_card":"summary_large_image","twitter_misc":{"Dur\u00e9e de lecture estim\u00e9e":"6 minutes"},"schema":{"@context":"https:\/\/schema.org","@graph":[{"@type":"WebPage","@id":"https:\/\/www.green-guidance.eu\/fr\/methodology\/questions-et-amorces-de-conversation\/","url":"https:\/\/www.green-guidance.eu\/fr\/methodology\/questions-et-amorces-de-conversation\/","name":"Questions et amorces de conversation - Green Guidance","isPartOf":{"@id":"https:\/\/www.green-guidance.eu\/#website"},"datePublished":"2025-09-28T18:09:00+00:00","dateModified":"2026-03-14T20:49:44+00:00","breadcrumb":{"@id":"https:\/\/www.green-guidance.eu\/fr\/methodology\/questions-et-amorces-de-conversation\/#breadcrumb"},"inLanguage":"fr-FR","potentialAction":[{"@type":"ReadAction","target":["https:\/\/www.green-guidance.eu\/fr\/methodology\/questions-et-amorces-de-conversation\/"]}]},{"@type":"BreadcrumbList","@id":"https:\/\/www.green-guidance.eu\/fr\/methodology\/questions-et-amorces-de-conversation\/#breadcrumb","itemListElement":[{"@type":"ListItem","position":1,"name":"Home","item":"https:\/\/www.green-guidance.eu\/"},{"@type":"ListItem","position":2,"name":"Methodologies","item":"https:\/\/www.green-guidance.eu\/methodologies\/"},{"@type":"ListItem","position":3,"name":"Questions et amorces de conversation"}]},{"@type":"WebSite","@id":"https:\/\/www.green-guidance.eu\/#website","url":"https:\/\/www.green-guidance.eu\/","name":"Green Guidance","description":"Career support for sustainable life choices","potentialAction":[{"@type":"SearchAction","target":{"@type":"EntryPoint","urlTemplate":"https:\/\/www.green-guidance.eu\/?s={search_term_string}"},"query-input":{"@type":"PropertyValueSpecification","valueRequired":true,"valueName":"search_term_string"}}],"inLanguage":"fr-FR"}]}},"jetpack_sharing_enabled":true,"_links":{"self":[{"href":"https:\/\/www.green-guidance.eu\/fr\/wp-json\/wp\/v2\/methodology\/2918","targetHints":{"allow":["GET"]}}],"collection":[{"href":"https:\/\/www.green-guidance.eu\/fr\/wp-json\/wp\/v2\/methodology"}],"about":[{"href":"https:\/\/www.green-guidance.eu\/fr\/wp-json\/wp\/v2\/types\/methodology"}],"wp:attachment":[{"href":"https:\/\/www.green-guidance.eu\/fr\/wp-json\/wp\/v2\/media?parent=2918"}],"curies":[{"name":"wp","href":"https:\/\/api.w.org\/{rel}","templated":true}]}}