{"id":2967,"date":"2025-06-15T18:29:24","date_gmt":"2025-06-15T18:29:24","guid":{"rendered":"https:\/\/www.green-guidance.eu\/methodology\/defis-mondiaux-et-carriere-porteuse-de-sens\/"},"modified":"2026-03-14T20:55:19","modified_gmt":"2026-03-14T20:55:19","slug":"defis-mondiaux-et-carriere-porteuse-de-sens","status":"publish","type":"methodology","link":"https:\/\/www.green-guidance.eu\/fr\/methodology\/defis-mondiaux-et-carriere-porteuse-de-sens\/","title":{"rendered":"D\u00e9fis mondiaux et carri\u00e8re porteuse de sens"},"content":{"rendered":"\n<p>L\u2019activit\u00e9 vise \u00e0 aider les individus \u00e0 d\u00e9finir des id\u00e9es de carri\u00e8re porteuses de sens, en lien avec leurs valeurs personnelles et les d\u00e9fis mondiaux. Dans un premier temps, les participants r\u00e9fl\u00e9chissent aux probl\u00e8mes mondiaux qui les pr\u00e9occupent, imaginent un monde id\u00e9al o\u00f9 ces probl\u00e8mes seraient r\u00e9solus, puis cherchent des moyens concrets de contribuer \u00e0 leur r\u00e9solution. L\u2019approche met l\u2019accent sur des \u00e9tapes de changement pratiques et r\u00e9alisables, en tenant compte des forces, des comp\u00e9tences et des r\u00e9seaux sociaux de l\u2019individu, tout en maintenant un environnement de discussion constructif et optimiste.  <\/p>\n\n<h3 class=\"wp-block-heading\">Inspiration pour l\u2019outil<\/h3>\n\n<p>Atelier de Helena Ko\u0161t\u00e1lov\u00e1 (la question : qu\u2019est-ce qui vous d\u00e9range, vous met en col\u00e8re dans le monde ?) <a href=\"https:\/\/www.youtube.com\/watch?v=nZsLzKFAjrY\">Conseil d\u2019orientation \u00ab verte \u00bb : March\u00e9 du travail<\/a><\/p>\n\n<h3 class=\"wp-block-heading\"><strong>Justification : Pourquoi est-ce n\u00e9cessaire ?<\/strong><\/h3>\n\n<p>Pour maintenir la motivation et l\u2019engagement (pas seulement pour les g\u00e9n\u00e9rations qui entrent actuellement sur le march\u00e9 du travail), il est important que leur activit\u00e9 professionnelle leur donne un sentiment de finalit\u00e9. Cependant, ils ont souvent du mal \u00e0 exprimer ce qui donne du sens \u00e0 leur travail. R\u00e9fl\u00e9chir aux probl\u00e8mes mondiaux qui les touchent peut les y aider. Un travail qui a du sens contribue souvent \u00e0 am\u00e9liorer la vie d\u2019autrui et de la soci\u00e9t\u00e9 dans son ensemble. La recherche d\u2019une carri\u00e8re porteuse de sens m\u00e8ne \u00e0 une vie meilleure et plus \u00e9panouissante pour les individus, tout en contribuant \u00e0 b\u00e2tir une soci\u00e9t\u00e9 plus prosp\u00e8re et responsable.    <\/p>\n\n<h3 class=\"wp-block-heading\">Objectifs<\/h3>\n\n<p>\u00c0 la fin de la s\u00e9ance, le participant pourra :<\/p>\n\n<ul class=\"wp-block-list\">\n<li>d\u00e9finir une carri\u00e8re porteuse de sens li\u00e9e \u00e0 ses propres besoins et \u00e0 ceux du monde<\/li>\n\n\n\n<li>d\u00e9finir les comp\u00e9tences qui l\u2019aideront \u00e0 contribuer \u00e0 la r\u00e9solution des probl\u00e8mes mondiaux<\/li>\n\n\n\n<li>d\u00e9finir des objectifs et des \u00e9tapes sp\u00e9cifiques qu\u2019il entreprendra pour contribuer \u00e0 la r\u00e9solution des probl\u00e8mes mondiaux.<\/li>\n\n\n\n<li>cr\u00e9er une vision partag\u00e9e pour un monde meilleur<\/li>\n<\/ul>\n\n<p><\/p>\n\n<h3 class=\"wp-block-heading\">Ressources n\u00e9cessaires<\/h3>\n\n<ul class=\"wp-block-list\">\n<li>Papier, stylos<\/li>\n\n\n\n<li>Cartes\/images\/objets pour r\u00e9aliser un collage (en cas d\u2019activit\u00e9 de groupe)<\/li>\n\n\n\n<li>Activit\u00e9s<\/li>\n<\/ul>\n\n<p><\/p>\n\n<h3 class=\"wp-block-heading\">Activit\u00e9s<\/h3>\n\n<p>De nombreux clients expriment le d\u00e9sir de trouver un travail porteur de sens au d\u00e9but ou au cours d\u2019un conseil d\u2019orientation. Cependant, ils ont souvent du mal \u00e0 d\u00e9finir ce que \u00ab porteur de sens \u00bb signifie r\u00e9ellement pour eux. Dans certains cas, ils ne l\u2019expriment qu\u2019en termes vagues (par exemple, \u00ab aider les gens \u00bb). Une fa\u00e7on d\u2019approfondir cette r\u00e9flexion est d\u2019explorer les probl\u00e8mes mondiaux qui leur tiennent \u00e0 c\u0153ur et d\u2019identifier comment ils pourraient contribuer \u00e0 les r\u00e9soudre \u00e0 travers leur carri\u00e8re.   <\/p>\n\n<p>Cette activit\u00e9 aide les clients ou les \u00e9tudiants \u00e0 clarifier leur sentiment de finalit\u00e9 en le reliant \u00e0 des enjeux mondiaux ou locaux \u2014 \u00e9cologiques ou sociaux \u2014 et en imaginant leur r\u00f4le pour faire la diff\u00e9rence.<\/p>\n\n<p><strong>\u00c9tape 1 \u2013 Mise en contexte<\/strong><br\/>L\u2019animateur explique que l\u2019objectif de l\u2019activit\u00e9 est d\u2019explorer un parcours professionnel porteur de sens en r\u00e9fl\u00e9chissant aux d\u00e9fis mondiaux et aux opportunit\u00e9s de contribuer \u00e0 la durabilit\u00e9. L\u2019accent n\u2019est pas seulement mis sur les questions \u00e9cologiques, mais aussi sur des th\u00e8mes sociaux plus larges, selon ce qui importe le plus \u00e0 chaque participant. <\/p>\n\n<p><strong>\u00c9tape 2 \u2013 R\u00e9flexion personnelle et discussion<\/strong><br\/>Les participants r\u00e9pondent aux questions suivantes de mani\u00e8re autonome, puis en discutent avec l\u2019animateur ou en groupe :<\/p>\n\n<ul class=\"wp-block-list\">\n<li>Selon vous, qu\u2019est-ce qui fonctionne bien dans le monde d\u2019aujourd\u2019hui ? De quoi \u00eates-vous reconnaissant ? <br\/><em>(Les clients peuvent r\u00e9fl\u00e9chir \u00e0 n\u2019importe quel niveau : le monde, leur pays, leur r\u00e9gion ou leur communaut\u00e9.)<\/em><\/li>\n\n\n\n<li>Quels probl\u00e8mes du monde actuel vous mettent en col\u00e8re, vous contrarient ou vous mettent mal \u00e0 l\u2019aise ?<\/li>\n\n\n\n<li>Quel genre de monde souhaiteriez-vous pour la prochaine g\u00e9n\u00e9ration \u2014 vos enfants, votre famille ou les g\u00e9n\u00e9rations futures ?<\/li>\n\n\n\n<li>Qu\u2019est-ce qui vous manque dans le monde d\u2019aujourd\u2019hui ? Selon vous, de quoi y a-t-il un exc\u00e8s ? <\/li>\n<\/ul>\n\n<p>Les participants sont invit\u00e9s \u00e0 noter leurs r\u00e9ponses de la mani\u00e8re la plus pr\u00e9cise possible \u2014 pas seulement en nommant les probl\u00e8mes, mais en d\u00e9crivant leurs causes et leurs effets.<\/p>\n\n<p><strong>Exemples :<\/strong><\/p>\n\n<p><em>Th\u00e8me :<\/em> In\u00e9galit\u00e9s sociales<br\/><em>Manifestation :<\/em> Annonces d\u2019emploi ax\u00e9es sur des \u00ab \u00e9quipes jeunes et dynamiques \u00bb<br\/><em>Cons\u00e9quences :<\/em> Discrimination \u00e0 l\u2019encontre des demandeurs d\u2019emploi plus \u00e2g\u00e9s ; in\u00e9galit\u00e9 d\u2019acc\u00e8s au march\u00e9 du travail fond\u00e9e sur l\u2019\u00e2ge, le sexe, la race, etc.<\/p>\n\n<p><em>Th\u00e8me :<\/em> \u00c9co-blanchiment (Greenwashing)<br\/><em>Manifestation :<\/em> Une entreprise se pr\u00e9sente comme \u00e9coresponsable, mais privil\u00e9gie en pratique la r\u00e9duction des co\u00fbts au d\u00e9triment de la durabilit\u00e9<br\/><em>Cons\u00e9quences :<\/em> Les employ\u00e9s se sentent d\u00e9connect\u00e9s ou pouss\u00e9s \u00e0 agir contre leurs valeurs (ex. : production de d\u00e9chets, tromperie des clients, utilisation excessive des ressources)<\/p>\n\n<p><strong>\u00c9tape 3 \u2013 Optionnel : Nommer le d\u00e9fi<\/strong><br\/>Les participants choisissent un probl\u00e8me qui est particuli\u00e8rement important pour eux, lui donnent un nom court (2 \u00e0 3 mots) et d\u00e9crivent ses impacts de mani\u00e8re br\u00e8ve et claire.<br\/>L\u2019animateur veille \u00e0 ce que la discussion reste constructive, en \u00e9vitant le pessimisme excessif ou l\u2019\u00e9co-anxi\u00e9t\u00e9.<\/p>\n\n<p><strong>\u00c9tape 4 \u2013 Optionnel : Imaginer un futur id\u00e9al<\/strong><br\/>Les participants imaginent \u00e0 quoi ressemblerait le monde si ce probl\u00e8me \u00e9tait r\u00e9solu \u2014 en mettant de c\u00f4t\u00e9 les limites actuelles telles que l\u2019argent, la politique ou les contraintes sociales. Ils peuvent r\u00e9diger une courte description ou une histoire sur ce \u00e0 quoi ressemblerait une journ\u00e9e dans ce monde id\u00e9al.<br\/>Dans les versions de groupe de l\u2019activit\u00e9, ces histoires peuvent \u00eatre partag\u00e9es et illustr\u00e9es collectivement, par exemple en cr\u00e9ant un collage en personne ou en ligne. <\/p>\n\n<p><strong>\u00c9tape 5 \u2013 De la r\u00e9flexion \u00e0 l\u2019action<\/strong><br\/>Les participants r\u00e9fl\u00e9chissent \u00e0 la mani\u00e8re dont ils pourraient contribuer \u00e0 r\u00e9soudre le probl\u00e8me choisi dans leur vie personnelle ou professionnelle. Cela pourrait se faire par le biais d\u2019un nouveau projet, de l\u2019\u00e9cologisation d\u2019une activit\u00e9 actuelle ou de l\u2019adh\u00e9sion \u00e0 une initiative. <\/p>\n\n<p>Ils sont encourag\u00e9s \u00e0 identifier des \u00e9tapes modestes et r\u00e9alistes plut\u00f4t que des changements radicaux.<\/p>\n\n<p>L\u2019animateur peut aider \u00e0 r\u00e9duire la pression en soulignant le pouvoir de l\u2019action collective et en demandant :<br\/><em>Qui d\u2019autre pourrait aider ? Quel groupe, organisation ou mouvement travaille d\u00e9j\u00e0 sur cette question ? <\/em><\/p>\n\n<p>En groupe, les participants peuvent \u00e9galement utiliser des objets naturels pour cr\u00e9er une installation collective silencieuse, renfor\u00e7ant ainsi le sentiment de responsabilit\u00e9 partag\u00e9e et le potentiel d\u2019impact collectif.<\/p>\n\n<p><strong>Exemples :<\/strong><\/p>\n\n<ul class=\"wp-block-list\">\n<li><em>Probl\u00e8me :<\/em> Impressions excessives au travail<br\/><em>Action :<\/em> Identifier quels documents doivent \u00eatre imprim\u00e9s et lesquels peuvent \u00eatre archiv\u00e9s num\u00e9riquement<\/li>\n\n\n\n<li><em>Probl\u00e8me :<\/em> L\u2019orientation professionnelle aborde rarement les questions \u00e9cologiques<br\/><em>Action :<\/em> Un professionnel du d\u00e9veloppement de carri\u00e8re choisit d\u2019introduire le th\u00e8me des emplois verts dans ses s\u00e9ances<\/li>\n<\/ul>\n\n<p><\/p>\n\n<p><strong>\u00c9tape 6 \u2013 Identifier les forces et les ressources<\/strong><br\/>Les participants \u00e9num\u00e8rent les comp\u00e9tences, les forces, les exp\u00e9riences ou les r\u00e9seaux qu\u2019ils peuvent utiliser pour contribuer \u00e0 la r\u00e9solution du probl\u00e8me choisi.<\/p>\n\n<p><strong>Exemple :<\/strong><br\/>Une personne ayant de solides comp\u00e9tences organisationnelles et le sens du d\u00e9tail con\u00e7oit un syst\u00e8me de dossiers num\u00e9riques pour r\u00e9duire les impressions, puis le pr\u00e9sente \u00e0 son responsable.<\/p>\n\n<p><strong>\u00c9tape 7 \u2013 D\u00e9finir un objectif et un plan d\u2019action<\/strong><br\/>Les participants formulent un objectif concret dans ce domaine :<br\/>Que veulent-ils accomplir, d\u2019ici quand, et avec quel impact escompt\u00e9 ?<\/p>\n\n<p>Ils peuvent ensuite d\u00e9composer cet objectif en \u00e9tapes plus petites et \u00e9laborer un plan d\u2019action.<\/p>\n\n<p><strong>Exemple :<\/strong><\/p>\n\n<p><em>Objectif :<\/em> D\u2019ici 12 mois, r\u00e9duire les impressions de l\u2019entreprise de 50 % en introduisant un nouveau syst\u00e8me de gestion documentaire.<\/p>\n\n<p><em>\u00c9tapes :<\/em><\/p>\n\n<ol class=\"wp-block-list\">\n<li>Discuter avec des coll\u00e8gues qui soutiennent l\u2019id\u00e9e et cr\u00e9er une dynamique<\/li>\n\n\n\n<li>R\u00e9diger une proposition de base pour le syst\u00e8me d\u2019archivage, en identifiant les obstacles et les objections possibles<\/li>\n\n\n\n<li>Pr\u00e9senter l\u2019id\u00e9e au responsable d\u2019\u00e9quipe<\/li>\n\n\n\n<li>Piloter le syst\u00e8me dans leur d\u00e9partement<\/li>\n\n\n\n<li>En cas de succ\u00e8s, pr\u00e9senter les r\u00e9sultats et proposer l\u2019extension \u00e0 la direction sup\u00e9rieure<\/li>\n<\/ol>\n\n<p><\/p>\n\n<h3 class=\"wp-block-heading\"><strong>R\u00e9flexions\/Consolidation des acquis<\/strong><\/h3>\n\n<p>R\u00e9flexion et partage des r\u00e9ponses aux questions :<\/p>\n\n<ul class=\"wp-block-list\">\n<li>Que vous a apport\u00e9 cette activit\u00e9 ?<\/li>\n\n\n\n<li>Comment voyez-vous maintenant le lien entre les probl\u00e8mes mondiaux et votre carri\u00e8re ?<\/li>\n\n\n\n<li>De quoi avez-vous pris conscience ? Quels liens avez-vous \u00e9tablis ? <\/li>\n\n\n\n<li>Qu&#8217;auriez-vous encore besoin d&#8217;explorer ?<\/li>\n<\/ul>\n","protected":false},"excerpt":{"rendered":"<p>L\u2019activit\u00e9 vise \u00e0 aider les individus \u00e0 d\u00e9finir des id\u00e9es de carri\u00e8re porteuses de sens, en lien avec leurs valeurs personnelles et les d\u00e9fis mondiaux. Dans un premier temps, les participants r\u00e9fl\u00e9chissent aux probl\u00e8mes mondiaux qui les pr\u00e9occupent, imaginent un monde id\u00e9al o\u00f9 ces probl\u00e8mes seraient r\u00e9solus, puis cherchent des moyens concrets de contribuer \u00e0 leur r\u00e9solution. L\u2019approche met l\u2019accent&#8230;<\/p>\n","protected":false},"template":"","meta":{"_acf_changed":false,"_monsterinsights_skip_tracking":false,"_monsterinsights_sitenote_active":false,"_monsterinsights_sitenote_note":"","_monsterinsights_sitenote_category":0,"jetpack_post_was_ever_published":false},"class_list":["post-2967","methodology","type-methodology","status-publish","hentry"],"acf":[],"yoast_head":"<!-- This site is optimized with the Yoast SEO plugin v27.4 - https:\/\/yoast.com\/product\/yoast-seo-wordpress\/ -->\n<title>D\u00e9fis mondiaux et carri\u00e8re porteuse de sens - Green Guidance<\/title>\n<meta name=\"robots\" content=\"index, follow, max-snippet:-1, max-image-preview:large, max-video-preview:-1\" \/>\n<link rel=\"canonical\" href=\"https:\/\/www.green-guidance.eu\/fr\/methodology\/defis-mondiaux-et-carriere-porteuse-de-sens\/\" \/>\n<meta property=\"og:locale\" content=\"fr_FR\" \/>\n<meta property=\"og:type\" content=\"article\" \/>\n<meta property=\"og:title\" content=\"D\u00e9fis mondiaux et carri\u00e8re porteuse de sens - Green Guidance\" \/>\n<meta property=\"og:description\" content=\"L\u2019activit\u00e9 vise \u00e0 aider les individus \u00e0 d\u00e9finir des id\u00e9es de carri\u00e8re porteuses de sens, en lien avec leurs valeurs personnelles et les d\u00e9fis mondiaux. Dans un premier temps, les participants r\u00e9fl\u00e9chissent aux probl\u00e8mes mondiaux qui les pr\u00e9occupent, imaginent un monde id\u00e9al o\u00f9 ces probl\u00e8mes seraient r\u00e9solus, puis cherchent des moyens concrets de contribuer \u00e0 leur r\u00e9solution. L\u2019approche met l\u2019accent...\" \/>\n<meta property=\"og:url\" content=\"https:\/\/www.green-guidance.eu\/fr\/methodology\/defis-mondiaux-et-carriere-porteuse-de-sens\/\" \/>\n<meta property=\"og:site_name\" content=\"Green Guidance\" \/>\n<meta property=\"article:modified_time\" content=\"2026-03-14T20:55:19+00:00\" \/>\n<meta name=\"twitter:card\" content=\"summary_large_image\" \/>\n<meta name=\"twitter:label1\" content=\"Dur\u00e9e de lecture estim\u00e9e\" \/>\n\t<meta name=\"twitter:data1\" content=\"7 minutes\" \/>\n<script type=\"application\/ld+json\" class=\"yoast-schema-graph\">{\"@context\":\"https:\\\/\\\/schema.org\",\"@graph\":[{\"@type\":\"WebPage\",\"@id\":\"https:\\\/\\\/www.green-guidance.eu\\\/fr\\\/methodology\\\/defis-mondiaux-et-carriere-porteuse-de-sens\\\/\",\"url\":\"https:\\\/\\\/www.green-guidance.eu\\\/fr\\\/methodology\\\/defis-mondiaux-et-carriere-porteuse-de-sens\\\/\",\"name\":\"D\u00e9fis mondiaux et carri\u00e8re porteuse de sens - Green Guidance\",\"isPartOf\":{\"@id\":\"https:\\\/\\\/www.green-guidance.eu\\\/#website\"},\"datePublished\":\"2025-06-15T18:29:24+00:00\",\"dateModified\":\"2026-03-14T20:55:19+00:00\",\"breadcrumb\":{\"@id\":\"https:\\\/\\\/www.green-guidance.eu\\\/fr\\\/methodology\\\/defis-mondiaux-et-carriere-porteuse-de-sens\\\/#breadcrumb\"},\"inLanguage\":\"fr-FR\",\"potentialAction\":[{\"@type\":\"ReadAction\",\"target\":[\"https:\\\/\\\/www.green-guidance.eu\\\/fr\\\/methodology\\\/defis-mondiaux-et-carriere-porteuse-de-sens\\\/\"]}]},{\"@type\":\"BreadcrumbList\",\"@id\":\"https:\\\/\\\/www.green-guidance.eu\\\/fr\\\/methodology\\\/defis-mondiaux-et-carriere-porteuse-de-sens\\\/#breadcrumb\",\"itemListElement\":[{\"@type\":\"ListItem\",\"position\":1,\"name\":\"Home\",\"item\":\"https:\\\/\\\/www.green-guidance.eu\\\/\"},{\"@type\":\"ListItem\",\"position\":2,\"name\":\"Methodologies\",\"item\":\"https:\\\/\\\/www.green-guidance.eu\\\/methodologies\\\/\"},{\"@type\":\"ListItem\",\"position\":3,\"name\":\"D\u00e9fis mondiaux et carri\u00e8re porteuse de sens\"}]},{\"@type\":\"WebSite\",\"@id\":\"https:\\\/\\\/www.green-guidance.eu\\\/#website\",\"url\":\"https:\\\/\\\/www.green-guidance.eu\\\/\",\"name\":\"Green Guidance\",\"description\":\"Career support for sustainable life choices\",\"potentialAction\":[{\"@type\":\"SearchAction\",\"target\":{\"@type\":\"EntryPoint\",\"urlTemplate\":\"https:\\\/\\\/www.green-guidance.eu\\\/?s={search_term_string}\"},\"query-input\":{\"@type\":\"PropertyValueSpecification\",\"valueRequired\":true,\"valueName\":\"search_term_string\"}}],\"inLanguage\":\"fr-FR\"}]}<\/script>\n<!-- \/ Yoast SEO plugin. -->","yoast_head_json":{"title":"D\u00e9fis mondiaux et carri\u00e8re porteuse de sens - Green Guidance","robots":{"index":"index","follow":"follow","max-snippet":"max-snippet:-1","max-image-preview":"max-image-preview:large","max-video-preview":"max-video-preview:-1"},"canonical":"https:\/\/www.green-guidance.eu\/fr\/methodology\/defis-mondiaux-et-carriere-porteuse-de-sens\/","og_locale":"fr_FR","og_type":"article","og_title":"D\u00e9fis mondiaux et carri\u00e8re porteuse de sens - Green Guidance","og_description":"L\u2019activit\u00e9 vise \u00e0 aider les individus \u00e0 d\u00e9finir des id\u00e9es de carri\u00e8re porteuses de sens, en lien avec leurs valeurs personnelles et les d\u00e9fis mondiaux. Dans un premier temps, les participants r\u00e9fl\u00e9chissent aux probl\u00e8mes mondiaux qui les pr\u00e9occupent, imaginent un monde id\u00e9al o\u00f9 ces probl\u00e8mes seraient r\u00e9solus, puis cherchent des moyens concrets de contribuer \u00e0 leur r\u00e9solution. L\u2019approche met l\u2019accent...","og_url":"https:\/\/www.green-guidance.eu\/fr\/methodology\/defis-mondiaux-et-carriere-porteuse-de-sens\/","og_site_name":"Green Guidance","article_modified_time":"2026-03-14T20:55:19+00:00","twitter_card":"summary_large_image","twitter_misc":{"Dur\u00e9e de lecture estim\u00e9e":"7 minutes"},"schema":{"@context":"https:\/\/schema.org","@graph":[{"@type":"WebPage","@id":"https:\/\/www.green-guidance.eu\/fr\/methodology\/defis-mondiaux-et-carriere-porteuse-de-sens\/","url":"https:\/\/www.green-guidance.eu\/fr\/methodology\/defis-mondiaux-et-carriere-porteuse-de-sens\/","name":"D\u00e9fis mondiaux et carri\u00e8re porteuse de sens - Green Guidance","isPartOf":{"@id":"https:\/\/www.green-guidance.eu\/#website"},"datePublished":"2025-06-15T18:29:24+00:00","dateModified":"2026-03-14T20:55:19+00:00","breadcrumb":{"@id":"https:\/\/www.green-guidance.eu\/fr\/methodology\/defis-mondiaux-et-carriere-porteuse-de-sens\/#breadcrumb"},"inLanguage":"fr-FR","potentialAction":[{"@type":"ReadAction","target":["https:\/\/www.green-guidance.eu\/fr\/methodology\/defis-mondiaux-et-carriere-porteuse-de-sens\/"]}]},{"@type":"BreadcrumbList","@id":"https:\/\/www.green-guidance.eu\/fr\/methodology\/defis-mondiaux-et-carriere-porteuse-de-sens\/#breadcrumb","itemListElement":[{"@type":"ListItem","position":1,"name":"Home","item":"https:\/\/www.green-guidance.eu\/"},{"@type":"ListItem","position":2,"name":"Methodologies","item":"https:\/\/www.green-guidance.eu\/methodologies\/"},{"@type":"ListItem","position":3,"name":"D\u00e9fis mondiaux et carri\u00e8re porteuse de sens"}]},{"@type":"WebSite","@id":"https:\/\/www.green-guidance.eu\/#website","url":"https:\/\/www.green-guidance.eu\/","name":"Green Guidance","description":"Career support for sustainable life choices","potentialAction":[{"@type":"SearchAction","target":{"@type":"EntryPoint","urlTemplate":"https:\/\/www.green-guidance.eu\/?s={search_term_string}"},"query-input":{"@type":"PropertyValueSpecification","valueRequired":true,"valueName":"search_term_string"}}],"inLanguage":"fr-FR"}]}},"jetpack_sharing_enabled":true,"_links":{"self":[{"href":"https:\/\/www.green-guidance.eu\/fr\/wp-json\/wp\/v2\/methodology\/2967","targetHints":{"allow":["GET"]}}],"collection":[{"href":"https:\/\/www.green-guidance.eu\/fr\/wp-json\/wp\/v2\/methodology"}],"about":[{"href":"https:\/\/www.green-guidance.eu\/fr\/wp-json\/wp\/v2\/types\/methodology"}],"wp:attachment":[{"href":"https:\/\/www.green-guidance.eu\/fr\/wp-json\/wp\/v2\/media?parent=2967"}],"curies":[{"name":"wp","href":"https:\/\/api.w.org\/{rel}","templated":true}]}}