{"id":2990,"date":"2026-03-17T13:10:12","date_gmt":"2026-03-17T13:10:12","guid":{"rendered":"https:\/\/www.green-guidance.eu\/?post_type=methodology&#038;p=2990"},"modified":"2026-03-17T13:13:50","modified_gmt":"2026-03-17T13:13:50","slug":"fleur-davenir-soutenable","status":"publish","type":"methodology","link":"https:\/\/www.green-guidance.eu\/fr\/methodology\/fleur-davenir-soutenable\/","title":{"rendered":"Fleur d\u2019avenir soutenable"},"content":{"rendered":"\n<h3 class=\"wp-block-heading\">Inspiration pour l\u2019outil<\/h3>\n\n\n\n<p><a href=\"https:\/\/andrechauvetconseil.fr\/\">Andr\u00e9 Chauvet<\/a>, du <a href=\"https:\/\/lab-greenguidance.fr\/\">Lab Green Guidance<\/a><\/p>\n\n\n\n<h3 class=\"wp-block-heading\">Introduction <\/h3>\n\n\n\n<div class=\"wp-block-group\"><div class=\"wp-block-group__inner-container is-layout-constrained wp-block-group-is-layout-constrained\">\n<p>Face aux crises \u00e9cologiques et sociales, de nombreuses personnes, jeunes comme adultes, ressentent un m\u00e9lange d\u2019inqui\u00e9tude, d\u2019impuissance ou de culpabilit\u00e9. Dans le domaine de l\u2019accompagnement, ces questions apparaissent souvent sous la forme d\u2019une interrogation sur le sens du travail et sur l\u2019impact des choix professionnels sur le monde. Cependant, ces r\u00e9flexions peuvent rester abstraites ou paralysantes si elles ne sont pas accompagn\u00e9es d\u2019un espace pour identifier des actions concr\u00e8tes et accessibles.<\/p>\n\n\n\n<p>Cette activit\u00e9 propose un cadre simple pour amorcer collectivement la r\u00e9flexion sur les impacts du travail et du mode de vie sur l\u2019environnement et la soci\u00e9t\u00e9, tout en identifiant de petites actions possibles pour contribuer \u00e0 un monde plus soutenable. Elle permet de d\u00e9passer une vision purement individuelle et de mettre en \u00e9vidence diff\u00e9rentes formes d\u2019engagement : apprendre, soutenir, changer ou cr\u00e9er.<\/p>\n<\/div><\/div>\n\n\n\n<h3 class=\"wp-block-heading\">Objectifs<\/h3>\n\n\n\n<p>\u00c0 la fin de l\u2019activit\u00e9, les participants seront en mesure de:<\/p>\n\n\n\n<ul class=\"wp-block-list\">\n<li>observer et pr\u00e9ciser les impacts environnementaux et sociaux du travail et des modes de vie<\/li>\n\n\n\n<li>identifier des actions concr\u00e8tes pour contribuer \u00e0 une soci\u00e9t\u00e9 plus soutenable<\/li>\n\n\n\n<li>explorer diff\u00e9rentes formes d\u2019engagement (individuelles et collectives)<\/li>\n\n\n\n<li>renforcer leur sentiment de pouvoir agir \u00e0 leur \u00e9chelle.<\/li>\n<\/ul>\n\n\n\n<h3 class=\"wp-block-heading\">Ressources n\u00e9cessaires<\/h3>\n\n\n\n<ul class=\"wp-block-list\">\n<li>feuilles A3 ou paperboard<\/li>\n\n\n\n<li>feutres ou stylos<\/li>\n\n\n\n<li>\u00e9ventuellement des post-it<\/li>\n\n\n\n<li>dessiner le sch\u00e9ma sur un tableau blanc \/ paperboard, ex. en fran\u00e7ais ci-dessous:<\/li>\n<\/ul>\n\n\n<div class=\"wp-block-image\">\n<figure class=\"aligncenter size-full is-resized\"><img fetchpriority=\"high\" decoding=\"async\" width=\"667\" height=\"631\" src=\"https:\/\/www.green-guidance.eu\/wp-content\/uploads\/2026\/03\/Fleur-avenir-soutenable-FR.png\" alt=\"\" class=\"wp-image-2999\" style=\"width:471px;height:auto\" srcset=\"https:\/\/www.green-guidance.eu\/wp-content\/uploads\/2026\/03\/Fleur-avenir-soutenable-FR.png 667w, https:\/\/www.green-guidance.eu\/wp-content\/uploads\/2026\/03\/Fleur-avenir-soutenable-FR-300x284.png 300w\" sizes=\"(max-width: 667px) 100vw, 667px\" \/><\/figure>\n<\/div>\n\n\n<p><br>Mod\u00e8le de r\u00e9flexion propos\u00e9 :<\/p>\n\n\n\n<figure class=\"wp-block-table\"><table class=\"has-fixed-layout\"><tbody><tr><td><strong>Explorer<\/strong><\/td><td><strong>Apprendre<\/strong><\/td><td><strong>Soutenir<\/strong><\/td><td><strong>Changer<\/strong><\/td><td><strong>Cr\u00e9er<\/strong><\/td><\/tr><tr><td>Que puis-je observer ou explorer concernant les impacts de mon travail ou de mon mode de vie ?<\/td><td>Que puis-je apprendre ou chercher \u00e0 mieux comprendre ?<\/td><td>Que (Qui\u00a0?) puis-je soutenir ?<\/td><td>Que puis-je changer dans ma vie ou dans mon travail ?<\/td><td><br>Que puis-je cr\u00e9er ou initier ?<\/td><\/tr><\/tbody><\/table><\/figure>\n\n\n\n<h3 class=\"wp-block-heading\">Activit\u00e9s<\/h3>\n\n\n\n<p><strong>1. Introduction<\/strong><\/p>\n\n\n\n<p>L\u2019animateurice introduit l\u2019activit\u00e9 en rappelant que de nombreuses personnes souhaitent aujourd\u2019hui contribuer \u00e0 une soci\u00e9t\u00e9 plus soutenable, mais ne savent pas toujours <strong>par o\u00f9 commencer<\/strong>. L\u2019objectif de l\u2019activit\u00e9 est d\u2019identifier <strong>des petites actions possibles<\/strong>, \u00e0 diff\u00e9rentes \u00e9chelles, qui peuvent contribuer \u00e0 un mode de vie et \u00e0 une activit\u00e9 professionnelle plus align\u00e9s avec les enjeux \u00e9cologiques et sociaux.<\/p>\n\n\n\n<p>Vous pouvez introduire la r\u00e9flexion avec la citation suivante :<\/p>\n\n\n\n<blockquote class=\"wp-block-quote is-layout-flow wp-block-quote-is-layout-flow\">\n<p>\u201c<em><em>Ce que vous faites fait une diff\u00e9rence, et vous devez d\u00e9cider quel type de diff\u00e9rence vous voulez faire<\/em>\u201d<\/em> <strong>Jane Goodall<\/strong>, scientifique et activiste<\/p>\n<\/blockquote>\n\n\n\n<p><strong>2. <strong>R\u00e9flexion individuelle ou en petits groupes<\/strong><\/strong><\/p>\n\n\n\n<p>Pr\u00e9sentez le sch\u00e9ma de r\u00e9flexion (\u00e9ventuellement dessin\u00e9 sur un tableau\/paperboard) et invitez les participants \u00e0 r\u00e9fl\u00e9chir aux diff\u00e9rentes cat\u00e9gories d\u2019action. Expliquez qu\u2019il ne s\u2019agit pas de trouver des solutions parfaites ou radicales, mais d\u2019identifier <strong>des pistes r\u00e9alistes pour commencer<\/strong>.<\/p>\n\n\n\n<p><strong>Explorer<\/strong><\/p>\n\n\n\n<p>Invitez les participants \u00e0 r\u00e9fl\u00e9chir \u00e0 ce qu\u2019ils pourraient <strong>observer ou explorer davantage<\/strong>. Par exemple :<\/p>\n\n\n\n<ul class=\"wp-block-list\">\n<li>explorer les impacts environnementaux de leur travail<\/li>\n\n\n\n<li>r\u00e9fl\u00e9chir aux impacts de leurs modes de transport<\/li>\n\n\n\n<li>observer les pratiques de leur organisation ou de leur secteur professionnel<\/li>\n<\/ul>\n\n\n\n<p><strong>Apprendre<\/strong><\/p>\n\n\n\n<p>Encouragez les participants \u00e0 r\u00e9fl\u00e9chir \u00e0 ce qu\u2019ils pourraient <strong>mieux comprendre ou approfondir<\/strong>. Par exemple :<\/p>\n\n\n\n<ul class=\"wp-block-list\">\n<li>les liens entre \u00e9cologie et justice sociale<\/li>\n\n\n\n<li>les impacts environnementaux du num\u00e9rique<\/li>\n\n\n\n<li>les transformations du travail li\u00e9es \u00e0 la transition \u00e9cologique<\/li>\n<\/ul>\n\n\n\n<p><strong>Soutenir<\/strong><\/p>\n\n\n\n<p>Demandez aux participants ce qu\u2019ils pourraient soutenir ou encourager. Par exemple :<\/p>\n\n\n\n<ul class=\"wp-block-list\">\n<li>un m\u00e9dia ind\u00e9pendant<\/li>\n\n\n\n<li>une organisation ou une initiative locale<\/li>\n\n\n\n<li>un projet de recherche ou une association<\/li>\n<\/ul>\n\n\n\n<p><strong>Changer<\/strong><\/p>\n\n\n\n<p>Invitez les participants \u00e0 r\u00e9fl\u00e9chir \u00e0 de petits changements possibles dans leur mode de vie ou leur travail. Par exemple :<\/p>\n\n\n\n<ul class=\"wp-block-list\">\n<li>modifier certaines habitudes de transport<\/li>\n\n\n\n<li>r\u00e9duire certaines pratiques polluantes dans leur travail<\/li>\n\n\n\n<li>discuter de ces questions avec des coll\u00e8gues<\/li>\n<\/ul>\n\n\n\n<p><strong>Cr\u00e9er<\/strong><\/p>\n\n\n\n<p>Enfin, invitez les participants \u00e0 r\u00e9fl\u00e9chir \u00e0 ce qu\u2019ils pourraient initier ou cr\u00e9er.<\/p>\n\n\n\n<p>Par exemple :<\/p>\n\n\n\n<ul class=\"wp-block-list\">\n<li>une initiative dans leur communaut\u00e9<\/li>\n\n\n\n<li>un projet dans leur organisation<\/li>\n\n\n\n<li>un outil ou une activit\u00e9 p\u00e9dagogique (pour les professionnels de l\u2019orientation et de l\u2019accompagnement)<\/li>\n<\/ul>\n\n\n\n<p><strong>3. Partage collectif<\/strong><\/p>\n\n\n\n<p>Les participants partagent ensuite quelques id\u00e9es avec le groupe. L\u2019animateurice peut regrouper les propositions au tableau afin de montrer la diversit\u00e9 des actions possibles et les compl\u00e9mentarit\u00e9s entre elles. Cette \u00e9tape permet de mettre en \u00e9vidence que la transition vers des modes de vie et de travail plus soutenables ne repose pas uniquement sur des choix individuels, mais aussi sur des dynamiques collectives et des initiatives partag\u00e9es.<\/p>\n\n\n\n<h3 class=\"wp-block-heading\">Activit\u00e9s d\u2019approfondissement<\/h3>\n\n\n\n<p>Pour approfondir la r\u00e9flexion, plusieurs pistes peuvent \u00eatre propos\u00e9es :<\/p>\n\n\n\n<ul class=\"wp-block-list\">\n<li>identifier une petite action concr\u00e8te \u00e0 tester dans les semaines suivantes<\/li>\n\n\n\n<li>r\u00e9fl\u00e9chir aux alliances possibles avec d\u2019autres personnes pour agir collectivement<\/li>\n\n\n\n<li>discuter des obstacles rencontr\u00e9s lorsqu\u2019on souhaite changer certaines pratiques professionnelles<\/li>\n\n\n\n<li>explorer comment ces actions pourraient influencer les choix de carri\u00e8re ou les pratiques professionnelles futures<\/li>\n<\/ul>\n\n\n\n<h3 class=\"wp-block-heading\">R\u00e9flexion \/ consolidation de l\u2019apprentissage<\/h3>\n\n\n\n<p>Invitez les participants \u00e0 r\u00e9fl\u00e9chir \u00e0 la fin de l\u2019activit\u00e9 :<\/p>\n\n\n\n<ul class=\"wp-block-list\">\n<li>Quelles id\u00e9es vous semblent les plus inspirantes ou motivantes ?<\/li>\n\n\n\n<li>Avez-vous d\u00e9couvert de nouvelles fa\u00e7ons de contribuer \u00e0 la transition \u00e9cologique et sociale ?<\/li>\n\n\n\n<li>Quelle petite action vous semblerait possible \u00e0 essayer dans les prochaines semaines ?<\/li>\n\n\n\n<li>Quelles formes de coop\u00e9ration pourraient faciliter ces changements ?<\/li>\n\n\n\n<li>En quoi ces r\u00e9flexions peuvent-elles influencer votre mani\u00e8re de penser votre travail ou votre avenir professionnel ?<\/li>\n<\/ul>\n","protected":false},"excerpt":{"rendered":"<p>Inspiration pour l\u2019outil Andr\u00e9 Chauvet, du Lab Green Guidance Introduction Face aux crises \u00e9cologiques et sociales, de nombreuses personnes, jeunes comme adultes, ressentent un m\u00e9lange d\u2019inqui\u00e9tude, d\u2019impuissance ou de culpabilit\u00e9. Dans le domaine de l\u2019accompagnement, ces questions apparaissent souvent sous la forme d\u2019une interrogation sur le sens du travail et sur l\u2019impact des choix professionnels sur le monde. Cependant, ces&#8230;<\/p>\n","protected":false},"template":"","meta":{"_acf_changed":false,"_monsterinsights_skip_tracking":false,"_monsterinsights_sitenote_active":false,"_monsterinsights_sitenote_note":"","_monsterinsights_sitenote_category":0,"jetpack_post_was_ever_published":false},"class_list":["post-2990","methodology","type-methodology","status-publish","hentry"],"acf":[],"yoast_head":"<!-- This site is optimized with the Yoast SEO plugin v27.4 - https:\/\/yoast.com\/product\/yoast-seo-wordpress\/ -->\n<title>Fleur d\u2019avenir soutenable - Green Guidance<\/title>\n<meta name=\"robots\" content=\"index, follow, max-snippet:-1, max-image-preview:large, max-video-preview:-1\" \/>\n<link rel=\"canonical\" href=\"https:\/\/www.green-guidance.eu\/fr\/methodology\/fleur-davenir-soutenable\/\" \/>\n<meta property=\"og:locale\" content=\"fr_FR\" \/>\n<meta property=\"og:type\" content=\"article\" \/>\n<meta property=\"og:title\" content=\"Fleur d\u2019avenir soutenable - Green Guidance\" \/>\n<meta property=\"og:description\" content=\"Inspiration pour l\u2019outil Andr\u00e9 Chauvet, du Lab Green Guidance Introduction Face aux crises \u00e9cologiques et sociales, de nombreuses personnes, jeunes comme adultes, ressentent un m\u00e9lange d\u2019inqui\u00e9tude, d\u2019impuissance ou de culpabilit\u00e9. Dans le domaine de l\u2019accompagnement, ces questions apparaissent souvent sous la forme d\u2019une interrogation sur le sens du travail et sur l\u2019impact des choix professionnels sur le monde. Cependant, ces...\" \/>\n<meta property=\"og:url\" content=\"https:\/\/www.green-guidance.eu\/fr\/methodology\/fleur-davenir-soutenable\/\" \/>\n<meta property=\"og:site_name\" content=\"Green Guidance\" \/>\n<meta property=\"article:modified_time\" content=\"2026-03-17T13:13:50+00:00\" \/>\n<meta property=\"og:image\" content=\"https:\/\/www.green-guidance.eu\/wp-content\/uploads\/2026\/03\/Fleur-avenir-soutenable-FR.png\" \/>\n\t<meta property=\"og:image:width\" content=\"667\" \/>\n\t<meta property=\"og:image:height\" content=\"631\" \/>\n\t<meta property=\"og:image:type\" content=\"image\/png\" \/>\n<meta name=\"twitter:card\" content=\"summary_large_image\" \/>\n<meta name=\"twitter:label1\" content=\"Dur\u00e9e de lecture estim\u00e9e\" \/>\n\t<meta name=\"twitter:data1\" content=\"4 minutes\" \/>\n<script type=\"application\/ld+json\" class=\"yoast-schema-graph\">{\"@context\":\"https:\\\/\\\/schema.org\",\"@graph\":[{\"@type\":\"WebPage\",\"@id\":\"https:\\\/\\\/www.green-guidance.eu\\\/fr\\\/methodology\\\/fleur-davenir-soutenable\\\/\",\"url\":\"https:\\\/\\\/www.green-guidance.eu\\\/fr\\\/methodology\\\/fleur-davenir-soutenable\\\/\",\"name\":\"Fleur d\u2019avenir soutenable - Green Guidance\",\"isPartOf\":{\"@id\":\"https:\\\/\\\/www.green-guidance.eu\\\/#website\"},\"primaryImageOfPage\":{\"@id\":\"https:\\\/\\\/www.green-guidance.eu\\\/fr\\\/methodology\\\/fleur-davenir-soutenable\\\/#primaryimage\"},\"image\":{\"@id\":\"https:\\\/\\\/www.green-guidance.eu\\\/fr\\\/methodology\\\/fleur-davenir-soutenable\\\/#primaryimage\"},\"thumbnailUrl\":\"https:\\\/\\\/www.green-guidance.eu\\\/wp-content\\\/uploads\\\/2026\\\/03\\\/Fleur-avenir-soutenable-FR.png\",\"datePublished\":\"2026-03-17T13:10:12+00:00\",\"dateModified\":\"2026-03-17T13:13:50+00:00\",\"breadcrumb\":{\"@id\":\"https:\\\/\\\/www.green-guidance.eu\\\/fr\\\/methodology\\\/fleur-davenir-soutenable\\\/#breadcrumb\"},\"inLanguage\":\"fr-FR\",\"potentialAction\":[{\"@type\":\"ReadAction\",\"target\":[\"https:\\\/\\\/www.green-guidance.eu\\\/fr\\\/methodology\\\/fleur-davenir-soutenable\\\/\"]}]},{\"@type\":\"ImageObject\",\"inLanguage\":\"fr-FR\",\"@id\":\"https:\\\/\\\/www.green-guidance.eu\\\/fr\\\/methodology\\\/fleur-davenir-soutenable\\\/#primaryimage\",\"url\":\"https:\\\/\\\/www.green-guidance.eu\\\/wp-content\\\/uploads\\\/2026\\\/03\\\/Fleur-avenir-soutenable-FR.png\",\"contentUrl\":\"https:\\\/\\\/www.green-guidance.eu\\\/wp-content\\\/uploads\\\/2026\\\/03\\\/Fleur-avenir-soutenable-FR.png\"},{\"@type\":\"BreadcrumbList\",\"@id\":\"https:\\\/\\\/www.green-guidance.eu\\\/fr\\\/methodology\\\/fleur-davenir-soutenable\\\/#breadcrumb\",\"itemListElement\":[{\"@type\":\"ListItem\",\"position\":1,\"name\":\"Home\",\"item\":\"https:\\\/\\\/www.green-guidance.eu\\\/\"},{\"@type\":\"ListItem\",\"position\":2,\"name\":\"Methodologies\",\"item\":\"https:\\\/\\\/www.green-guidance.eu\\\/methodologies\\\/\"},{\"@type\":\"ListItem\",\"position\":3,\"name\":\"Fleur d\u2019avenir soutenable\"}]},{\"@type\":\"WebSite\",\"@id\":\"https:\\\/\\\/www.green-guidance.eu\\\/#website\",\"url\":\"https:\\\/\\\/www.green-guidance.eu\\\/\",\"name\":\"Green Guidance\",\"description\":\"Career support for sustainable life choices\",\"potentialAction\":[{\"@type\":\"SearchAction\",\"target\":{\"@type\":\"EntryPoint\",\"urlTemplate\":\"https:\\\/\\\/www.green-guidance.eu\\\/?s={search_term_string}\"},\"query-input\":{\"@type\":\"PropertyValueSpecification\",\"valueRequired\":true,\"valueName\":\"search_term_string\"}}],\"inLanguage\":\"fr-FR\"}]}<\/script>\n<!-- \/ Yoast SEO plugin. -->","yoast_head_json":{"title":"Fleur d\u2019avenir soutenable - Green Guidance","robots":{"index":"index","follow":"follow","max-snippet":"max-snippet:-1","max-image-preview":"max-image-preview:large","max-video-preview":"max-video-preview:-1"},"canonical":"https:\/\/www.green-guidance.eu\/fr\/methodology\/fleur-davenir-soutenable\/","og_locale":"fr_FR","og_type":"article","og_title":"Fleur d\u2019avenir soutenable - Green Guidance","og_description":"Inspiration pour l\u2019outil Andr\u00e9 Chauvet, du Lab Green Guidance Introduction Face aux crises \u00e9cologiques et sociales, de nombreuses personnes, jeunes comme adultes, ressentent un m\u00e9lange d\u2019inqui\u00e9tude, d\u2019impuissance ou de culpabilit\u00e9. Dans le domaine de l\u2019accompagnement, ces questions apparaissent souvent sous la forme d\u2019une interrogation sur le sens du travail et sur l\u2019impact des choix professionnels sur le monde. Cependant, ces...","og_url":"https:\/\/www.green-guidance.eu\/fr\/methodology\/fleur-davenir-soutenable\/","og_site_name":"Green Guidance","article_modified_time":"2026-03-17T13:13:50+00:00","og_image":[{"width":667,"height":631,"url":"https:\/\/www.green-guidance.eu\/wp-content\/uploads\/2026\/03\/Fleur-avenir-soutenable-FR.png","type":"image\/png"}],"twitter_card":"summary_large_image","twitter_misc":{"Dur\u00e9e de lecture estim\u00e9e":"4 minutes"},"schema":{"@context":"https:\/\/schema.org","@graph":[{"@type":"WebPage","@id":"https:\/\/www.green-guidance.eu\/fr\/methodology\/fleur-davenir-soutenable\/","url":"https:\/\/www.green-guidance.eu\/fr\/methodology\/fleur-davenir-soutenable\/","name":"Fleur d\u2019avenir soutenable - Green Guidance","isPartOf":{"@id":"https:\/\/www.green-guidance.eu\/#website"},"primaryImageOfPage":{"@id":"https:\/\/www.green-guidance.eu\/fr\/methodology\/fleur-davenir-soutenable\/#primaryimage"},"image":{"@id":"https:\/\/www.green-guidance.eu\/fr\/methodology\/fleur-davenir-soutenable\/#primaryimage"},"thumbnailUrl":"https:\/\/www.green-guidance.eu\/wp-content\/uploads\/2026\/03\/Fleur-avenir-soutenable-FR.png","datePublished":"2026-03-17T13:10:12+00:00","dateModified":"2026-03-17T13:13:50+00:00","breadcrumb":{"@id":"https:\/\/www.green-guidance.eu\/fr\/methodology\/fleur-davenir-soutenable\/#breadcrumb"},"inLanguage":"fr-FR","potentialAction":[{"@type":"ReadAction","target":["https:\/\/www.green-guidance.eu\/fr\/methodology\/fleur-davenir-soutenable\/"]}]},{"@type":"ImageObject","inLanguage":"fr-FR","@id":"https:\/\/www.green-guidance.eu\/fr\/methodology\/fleur-davenir-soutenable\/#primaryimage","url":"https:\/\/www.green-guidance.eu\/wp-content\/uploads\/2026\/03\/Fleur-avenir-soutenable-FR.png","contentUrl":"https:\/\/www.green-guidance.eu\/wp-content\/uploads\/2026\/03\/Fleur-avenir-soutenable-FR.png"},{"@type":"BreadcrumbList","@id":"https:\/\/www.green-guidance.eu\/fr\/methodology\/fleur-davenir-soutenable\/#breadcrumb","itemListElement":[{"@type":"ListItem","position":1,"name":"Home","item":"https:\/\/www.green-guidance.eu\/"},{"@type":"ListItem","position":2,"name":"Methodologies","item":"https:\/\/www.green-guidance.eu\/methodologies\/"},{"@type":"ListItem","position":3,"name":"Fleur d\u2019avenir soutenable"}]},{"@type":"WebSite","@id":"https:\/\/www.green-guidance.eu\/#website","url":"https:\/\/www.green-guidance.eu\/","name":"Green Guidance","description":"Career support for sustainable life choices","potentialAction":[{"@type":"SearchAction","target":{"@type":"EntryPoint","urlTemplate":"https:\/\/www.green-guidance.eu\/?s={search_term_string}"},"query-input":{"@type":"PropertyValueSpecification","valueRequired":true,"valueName":"search_term_string"}}],"inLanguage":"fr-FR"}]}},"jetpack_sharing_enabled":true,"_links":{"self":[{"href":"https:\/\/www.green-guidance.eu\/fr\/wp-json\/wp\/v2\/methodology\/2990","targetHints":{"allow":["GET"]}}],"collection":[{"href":"https:\/\/www.green-guidance.eu\/fr\/wp-json\/wp\/v2\/methodology"}],"about":[{"href":"https:\/\/www.green-guidance.eu\/fr\/wp-json\/wp\/v2\/types\/methodology"}],"wp:attachment":[{"href":"https:\/\/www.green-guidance.eu\/fr\/wp-json\/wp\/v2\/media?parent=2990"}],"curies":[{"name":"wp","href":"https:\/\/api.w.org\/{rel}","templated":true}]}}