{"id":3123,"date":"2026-04-02T07:33:32","date_gmt":"2026-04-02T07:33:32","guid":{"rendered":"https:\/\/www.green-guidance.eu\/?post_type=methodology&#038;p=3123"},"modified":"2026-04-21T13:25:15","modified_gmt":"2026-04-21T13:25:15","slug":"imaginer-les-metiers-de-demain-face-aux-defis-ecologiques-et-sociaux","status":"publish","type":"methodology","link":"https:\/\/www.green-guidance.eu\/fr\/methodology\/imaginer-les-metiers-de-demain-face-aux-defis-ecologiques-et-sociaux\/","title":{"rendered":"Imaginer les m\u00e9tiers de demain face aux d\u00e9fis \u00e9cologiques et sociaux"},"content":{"rendered":"\n<h3 class=\"wp-block-heading\">Inspiration pour l\u2019outil<\/h3>\n\n\n\n<p>Atelier d\u00e9velopp\u00e9 et d\u00e9ploy\u00e9 par <a href=\"https:\/\/andrechauvetconseil.fr\/\">Delphine Riccio<\/a>, du <a href=\"https:\/\/lab-greenguidance.fr\/\">Lab Green Guidance<\/a><\/p>\n\n\n\n<h3 class=\"wp-block-heading\">Introduction<\/h3>\n\n\n\n<p>L\u2019orientation scolaire et professionnelle repose souvent sur une question individuelle : \u00ab Quel m\u00e9tier veux-tu faire plus tard ? \u00bb. Cette approche suppose que chaque jeune peut construire librement sa trajectoire professionnelle en fonction de ses int\u00e9r\u00eats et de ses comp\u00e9tences. Cependant, cette perspective pr\u00e9sente plusieurs limites. Les repr\u00e9sentations professionnelles des jeunes restent souvent tr\u00e8s st\u00e9r\u00e9otyp\u00e9es et limit\u00e9es, influenc\u00e9es par leur entourage ou par les m\u00e9dias. Elles se concentrent fr\u00e9quemment sur un petit nombre de professions traditionnelles, alors m\u00eame que les transformations \u00e9cologiques, sociales et technologiques vont profond\u00e9ment modifier le monde du travail.<\/p>\n\n\n\n<p>Dans le m\u00eame temps, les jeunes sont confront\u00e9s \u00e0 des d\u00e9fis majeurs : crise \u00e9cologique, incertitudes \u00e9conomiques, pression scolaire et inqui\u00e9tudes face \u00e0 l\u2019avenir. Dans ce contexte, l\u2019orientation peut aussi devenir un espace de r\u00e9flexion collective sur le futur de la soci\u00e9t\u00e9. Cette activit\u00e9 propose donc de d\u00e9placer la question de l\u2019orientation : au lieu de demander uniquement \u00ab quel m\u00e9tier veux-tu faire ? \u00bb, il s\u2019agit aussi de r\u00e9fl\u00e9chir ensemble \u00e0 \u00ab quelle soci\u00e9t\u00e9 voulons-nous construire et quels m\u00e9tiers seront n\u00e9cessaires pour y parvenir \u00bb. Le travail en groupe permet aux \u00e9l\u00e8ves de comprendre que les grands d\u00e9fis contemporains n\u00e9cessitent des r\u00e9ponses collectives et interdisciplinaires, mobilisant une diversit\u00e9 de professions.<\/p>\n\n\n\n<h3 class=\"wp-block-heading\">Objectifs<\/h3>\n\n\n\n<p>\u00c0 la fin de l\u2019activit\u00e9, les participants seront en mesure de:<\/p>\n\n\n\n<ul class=\"wp-block-list\">\n<li>r\u00e9fl\u00e9chir aux transformations du monde du travail li\u00e9es aux d\u00e9fis \u00e9cologiques et sociaux<\/li>\n\n\n\n<li>\u00e9largir leur repr\u00e9sentation des m\u00e9tiers<\/li>\n\n\n\n<li>comprendre que les probl\u00e8mes complexes n\u00e9cessitent la coop\u00e9ration de nombreuses professions<\/li>\n\n\n\n<li>imaginer des solutions et des m\u00e9tiers pour r\u00e9pondre aux besoins futurs de la soci\u00e9t\u00e9<\/li>\n<\/ul>\n\n\n\n<h3 class=\"wp-block-heading\">Ressources n\u00e9cessaires<\/h3>\n\n\n\n<ul class=\"wp-block-list\">\n<li>feuilles A3<\/li>\n\n\n\n<li>feutres ou crayons<\/li>\n\n\n\n<li>fiches d\u00e9crivant les secteurs \u00e9tudi\u00e9s<\/li>\n\n\n\n<li>tableau ou espace pour la restitution collective<\/li>\n\n\n\n<li>des fiches d&#8217;instructions imprim\u00e9es pour chaque groupe &#8211; quelques exemples sont dans le texte, il est important de les adapter au contexte national.<\/li>\n<\/ul>\n\n\n\n<h3 class=\"wp-block-heading\">Activit\u00e9s<\/h3>\n\n\n\n<p><strong>1. Introduction<\/strong><\/p>\n\n\n\n<p>L\u2019animateurice introduit la s\u00e9ance en expliquant que le travail doit \u00e9voluer. Aujourd\u2019hui, plusieurs d\u00e9fis importants se posent, notamment les d\u00e9fis \u00e9cologiques, sociaux et \u00e9conomiques. Ces d\u00e9fis vont transformer de nombreux secteurs d\u2019activit\u00e9 et faire \u00e9voluer les m\u00e9tiers. L\u2019objectif de l\u2019activit\u00e9 est d\u2019imaginer comment ces secteurs pourraient \u00e9voluer dans le futur et quels m\u00e9tiers pourraient contribuer \u00e0 construire une soci\u00e9t\u00e9 plus durable..<\/p>\n\n\n\n<ol start=\"2\" class=\"wp-block-list\">\n<li><strong>Organisation des groupes<\/strong><\/li>\n<\/ol>\n\n\n\n<p>Divisez la classe en 8 groupes de 3 \u00e0 4 \u00e9l\u00e8ves. Chaque groupe travaille sur un secteur sp\u00e9cifique, par exemple :<\/p>\n\n\n\n<ul class=\"wp-block-list\">\n<li>transport<\/li>\n\n\n\n<li>agriculture<\/li>\n\n\n\n<li>b\u00e2timent<\/li>\n\n\n\n<li>industrie<\/li>\n<\/ul>\n\n\n\n<p>Plusieurs groupes peuvent travailler sur le m\u00eame secteur afin de comparer les id\u00e9es lors de la restitution.<\/p>\n\n\n\n<ol start=\"3\" class=\"wp-block-list\">\n<li><strong>Travail en groupe<\/strong><\/li>\n<\/ol>\n\n\n\n<p>Chaque groupe re\u00e7oit une situation de d\u00e9part et une s\u00e9rie de questions. Les \u00e9l\u00e8ves doivent discuter ensemble et noter leurs id\u00e9es sur une feuille A3. Ils peuvent utiliser des mots, des sch\u00e9mas ou des dessins.<\/p>\n\n\n\n<p><strong>Exemple <\/strong><strong>1<\/strong><strong>: secteur du transport<\/strong><\/p>\n\n\n\n<p>Pour faire face \u00e0 l\u2019urgence climatique, il faudrait r\u00e9duire le parc automobile d\u2019environ 40 % et d\u00e9velopper d\u2019autres modes de d\u00e9placement. Questions pour guider la r\u00e9flexion :<\/p>\n\n\n\n<ul class=\"wp-block-list\">\n<li>Pour utiliser moins la voiture, quels autres modes de d\u00e9placement faudrait-il d\u00e9velopper ?<\/li>\n\n\n\n<li>Avec moins de voitures, quels pourraient \u00eatre les m\u00e9tiers de demain dans le secteur du transport ?<\/li>\n\n\n\n<li>Selon votre inspiration, dessinez ou sch\u00e9matisez un quartier, une ville ou un territoire du futur.<\/li>\n\n\n\n<li>Quels m\u00e9tiers pourraient \u00eatre impliqu\u00e9s dans l\u2019am\u00e9nagement du territoire et l\u2019organisation des d\u00e9placements ?<\/li>\n<\/ul>\n\n\n\n<p><strong>Exemple <\/strong><strong>2<\/strong><strong>: secteur de l\u2019agriculture<\/strong><\/p>\n\n\n\n<p>Pour r\u00e9pondre aux besoins alimentaires et aux enjeux \u00e9cologiques, il pourrait \u00eatre n\u00e9cessaire d\u2019augmenter fortement le nombre d\u2019emplois agricoles dans les prochaines d\u00e9cennies. Questions pour guider la r\u00e9flexion :<\/p>\n\n\n\n<ul class=\"wp-block-list\">\n<li>Pourquoi est-il parfois difficile de trouver des personnes pour travailler dans l\u2019agriculture ?<\/li>\n\n\n\n<li>Jusqu\u2019\u00e0 aujourd\u2019hui, que se passe-t-il en France lorsqu\u2019il manque de travailleurs agricoles ?<\/li>\n\n\n\n<li>Quelles solutions pourraient am\u00e9liorer la situation \u00e0 l\u2019avenir ?<\/li>\n\n\n\n<li>Quels nouveaux m\u00e9tiers ou nouvelles fa\u00e7ons de travailler pourraient appara\u00eetre ?<\/li>\n<\/ul>\n\n\n\n<p><strong>Exemple&nbsp;3: L\u2019alimentation<\/strong><\/p>\n\n\n\n<p>En 2017, la consommation moyenne de denr\u00e9es alimentaires locale des m\u00e9nages des 100 plus grandes aires urbaines fran\u00e7aises n\u2019est que de 2%. A contrario, chaque territoire exporte en moyenne 97% de sa production. Le budget alimentation est pass\u00e9 de 23,6% en 1960 a 12,4% en 2013. Nous avons d\u00e9velopp\u00e9 une culture de la nourriture \u00e0 bas co\u00fbt. Questions pour guider la r\u00e9flexion :<\/p>\n\n\n\n<ul class=\"wp-block-list\">\n<li>Quels changements dans nos modes de vies sont \u00e0 venir ?<\/li>\n\n\n\n<li>Quelle \u00e9volution du travail et des m\u00e9tiers peut-on entrevoir ? Disparition et cr\u00e9ation d&#8217;emplois ? De nouveaux m\u00e9tiers ? Des m\u00e9tiers qui vont dispara\u00eetre ?<\/li>\n\n\n\n<li>R\u00e9aliser une affiche synth\u00e9tisant vos r\u00e9flexions, pour les pr\u00e9senter.<\/li>\n<\/ul>\n\n\n\n<p><strong>Exemple <\/strong><strong>4<\/strong><strong>: <\/strong><strong>R\u00e9novation des b\u00e2timents<\/strong><\/p>\n\n\n\n<p>Le secteur du b\u00e2timent est l\u2019un des principaux contributeurs \u00e0 la crise \u00e9cologique : il repr\u00e9sente environ 43 % de la consommation d\u2019\u00e9nergie en France et 23 % des \u00e9missions de gaz \u00e0 effet de serre. \u00c0 l\u2019\u00e9chelle mondiale, il p\u00e8se pr\u00e8s de 30 % de l\u2019\u00e9nergie consomm\u00e9e et 26 % des \u00e9missions de CO\u2082, en grande partie \u00e0 cause du chauffage, de la climatisation et des mat\u00e9riaux comme le b\u00e9ton. Il contribue aussi fortement \u00e0 l\u2019\u00e9puisement des ressources et \u00e0 la production de d\u00e9chets, la construction g\u00e9n\u00e9rant une part majeure des d\u00e9chets min\u00e9raux.<\/p>\n\n\n\n<ul class=\"wp-block-list\">\n<li>La r\u00e9novation des b\u00e2timents : pourquoi, comment ?<\/li>\n\n\n\n<li>Quelle \u00e9volution du travail et des m\u00e9tiers peut-on entrevoir ?<\/li>\n\n\n\n<li>Disparition et cr\u00e9ation d&#8217;emplois ? De nouveaux m\u00e9tiers ? Des m\u00e9tiers qui vont dispara\u00eetre ?<\/li>\n\n\n\n<li>R\u00e9aliser une affiche synth\u00e9tisant vos r\u00e9flexions, pour les pr\u00e9senter.<\/li>\n<\/ul>\n\n\n\n<p><strong>Exemple <\/strong><strong>5<\/strong><strong>: <\/strong><strong>L<\/strong><strong>es week-end<\/strong><\/p>\n\n\n\n<p>Nous avons l&#8217;habitude de nous retrouver autour d&#8217;activit\u00e9s de consommation (shopping, loisirs). Mais si nous baissons nos consommations, autour de quelles activit\u00e9s nous retrouver pour et faire ensemble ? Questions pour guider la r\u00e9flexion :<\/p>\n\n\n\n<ul class=\"wp-block-list\">\n<li>Quels changements dans nos modes de vies sont \u00e0 venir ?<\/li>\n\n\n\n<li>Quelle \u00e9volution du travail et des m\u00e9tiers peut-on entrevoir ?<\/li>\n\n\n\n<li>Disparition et cr\u00e9ation d&#8217;emplois ? De nouveaux m\u00e9tiers ? Des m\u00e9tiers qui vont dispara\u00eetre ?<\/li>\n\n\n\n<li>R\u00e9aliser une affiche synth\u00e9tisant vos r\u00e9flexions, pour les pr\u00e9senter.<\/li>\n<\/ul>\n\n\n\n<ol start=\"4\" class=\"wp-block-list\">\n<li><strong>Restitution<\/strong><\/li>\n<\/ol>\n\n\n\n<p>Chaque groupe pr\u00e9sente son travail \u00e0 la classe les id\u00e9es principales, les m\u00e9tiers imagin\u00e9s, le dessin ou le sch\u00e9ma r\u00e9alis\u00e9. L\u2019animateurice peut noter au tableau les m\u00e9tiers \u00e9voqu\u00e9s afin de montrer la diversit\u00e9 des contributions possibles. Cette phase permet \u00e9galement de comparer les visions des diff\u00e9rents groupes.<\/p>\n\n\n\n<h3 class=\"wp-block-heading\">Activit\u00e9s d\u2019approfondissement<\/h3>\n\n\n\n<p>Pour approfondir la r\u00e9flexion, plusieurs pistes peuvent \u00eatre propos\u00e9es :<\/p>\n\n\n\n<ul class=\"wp-block-list\">\n<li>identifier une petite action concr\u00e8te \u00e0 tester dans les semaines suivantes<\/li>\n\n\n\n<li>r\u00e9fl\u00e9chir aux alliances possibles avec d\u2019autres personnes pour agir collectivement<\/li>\n\n\n\n<li>discuter des obstacles rencontr\u00e9s lorsqu\u2019on souhaite changer certaines pratiques professionnelles<\/li>\n\n\n\n<li>explorer comment ces actions pourraient influencer les choix de carri\u00e8re ou les pratiques professionnelles futures<\/li>\n<\/ul>\n\n\n\n<h3 class=\"wp-block-heading\">R\u00e9flexion \/ consolidation de l\u2019apprentissage<\/h3>\n\n\n\n<p>Invitez les participants \u00e0 r\u00e9fl\u00e9chir \u00e0 la fin de l\u2019activit\u00e9 :<\/p>\n\n\n\n<ul class=\"wp-block-list\">\n<li>Quelles id\u00e9es vous semblent les plus inspirantes ou motivantes ?<\/li>\n\n\n\n<li>Avez-vous d\u00e9couvert de nouvelles fa\u00e7ons de contribuer \u00e0 la transition \u00e9cologique et sociale ?<\/li>\n\n\n\n<li>Quelle petite action vous semblerait possible \u00e0 essayer dans les prochaines semaines ?<\/li>\n\n\n\n<li>Quelles formes de coop\u00e9ration pourraient faciliter ces changements ?<\/li>\n\n\n\n<li>En quoi ces r\u00e9flexions peuvent-elles influencer votre mani\u00e8re de penser votre travail ou votre avenir professionnel ?<\/li>\n<\/ul>\n","protected":false},"excerpt":{"rendered":"<p>Inspiration pour l\u2019outil Atelier d\u00e9velopp\u00e9 et d\u00e9ploy\u00e9 par Delphine Riccio, du Lab Green Guidance Introduction L\u2019orientation scolaire et professionnelle repose souvent sur une question individuelle : \u00ab Quel m\u00e9tier veux-tu faire plus tard ? \u00bb. Cette approche suppose que chaque jeune peut construire librement sa trajectoire professionnelle en fonction de ses int\u00e9r\u00eats et de ses comp\u00e9tences. Cependant, cette perspective pr\u00e9sente&#8230;<\/p>\n","protected":false},"template":"","meta":{"_acf_changed":true,"_monsterinsights_skip_tracking":false,"_monsterinsights_sitenote_active":false,"_monsterinsights_sitenote_note":"","_monsterinsights_sitenote_category":0,"jetpack_post_was_ever_published":false},"class_list":["post-3123","methodology","type-methodology","status-publish","hentry"],"acf":[],"yoast_head":"<!-- This site is optimized with the Yoast SEO plugin v27.4 - https:\/\/yoast.com\/product\/yoast-seo-wordpress\/ -->\n<title>Imaginer les m\u00e9tiers de demain face aux d\u00e9fis \u00e9cologiques et sociaux - Green Guidance<\/title>\n<meta name=\"robots\" content=\"index, follow, max-snippet:-1, max-image-preview:large, max-video-preview:-1\" \/>\n<link rel=\"canonical\" href=\"https:\/\/www.green-guidance.eu\/fr\/methodology\/imaginer-les-metiers-de-demain-face-aux-defis-ecologiques-et-sociaux\/\" \/>\n<meta property=\"og:locale\" content=\"fr_FR\" \/>\n<meta property=\"og:type\" content=\"article\" \/>\n<meta property=\"og:title\" content=\"Imaginer les m\u00e9tiers de demain face aux d\u00e9fis \u00e9cologiques et sociaux - Green Guidance\" \/>\n<meta property=\"og:description\" content=\"Inspiration pour l\u2019outil Atelier d\u00e9velopp\u00e9 et d\u00e9ploy\u00e9 par Delphine Riccio, du Lab Green Guidance Introduction L\u2019orientation scolaire et professionnelle repose souvent sur une question individuelle : \u00ab Quel m\u00e9tier veux-tu faire plus tard ? \u00bb. Cette approche suppose que chaque jeune peut construire librement sa trajectoire professionnelle en fonction de ses int\u00e9r\u00eats et de ses comp\u00e9tences. Cependant, cette perspective pr\u00e9sente...\" \/>\n<meta property=\"og:url\" content=\"https:\/\/www.green-guidance.eu\/fr\/methodology\/imaginer-les-metiers-de-demain-face-aux-defis-ecologiques-et-sociaux\/\" \/>\n<meta property=\"og:site_name\" content=\"Green Guidance\" \/>\n<meta property=\"article:modified_time\" content=\"2026-04-21T13:25:15+00:00\" \/>\n<meta name=\"twitter:card\" content=\"summary_large_image\" \/>\n<meta name=\"twitter:label1\" content=\"Dur\u00e9e de lecture estim\u00e9e\" \/>\n\t<meta name=\"twitter:data1\" content=\"5 minutes\" \/>\n<script type=\"application\/ld+json\" class=\"yoast-schema-graph\">{\"@context\":\"https:\\\/\\\/schema.org\",\"@graph\":[{\"@type\":\"WebPage\",\"@id\":\"https:\\\/\\\/www.green-guidance.eu\\\/fr\\\/methodology\\\/imaginer-les-metiers-de-demain-face-aux-defis-ecologiques-et-sociaux\\\/\",\"url\":\"https:\\\/\\\/www.green-guidance.eu\\\/fr\\\/methodology\\\/imaginer-les-metiers-de-demain-face-aux-defis-ecologiques-et-sociaux\\\/\",\"name\":\"Imaginer les m\u00e9tiers de demain face aux d\u00e9fis \u00e9cologiques et sociaux - Green Guidance\",\"isPartOf\":{\"@id\":\"https:\\\/\\\/www.green-guidance.eu\\\/#website\"},\"datePublished\":\"2026-04-02T07:33:32+00:00\",\"dateModified\":\"2026-04-21T13:25:15+00:00\",\"breadcrumb\":{\"@id\":\"https:\\\/\\\/www.green-guidance.eu\\\/fr\\\/methodology\\\/imaginer-les-metiers-de-demain-face-aux-defis-ecologiques-et-sociaux\\\/#breadcrumb\"},\"inLanguage\":\"fr-FR\",\"potentialAction\":[{\"@type\":\"ReadAction\",\"target\":[\"https:\\\/\\\/www.green-guidance.eu\\\/fr\\\/methodology\\\/imaginer-les-metiers-de-demain-face-aux-defis-ecologiques-et-sociaux\\\/\"]}]},{\"@type\":\"BreadcrumbList\",\"@id\":\"https:\\\/\\\/www.green-guidance.eu\\\/fr\\\/methodology\\\/imaginer-les-metiers-de-demain-face-aux-defis-ecologiques-et-sociaux\\\/#breadcrumb\",\"itemListElement\":[{\"@type\":\"ListItem\",\"position\":1,\"name\":\"Home\",\"item\":\"https:\\\/\\\/www.green-guidance.eu\\\/\"},{\"@type\":\"ListItem\",\"position\":2,\"name\":\"Methodologies\",\"item\":\"https:\\\/\\\/www.green-guidance.eu\\\/methodologies\\\/\"},{\"@type\":\"ListItem\",\"position\":3,\"name\":\"Imaginer les m\u00e9tiers de demain face aux d\u00e9fis \u00e9cologiques et sociaux\"}]},{\"@type\":\"WebSite\",\"@id\":\"https:\\\/\\\/www.green-guidance.eu\\\/#website\",\"url\":\"https:\\\/\\\/www.green-guidance.eu\\\/\",\"name\":\"Green Guidance\",\"description\":\"Career support for sustainable life choices\",\"potentialAction\":[{\"@type\":\"SearchAction\",\"target\":{\"@type\":\"EntryPoint\",\"urlTemplate\":\"https:\\\/\\\/www.green-guidance.eu\\\/?s={search_term_string}\"},\"query-input\":{\"@type\":\"PropertyValueSpecification\",\"valueRequired\":true,\"valueName\":\"search_term_string\"}}],\"inLanguage\":\"fr-FR\"}]}<\/script>\n<!-- \/ Yoast SEO plugin. -->","yoast_head_json":{"title":"Imaginer les m\u00e9tiers de demain face aux d\u00e9fis \u00e9cologiques et sociaux - Green Guidance","robots":{"index":"index","follow":"follow","max-snippet":"max-snippet:-1","max-image-preview":"max-image-preview:large","max-video-preview":"max-video-preview:-1"},"canonical":"https:\/\/www.green-guidance.eu\/fr\/methodology\/imaginer-les-metiers-de-demain-face-aux-defis-ecologiques-et-sociaux\/","og_locale":"fr_FR","og_type":"article","og_title":"Imaginer les m\u00e9tiers de demain face aux d\u00e9fis \u00e9cologiques et sociaux - Green Guidance","og_description":"Inspiration pour l\u2019outil Atelier d\u00e9velopp\u00e9 et d\u00e9ploy\u00e9 par Delphine Riccio, du Lab Green Guidance Introduction L\u2019orientation scolaire et professionnelle repose souvent sur une question individuelle : \u00ab Quel m\u00e9tier veux-tu faire plus tard ? \u00bb. Cette approche suppose que chaque jeune peut construire librement sa trajectoire professionnelle en fonction de ses int\u00e9r\u00eats et de ses comp\u00e9tences. Cependant, cette perspective pr\u00e9sente...","og_url":"https:\/\/www.green-guidance.eu\/fr\/methodology\/imaginer-les-metiers-de-demain-face-aux-defis-ecologiques-et-sociaux\/","og_site_name":"Green Guidance","article_modified_time":"2026-04-21T13:25:15+00:00","twitter_card":"summary_large_image","twitter_misc":{"Dur\u00e9e de lecture estim\u00e9e":"5 minutes"},"schema":{"@context":"https:\/\/schema.org","@graph":[{"@type":"WebPage","@id":"https:\/\/www.green-guidance.eu\/fr\/methodology\/imaginer-les-metiers-de-demain-face-aux-defis-ecologiques-et-sociaux\/","url":"https:\/\/www.green-guidance.eu\/fr\/methodology\/imaginer-les-metiers-de-demain-face-aux-defis-ecologiques-et-sociaux\/","name":"Imaginer les m\u00e9tiers de demain face aux d\u00e9fis \u00e9cologiques et sociaux - Green Guidance","isPartOf":{"@id":"https:\/\/www.green-guidance.eu\/#website"},"datePublished":"2026-04-02T07:33:32+00:00","dateModified":"2026-04-21T13:25:15+00:00","breadcrumb":{"@id":"https:\/\/www.green-guidance.eu\/fr\/methodology\/imaginer-les-metiers-de-demain-face-aux-defis-ecologiques-et-sociaux\/#breadcrumb"},"inLanguage":"fr-FR","potentialAction":[{"@type":"ReadAction","target":["https:\/\/www.green-guidance.eu\/fr\/methodology\/imaginer-les-metiers-de-demain-face-aux-defis-ecologiques-et-sociaux\/"]}]},{"@type":"BreadcrumbList","@id":"https:\/\/www.green-guidance.eu\/fr\/methodology\/imaginer-les-metiers-de-demain-face-aux-defis-ecologiques-et-sociaux\/#breadcrumb","itemListElement":[{"@type":"ListItem","position":1,"name":"Home","item":"https:\/\/www.green-guidance.eu\/"},{"@type":"ListItem","position":2,"name":"Methodologies","item":"https:\/\/www.green-guidance.eu\/methodologies\/"},{"@type":"ListItem","position":3,"name":"Imaginer les m\u00e9tiers de demain face aux d\u00e9fis \u00e9cologiques et sociaux"}]},{"@type":"WebSite","@id":"https:\/\/www.green-guidance.eu\/#website","url":"https:\/\/www.green-guidance.eu\/","name":"Green Guidance","description":"Career support for sustainable life choices","potentialAction":[{"@type":"SearchAction","target":{"@type":"EntryPoint","urlTemplate":"https:\/\/www.green-guidance.eu\/?s={search_term_string}"},"query-input":{"@type":"PropertyValueSpecification","valueRequired":true,"valueName":"search_term_string"}}],"inLanguage":"fr-FR"}]}},"jetpack_sharing_enabled":true,"_links":{"self":[{"href":"https:\/\/www.green-guidance.eu\/fr\/wp-json\/wp\/v2\/methodology\/3123","targetHints":{"allow":["GET"]}}],"collection":[{"href":"https:\/\/www.green-guidance.eu\/fr\/wp-json\/wp\/v2\/methodology"}],"about":[{"href":"https:\/\/www.green-guidance.eu\/fr\/wp-json\/wp\/v2\/types\/methodology"}],"wp:attachment":[{"href":"https:\/\/www.green-guidance.eu\/fr\/wp-json\/wp\/v2\/media?parent=3123"}],"curies":[{"name":"wp","href":"https:\/\/api.w.org\/{rel}","templated":true}]}}