{"id":1855,"date":"2025-09-17T18:32:06","date_gmt":"2025-09-17T18:32:06","guid":{"rendered":"https:\/\/www.green-guidance.eu\/methodology\/hvilken-form-for-liv-onsker-jeg-a-ha-mitt-liv-mitt-bidrag\/"},"modified":"2025-12-05T12:19:45","modified_gmt":"2025-12-05T12:19:45","slug":"hvilken-form-for-liv-onsker-jeg-a-ha-mitt-liv-mitt-bidrag","status":"publish","type":"methodology","link":"https:\/\/www.green-guidance.eu\/no\/methodology\/hvilken-form-for-liv-onsker-jeg-a-ha-mitt-liv-mitt-bidrag\/","title":{"rendered":"Hva slags liv \u00f8nsker jeg \u00e5 ha, og hvordan \u00f8nsker jeg \u00e5 bidra?"},"content":{"rendered":"\n<p><br\/>Dette verkt\u00f8yet utvider det tradisjonelle synet p\u00e5 karriere og introduserer heller begrepet &#8220;livsform&#8221; (Jean Guichard) for \u00e5 hjelpe veis\u00f8keren med \u00e5 utforme sitt aktive liv. Dette ved \u00e5 ta hensyn til ulike dimensjoner og sf\u00e6rer.<\/p>\n\n<h3 class=\"wp-block-heading\">Inspirasjon til verkt\u00f8yet<\/h3>\n\n<ul class=\"wp-block-list\">\n<li>Concevoir et orienter sa vie: Les dialogue en life design &#8211; Guichard, Bagnali, Cohen-Scali, Pouyaud, Robinet (2017)<\/li>\n\n\n\n<li>The Human Condition &#8211; Hannah Arendt (1958)<\/li>\n\n\n\n<li>Cohen-Scali, V., Drabik-Podg\u00f3rna, V., Podg\u00f3rny, M., Duarte, M. E., Guichard, J., Aisenson, G., Di Fabio, A., Maree, K., Masdonati, J., Nota, L., Pouyaud, J., Ribeiro, M. A., &amp; Antonio, D. S. (2025). New perspectives for life-design interventions in the anthropocene context. <em>Australian Journal of Career Development<\/em>, <em>34<\/em>(1), 5-17. <a href=\"https:\/\/doi.org\/10.1177\/10384162241307964\">https:\/\/doi.org\/10.1177\/10384162241307964<\/a><\/li>\n<\/ul>\n\n<p>Verkt\u00f8yet er l\u00f8st inspirert av Arendts tiln\u00e6rming til det aktive liv. Hannah Arendt skiller i sin bok &#8220;Den menneskelige tilstanden&#8221; (1958) mellom tre grunnleggende menneskelige aktiviteter: arbeid, produksjon og handling. Hun kaller dette for vita activa (det aktive liv).  <\/p>\n\n<ul class=\"wp-block-list\">\n<li><strong>Arbeid <\/strong>&#8211; De aktivitetene som holder oss i live og opprettholder v\u00e5re biologiske behov. De handler om overlevelse, og de er repetitive og aldri ferdige. Dette fordi behovene v\u00e5re stadig vender tilbake. Arendt knytter aktivitetene til n\u00f8dvendighet.  <\/li>\n\n\n\n<li><strong>Produksjon<\/strong>&#8211; Den aktiviteten som skaper varige ting, gjenstander og institusjoner. Den produserer en kunstig verden, med verdi som varer lenger enn personen som har skapt den. Arendt knytter aktiviteten til nytte og stabilitet.  <\/li>\n\n\n\n<li><strong>Handling<\/strong> &#8211; Den aktiviteten som skjer mellom mennesker n\u00e5r de snakker, handler og tar initiativ sammen. Den handler om politikk, frihet og om \u00e5 skape noe nytt i det livet vi har felles. Arendt knytter den til frihet og pluralitet (det \u00e5 leve sammen med andre).  <\/li>\n<\/ul>\n\n<p><\/p>\n\n<p>I denne aktiviteten brukes Arendts inndeling som et verkt\u00f8y for \u00e5 synliggj\u00f8re ulike former for bidrag i ulike livssf\u00e6rer.<\/p>\n\n<figure class=\"wp-block-table\"><table class=\"has-fixed-layout\"><tbody><tr><td>Bidrag<\/td><td>Arendts inndelinger<\/td><td>Beskrivelse<\/td><\/tr><tr><td>Omsorg<\/td><td><em>Arbeid<\/em><\/td><td>Hva eller hvem<br\/>bryr jeg meg om? Hvem eller hva hjelper jeg? Hva gj\u00f8r jeg som bidrar til \u00e5 ta vare p\u00e5 mennesker, naturen, livet?  <\/td><\/tr><tr><td>Skape\/produsere<\/td><td><em>Produksjon<\/em><\/td><td>Hva lager, forbedrer, produserer jeg? Hva skaper eller bygger jeg som gj\u00f8r verden bedre eller mer rettferdig? <br\/>Hva er noen varige resultater av aktivitetene mine?<\/td><\/tr><tr><td>Engasjement<\/td><td><em>Handling<\/em><\/td><td>Hvilke valg tar jeg, eller hvilke handlinger gj\u00f8r jeg for \u00e5 st\u00f8tte den verden jeg \u00f8nsker meg? Hvordan kan jeg si ifra, slutte meg til andre eller ta valg som gjenspeiler den verden jeg \u00f8nsker \u00e5 leve i? <\/td><\/tr><\/tbody><\/table><\/figure>\n\n<h3 class=\"wp-block-heading\">Begrunnelse: Hvorfor er dette n\u00f8dvendig?<\/h3>\n\n<p>Denne aktiviteten kan brukes til \u00e5 nedtone det n\u00e5v\u00e6rende fokuset p\u00e5 arbeid og introdusere et alternativt, mer komplekst syn (&#8220;livsform&#8221;) som hjelper veis\u00f8keren med \u00e5 utforske muligheten for \u00e5 bidra til b\u00e6rekraft p\u00e5 ulike omr\u00e5der i livet.<\/p>\n\n<p><\/p>\n\n<h3 class=\"wp-block-heading\">M\u00e5lsettinger<\/h3>\n\n<p>P\u00e5 slutten av \u00f8kten vil veis\u00f8kerne og studentene v\u00e6re i stand til \u00e5<\/p>\n\n<ul class=\"wp-block-list\">\n<li>Forst\u00e5 begrepet aktiv livsform<\/li>\n\n\n\n<li>Ta hensyn til ulike livssf\u00e6rer og koble dem til egne behov og verdens behov<\/li>\n\n\n\n<li>De-sentrere produksjon\/jobb som den eneste sf\u00e6ren som har verdi eller hvor beslutninger skal tas.<\/li>\n\n\n\n<li>Identifisere egen handlekraft i sm\u00e5, meningsfulle handlinger p\u00e5 tvers av livsomr\u00e5der.<\/li>\n<\/ul>\n\n<p><\/p>\n\n<h3 class=\"wp-block-heading\">N\u00f8dvendige ressurser<\/h3>\n\n<p>Tabellen nedenfor.<\/p>\n\n<p><\/p>\n\n<h3 class=\"wp-block-heading\">Aktiviteter<\/h3>\n\n<p><br\/><strong>1. Forklar<\/strong> tabellen for veis\u00f8keren, for eksempel: <em>&#8220;Mange tror at karriere bare betyr noe p\u00e5 jobben. Men hele livet ditt forteller en historie om hvem du er og hva du bryr deg om. La oss se p\u00e5 hvordan du allerede bidrar til verden &#8211; og hva mer du har lyst til \u00e5 gj\u00f8re.&#8221;<\/em><\/p>\n\n<figure class=\"wp-block-table\"><table class=\"has-fixed-layout\"><tbody><tr><td><strong>Livets domene<\/strong><\/td><td><strong>Omsorg<\/strong> <br\/>Hva eller hvem bryr jeg meg om? Hvem eller hva hjelper jeg? Hva gj\u00f8r jeg som bidrar til \u00e5 ta vare p\u00e5 mennesker, naturen, livet?  <\/td><td><strong>Skape\/produsere<\/strong><br\/>Hva lager, forbedrer, produserer jeg? Hva skaper eller bygger jeg som gj\u00f8r verden bedre eller mer rettferdig? Hva er noen varige resultater av aktivitetene mine?  <\/td><td><strong>Engasjement<\/strong><br\/>Hva eller hvem bryr jeg meg om? Hvem eller hva hjelper jeg? Hva gj\u00f8r jeg for \u00e5 ta vare p\u00e5 mennesker, naturen, livet?  <\/td><\/tr><tr><td><strong><strong>FAMILIE<\/strong><\/strong><\/td><td><br\/><\/td><td><br\/><\/td><td><br\/><\/td><\/tr><tr><td><strong><strong>ARBEID \/ L\u00c6RING<\/strong><\/strong><\/td><td><br\/><\/td><td><br\/><\/td><td><br\/><\/td><\/tr><tr><td><strong><strong>PERSONLIG \/ SELV<\/strong><\/strong><\/td><td><br\/><\/td><td><br\/><\/td><td><br\/><\/td><\/tr><tr><td><strong><strong>FELLESSKAP \/ SAMFUNN<\/strong><\/strong><\/td><td><br\/><\/td><td><br\/><\/td><td><br\/><\/td><\/tr><\/tbody><\/table><\/figure>\n\n<p><strong>2. Hjelp dem med \u00e5 fylle ut tabellen:<\/strong><\/p>\n\n<p>Still enkle, veiledende sp\u00f8rsm\u00e5l:<\/p>\n\n<p><strong>Omsorg <\/strong>(fokuser p\u00e5 emosjonell st\u00f8tte, fysisk omsorg, daglig ansvar, omsorg for mennesker eller natur)<\/p>\n\n<ul class=\"wp-block-list\">\n<li>Hvem er avhengig av deg? Hvem hjelper du &#8211; selv i det sm\u00e5? <\/li>\n<\/ul>\n\n<p><strong>Skape, produsere <\/strong>(fokus p\u00e5 \u00e5 bygge, forbedre, skape, vedlikeholde, &#8220;produktivt arbeid&#8221;)<\/p>\n\n<ul class=\"wp-block-list\">\n<li>Har du noen gang laget noe du er stolt av? Hva har du fikset, forbedret eller organisert i det siste? Har du hjulpet til med \u00e5 endre noe som ikke fungerte? Hva liker du \u00e5 bruke hendene eller ideene dine til? N\u00e5r f\u00f8ler du deg kreativ eller oppfinnsom?    <\/li>\n<\/ul>\n\n<p><strong>Engasjement<\/strong> (fokus p\u00e5 valg, deltakelse, \u00e5 st\u00e5 opp for noe, forestille seg alternativer, delta i kollektiv handling, svare p\u00e5 samfunnets og verdens behov&#8230;)<\/p>\n\n<ul class=\"wp-block-list\">\n<li>Har du noen gang tatt en beslutning fordi den f\u00f8ltes riktig &#8211; selv om den var vanskelig? Gj\u00f8r du noe for \u00e5 beskytte milj\u00f8et, hjelpe andre eller forbedre samfunnet ditt? Har du noen gang blitt med i en gruppe, skrevet under p\u00e5 noe eller st\u00f8ttet en sak? Har du noen gang sagt nei til noe som ikke f\u00f8ltes bra eller rettferdig?   <\/li>\n<\/ul>\n\n<p>La dem reflektere fritt &#8211; skrive, tegne eller snakke.<\/p>\n\n<p><strong>3. Reflekter sammen og planlegg tiltak:<\/strong><\/p>\n\n<ul class=\"wp-block-list\">\n<li>Hva overrasket deg i denne aktiviteten? Hva kunne du tenke deg \u00e5 gj\u00f8re mer av? <\/li>\n\n\n\n<li>Hvilket lite skritt f\u00f8les spennende eller mulig for deg n\u00e5 i hvilken del?<\/li>\n\n\n\n<li>P\u00e5 hvilket omr\u00e5de gj\u00f8r du allerede noe for en bedre verden? Hvor f\u00f8ler du deg allerede nyttig eller stolt? <\/li>\n\n\n\n<li>Hvilke domener f\u00f8les s\u00e6rlig betydningsfulle, eller kanskje nedprioritert?<\/li>\n\n\n\n<li>Hvilke handlinger gir deg glede eller mening?<\/li>\n<\/ul>\n\n<p><span style=\"text-decoration: underline;\">Eksempel<\/span>:<\/p>\n\n<figure class=\"wp-block-table\"><table class=\"has-fixed-layout\"><tbody><tr><td><strong>Livets domene<\/strong><\/td><td><strong>OMSORG<\/strong><\/td><td><strong>SKAPE \/ PRODUSERE<\/strong><\/td><td><strong>ENGASJERENDE<\/strong><\/td><\/tr><tr><td><strong>FAMILIE<\/strong><\/td><td>Jeg st\u00e5r tidlig opp for \u00e5 lage frokost og s\u00f8rge for at barna mine kommer seg p\u00e5 skolen. Jeg hjelper datteren min med angst&#8230; <\/td><td>Jeg organiserer den ukentlige rengj\u00f8ringen og planlegger ukens m\u00e5ltider. Jeg pr\u00f8ver \u00e5 holde hjemmet v\u00e5rt rolig og stabilt&#8230; <\/td><td>Jeg l\u00e6rte barna mine \u00e5 sortere avfall og ikke kj\u00f8pe ting vi ikke trenger. Jeg valgte \u00e5 begrense skjermtiden hjemme&#8230; <\/td><\/tr><tr><td><strong>ARBEID \/ L\u00c6RING<\/strong><\/td><td>Jeg s\u00f8rger for at pasienter og ansatte jobber i rene og trygge omgivelser. Jeg st\u00f8tter en ny kollega som ikke snakker s\u00e5 godt norsk&#8230; <\/td><td>Jeg har forbedret m\u00e5ten jeg vasker p\u00e5, slik at det g\u00e5r raskere og slik at jeg bruker mindre av produktene. Jeg forlater alltid rommene bedre enn jeg fant dem&#8230; <\/td><td>Jeg ba om \u00e5 f\u00e5 delta i oppl\u00e6ring i milj\u00f8vennlig rengj\u00f8ring. Jeg nektet \u00e5 kaste ubrukte hansker og foreslo \u00e5 donere dem&#8230; <\/td><\/tr><tr><td><strong>PERSONLIG \/ SELV<\/strong><\/td><td>Jeg pr\u00f8ver \u00e5 g\u00e5 hver dag, og jeg h\u00f8rer p\u00e5 musikk for \u00e5 h\u00e5ndtere stress&#8230;<\/td><td>Jeg har l\u00e6rt \u00e5 reparere sm\u00e5 revner i kl\u00e6r&#8230;<\/td><td>Jeg bestemte meg for \u00e5 slutte \u00e5 r\u00f8yke i fjor og begynte \u00e5 lese igjen om kvelden. Jeg pr\u00f8ver \u00e5 ikke kj\u00f8pe &#8220;fast fashion&#8221; lenger&#8230; <\/td><\/tr><tr><td><strong>FELLESSKAP \/ SAMFUNN<\/strong><\/td><td>Jeg sjekker at den eldre naboen min har det bra, og kommer med mat til henne&#8230;<\/td><td>Jeg hjalp til med \u00e5 plante blomster rundt bygningen sammen med andre leietakere&#8230;<\/td><td>Jeg ble med i skolens foreldregruppe for \u00e5 snakke om sunne mellomm\u00e5ltider. Jeg skrev under p\u00e5 et opprop for \u00e5 holde den lokale parken \u00e5pen&#8230; <\/td><\/tr><\/tbody><\/table><\/figure>\n\n<p>Eksempel p\u00e5 kreativ bruk der ulike farger ble brukt for ulike dimensjoner (omsorg, skape\/produsere, engasjere seg). Deltakerne ble f\u00f8rst bedt om \u00e5 representere den relative tiden de brukte p\u00e5 de ulike livsomr\u00e5dene: <\/p>\n<div class=\"wp-block-image\">\n<figure class=\"aligncenter size-large is-resized\"><img fetchpriority=\"high\" decoding=\"async\" width=\"1024\" height=\"771\" src=\"https:\/\/www.green-guidance.eu\/wp-content\/uploads\/2025\/09\/image-2-1024x771.jpg\" alt=\"\" class=\"wp-image-1836\" style=\"width:653px;height:auto\" srcset=\"https:\/\/www.green-guidance.eu\/wp-content\/uploads\/2025\/09\/image-2-1024x771.jpg 1024w, https:\/\/www.green-guidance.eu\/wp-content\/uploads\/2025\/09\/image-2-300x226.jpg 300w, https:\/\/www.green-guidance.eu\/wp-content\/uploads\/2025\/09\/image-2-768x578.jpg 768w, https:\/\/www.green-guidance.eu\/wp-content\/uploads\/2025\/09\/image-2.jpg 1273w\" sizes=\"(max-width: 1024px) 100vw, 1024px\" \/><\/figure>\n<\/div>","protected":false},"excerpt":{"rendered":"<p>Dette verkt\u00f8yet utvider det tradisjonelle synet p\u00e5 karriere og introduserer heller begrepet &#8220;livsform&#8221; (Jean Guichard) for \u00e5 hjelpe veis\u00f8keren med \u00e5 utforme sitt aktive liv. Dette ved \u00e5 ta hensyn til ulike dimensjoner og sf\u00e6rer. Inspirasjon til verkt\u00f8yet Verkt\u00f8yet er l\u00f8st inspirert av Arendts tiln\u00e6rming til det aktive liv. Hannah Arendt skiller i sin bok &#8220;Den menneskelige tilstanden&#8221; (1958) mellom&#8230;<\/p>\n","protected":false},"template":"","meta":{"_acf_changed":false,"_monsterinsights_skip_tracking":false,"_monsterinsights_sitenote_active":false,"_monsterinsights_sitenote_note":"","_monsterinsights_sitenote_category":0,"jetpack_post_was_ever_published":false},"class_list":["post-1855","methodology","type-methodology","status-publish","hentry"],"acf":[],"yoast_head":"<!-- This site is optimized with the Yoast SEO plugin v27.4 - https:\/\/yoast.com\/product\/yoast-seo-wordpress\/ -->\n<title>Hva slags liv \u00f8nsker jeg \u00e5 ha, og hvordan \u00f8nsker jeg \u00e5 bidra? - Green Guidance<\/title>\n<meta name=\"robots\" content=\"index, follow, max-snippet:-1, max-image-preview:large, max-video-preview:-1\" \/>\n<link rel=\"canonical\" href=\"https:\/\/www.green-guidance.eu\/no\/methodology\/hvilken-form-for-liv-onsker-jeg-a-ha-mitt-liv-mitt-bidrag\/\" \/>\n<meta property=\"og:locale\" content=\"nb_NO\" \/>\n<meta property=\"og:type\" content=\"article\" \/>\n<meta property=\"og:title\" content=\"Hva slags liv \u00f8nsker jeg \u00e5 ha, og hvordan \u00f8nsker jeg \u00e5 bidra? - Green Guidance\" \/>\n<meta property=\"og:description\" content=\"Dette verkt\u00f8yet utvider det tradisjonelle synet p\u00e5 karriere og introduserer heller begrepet &#8220;livsform&#8221; (Jean Guichard) for \u00e5 hjelpe veis\u00f8keren med \u00e5 utforme sitt aktive liv. Dette ved \u00e5 ta hensyn til ulike dimensjoner og sf\u00e6rer. Inspirasjon til verkt\u00f8yet Verkt\u00f8yet er l\u00f8st inspirert av Arendts tiln\u00e6rming til det aktive liv. Hannah Arendt skiller i sin bok &#8220;Den menneskelige tilstanden&#8221; (1958) mellom...\" \/>\n<meta property=\"og:url\" content=\"https:\/\/www.green-guidance.eu\/no\/methodology\/hvilken-form-for-liv-onsker-jeg-a-ha-mitt-liv-mitt-bidrag\/\" \/>\n<meta property=\"og:site_name\" content=\"Green Guidance\" \/>\n<meta property=\"article:modified_time\" content=\"2025-12-05T12:19:45+00:00\" \/>\n<meta property=\"og:image\" content=\"https:\/\/www.green-guidance.eu\/wp-content\/uploads\/2025\/09\/image-2.jpg\" \/>\n\t<meta property=\"og:image:width\" content=\"1273\" \/>\n\t<meta property=\"og:image:height\" content=\"958\" \/>\n\t<meta property=\"og:image:type\" content=\"image\/jpeg\" \/>\n<meta name=\"twitter:card\" content=\"summary_large_image\" \/>\n<meta name=\"twitter:label1\" content=\"Ansl. lesetid\" \/>\n\t<meta name=\"twitter:data1\" content=\"6 minutter\" \/>\n<script type=\"application\/ld+json\" class=\"yoast-schema-graph\">{\"@context\":\"https:\\\/\\\/schema.org\",\"@graph\":[{\"@type\":\"WebPage\",\"@id\":\"https:\\\/\\\/www.green-guidance.eu\\\/no\\\/methodology\\\/hvilken-form-for-liv-onsker-jeg-a-ha-mitt-liv-mitt-bidrag\\\/\",\"url\":\"https:\\\/\\\/www.green-guidance.eu\\\/no\\\/methodology\\\/hvilken-form-for-liv-onsker-jeg-a-ha-mitt-liv-mitt-bidrag\\\/\",\"name\":\"Hva slags liv \u00f8nsker jeg \u00e5 ha, og hvordan \u00f8nsker jeg \u00e5 bidra? - Green Guidance\",\"isPartOf\":{\"@id\":\"https:\\\/\\\/www.green-guidance.eu\\\/#website\"},\"primaryImageOfPage\":{\"@id\":\"https:\\\/\\\/www.green-guidance.eu\\\/no\\\/methodology\\\/hvilken-form-for-liv-onsker-jeg-a-ha-mitt-liv-mitt-bidrag\\\/#primaryimage\"},\"image\":{\"@id\":\"https:\\\/\\\/www.green-guidance.eu\\\/no\\\/methodology\\\/hvilken-form-for-liv-onsker-jeg-a-ha-mitt-liv-mitt-bidrag\\\/#primaryimage\"},\"thumbnailUrl\":\"https:\\\/\\\/www.green-guidance.eu\\\/wp-content\\\/uploads\\\/2025\\\/09\\\/image-2-1024x771.jpg\",\"datePublished\":\"2025-09-17T18:32:06+00:00\",\"dateModified\":\"2025-12-05T12:19:45+00:00\",\"breadcrumb\":{\"@id\":\"https:\\\/\\\/www.green-guidance.eu\\\/no\\\/methodology\\\/hvilken-form-for-liv-onsker-jeg-a-ha-mitt-liv-mitt-bidrag\\\/#breadcrumb\"},\"inLanguage\":\"nb-NO\",\"potentialAction\":[{\"@type\":\"ReadAction\",\"target\":[\"https:\\\/\\\/www.green-guidance.eu\\\/no\\\/methodology\\\/hvilken-form-for-liv-onsker-jeg-a-ha-mitt-liv-mitt-bidrag\\\/\"]}]},{\"@type\":\"ImageObject\",\"inLanguage\":\"nb-NO\",\"@id\":\"https:\\\/\\\/www.green-guidance.eu\\\/no\\\/methodology\\\/hvilken-form-for-liv-onsker-jeg-a-ha-mitt-liv-mitt-bidrag\\\/#primaryimage\",\"url\":\"https:\\\/\\\/www.green-guidance.eu\\\/wp-content\\\/uploads\\\/2025\\\/09\\\/image-2-1024x771.jpg\",\"contentUrl\":\"https:\\\/\\\/www.green-guidance.eu\\\/wp-content\\\/uploads\\\/2025\\\/09\\\/image-2-1024x771.jpg\"},{\"@type\":\"BreadcrumbList\",\"@id\":\"https:\\\/\\\/www.green-guidance.eu\\\/no\\\/methodology\\\/hvilken-form-for-liv-onsker-jeg-a-ha-mitt-liv-mitt-bidrag\\\/#breadcrumb\",\"itemListElement\":[{\"@type\":\"ListItem\",\"position\":1,\"name\":\"Home\",\"item\":\"https:\\\/\\\/www.green-guidance.eu\\\/\"},{\"@type\":\"ListItem\",\"position\":2,\"name\":\"Methodologies\",\"item\":\"https:\\\/\\\/www.green-guidance.eu\\\/methodologies\\\/\"},{\"@type\":\"ListItem\",\"position\":3,\"name\":\"Hva slags liv \u00f8nsker jeg \u00e5 ha, og hvordan \u00f8nsker jeg \u00e5 bidra?\"}]},{\"@type\":\"WebSite\",\"@id\":\"https:\\\/\\\/www.green-guidance.eu\\\/#website\",\"url\":\"https:\\\/\\\/www.green-guidance.eu\\\/\",\"name\":\"Green Guidance\",\"description\":\"Career support for sustainable life choices\",\"publisher\":{\"@id\":\"https:\\\/\\\/www.green-guidance.eu\\\/#organization\"},\"potentialAction\":[{\"@type\":\"SearchAction\",\"target\":{\"@type\":\"EntryPoint\",\"urlTemplate\":\"https:\\\/\\\/www.green-guidance.eu\\\/?s={search_term_string}\"},\"query-input\":{\"@type\":\"PropertyValueSpecification\",\"valueRequired\":true,\"valueName\":\"search_term_string\"}}],\"inLanguage\":\"nb-NO\"},{\"@type\":\"Organization\",\"@id\":\"https:\\\/\\\/www.green-guidance.eu\\\/#organization\",\"name\":\"Green Guidance\",\"url\":\"https:\\\/\\\/www.green-guidance.eu\\\/\",\"logo\":{\"@type\":\"ImageObject\",\"inLanguage\":\"nb-NO\",\"@id\":\"https:\\\/\\\/www.green-guidance.eu\\\/#\\\/schema\\\/logo\\\/image\\\/\",\"url\":\"https:\\\/\\\/www.green-guidance.eu\\\/wp-content\\\/uploads\\\/2024\\\/03\\\/cropped-Green_guidance_logo-01.png\",\"contentUrl\":\"https:\\\/\\\/www.green-guidance.eu\\\/wp-content\\\/uploads\\\/2024\\\/03\\\/cropped-Green_guidance_logo-01.png\",\"width\":1582,\"height\":667,\"caption\":\"Green Guidance\"},\"image\":{\"@id\":\"https:\\\/\\\/www.green-guidance.eu\\\/#\\\/schema\\\/logo\\\/image\\\/\"}}]}<\/script>\n<!-- \/ Yoast SEO plugin. -->","yoast_head_json":{"title":"Hva slags liv \u00f8nsker jeg \u00e5 ha, og hvordan \u00f8nsker jeg \u00e5 bidra? - Green Guidance","robots":{"index":"index","follow":"follow","max-snippet":"max-snippet:-1","max-image-preview":"max-image-preview:large","max-video-preview":"max-video-preview:-1"},"canonical":"https:\/\/www.green-guidance.eu\/no\/methodology\/hvilken-form-for-liv-onsker-jeg-a-ha-mitt-liv-mitt-bidrag\/","og_locale":"nb_NO","og_type":"article","og_title":"Hva slags liv \u00f8nsker jeg \u00e5 ha, og hvordan \u00f8nsker jeg \u00e5 bidra? - Green Guidance","og_description":"Dette verkt\u00f8yet utvider det tradisjonelle synet p\u00e5 karriere og introduserer heller begrepet &#8220;livsform&#8221; (Jean Guichard) for \u00e5 hjelpe veis\u00f8keren med \u00e5 utforme sitt aktive liv. Dette ved \u00e5 ta hensyn til ulike dimensjoner og sf\u00e6rer. Inspirasjon til verkt\u00f8yet Verkt\u00f8yet er l\u00f8st inspirert av Arendts tiln\u00e6rming til det aktive liv. Hannah Arendt skiller i sin bok &#8220;Den menneskelige tilstanden&#8221; (1958) mellom...","og_url":"https:\/\/www.green-guidance.eu\/no\/methodology\/hvilken-form-for-liv-onsker-jeg-a-ha-mitt-liv-mitt-bidrag\/","og_site_name":"Green Guidance","article_modified_time":"2025-12-05T12:19:45+00:00","og_image":[{"width":1273,"height":958,"url":"https:\/\/www.green-guidance.eu\/wp-content\/uploads\/2025\/09\/image-2.jpg","type":"image\/jpeg"}],"twitter_card":"summary_large_image","twitter_misc":{"Ansl. lesetid":"6 minutter"},"schema":{"@context":"https:\/\/schema.org","@graph":[{"@type":"WebPage","@id":"https:\/\/www.green-guidance.eu\/no\/methodology\/hvilken-form-for-liv-onsker-jeg-a-ha-mitt-liv-mitt-bidrag\/","url":"https:\/\/www.green-guidance.eu\/no\/methodology\/hvilken-form-for-liv-onsker-jeg-a-ha-mitt-liv-mitt-bidrag\/","name":"Hva slags liv \u00f8nsker jeg \u00e5 ha, og hvordan \u00f8nsker jeg \u00e5 bidra? - Green Guidance","isPartOf":{"@id":"https:\/\/www.green-guidance.eu\/#website"},"primaryImageOfPage":{"@id":"https:\/\/www.green-guidance.eu\/no\/methodology\/hvilken-form-for-liv-onsker-jeg-a-ha-mitt-liv-mitt-bidrag\/#primaryimage"},"image":{"@id":"https:\/\/www.green-guidance.eu\/no\/methodology\/hvilken-form-for-liv-onsker-jeg-a-ha-mitt-liv-mitt-bidrag\/#primaryimage"},"thumbnailUrl":"https:\/\/www.green-guidance.eu\/wp-content\/uploads\/2025\/09\/image-2-1024x771.jpg","datePublished":"2025-09-17T18:32:06+00:00","dateModified":"2025-12-05T12:19:45+00:00","breadcrumb":{"@id":"https:\/\/www.green-guidance.eu\/no\/methodology\/hvilken-form-for-liv-onsker-jeg-a-ha-mitt-liv-mitt-bidrag\/#breadcrumb"},"inLanguage":"nb-NO","potentialAction":[{"@type":"ReadAction","target":["https:\/\/www.green-guidance.eu\/no\/methodology\/hvilken-form-for-liv-onsker-jeg-a-ha-mitt-liv-mitt-bidrag\/"]}]},{"@type":"ImageObject","inLanguage":"nb-NO","@id":"https:\/\/www.green-guidance.eu\/no\/methodology\/hvilken-form-for-liv-onsker-jeg-a-ha-mitt-liv-mitt-bidrag\/#primaryimage","url":"https:\/\/www.green-guidance.eu\/wp-content\/uploads\/2025\/09\/image-2-1024x771.jpg","contentUrl":"https:\/\/www.green-guidance.eu\/wp-content\/uploads\/2025\/09\/image-2-1024x771.jpg"},{"@type":"BreadcrumbList","@id":"https:\/\/www.green-guidance.eu\/no\/methodology\/hvilken-form-for-liv-onsker-jeg-a-ha-mitt-liv-mitt-bidrag\/#breadcrumb","itemListElement":[{"@type":"ListItem","position":1,"name":"Home","item":"https:\/\/www.green-guidance.eu\/"},{"@type":"ListItem","position":2,"name":"Methodologies","item":"https:\/\/www.green-guidance.eu\/methodologies\/"},{"@type":"ListItem","position":3,"name":"Hva slags liv \u00f8nsker jeg \u00e5 ha, og hvordan \u00f8nsker jeg \u00e5 bidra?"}]},{"@type":"WebSite","@id":"https:\/\/www.green-guidance.eu\/#website","url":"https:\/\/www.green-guidance.eu\/","name":"Green Guidance","description":"Career support for sustainable life choices","publisher":{"@id":"https:\/\/www.green-guidance.eu\/#organization"},"potentialAction":[{"@type":"SearchAction","target":{"@type":"EntryPoint","urlTemplate":"https:\/\/www.green-guidance.eu\/?s={search_term_string}"},"query-input":{"@type":"PropertyValueSpecification","valueRequired":true,"valueName":"search_term_string"}}],"inLanguage":"nb-NO"},{"@type":"Organization","@id":"https:\/\/www.green-guidance.eu\/#organization","name":"Green Guidance","url":"https:\/\/www.green-guidance.eu\/","logo":{"@type":"ImageObject","inLanguage":"nb-NO","@id":"https:\/\/www.green-guidance.eu\/#\/schema\/logo\/image\/","url":"https:\/\/www.green-guidance.eu\/wp-content\/uploads\/2024\/03\/cropped-Green_guidance_logo-01.png","contentUrl":"https:\/\/www.green-guidance.eu\/wp-content\/uploads\/2024\/03\/cropped-Green_guidance_logo-01.png","width":1582,"height":667,"caption":"Green Guidance"},"image":{"@id":"https:\/\/www.green-guidance.eu\/#\/schema\/logo\/image\/"}}]}},"jetpack_sharing_enabled":true,"_links":{"self":[{"href":"https:\/\/www.green-guidance.eu\/no\/wp-json\/wp\/v2\/methodology\/1855","targetHints":{"allow":["GET"]}}],"collection":[{"href":"https:\/\/www.green-guidance.eu\/no\/wp-json\/wp\/v2\/methodology"}],"about":[{"href":"https:\/\/www.green-guidance.eu\/no\/wp-json\/wp\/v2\/types\/methodology"}],"wp:attachment":[{"href":"https:\/\/www.green-guidance.eu\/no\/wp-json\/wp\/v2\/media?parent=1855"}],"curies":[{"name":"wp","href":"https:\/\/api.w.org\/{rel}","templated":true}]}}