{"id":1952,"date":"2025-09-28T18:09:00","date_gmt":"2025-09-28T18:09:00","guid":{"rendered":"https:\/\/www.green-guidance.eu\/methodology\/questoes-e-iniciadores-de-conversa\/"},"modified":"2026-01-02T20:11:41","modified_gmt":"2026-01-02T20:11:41","slug":"questoes-e-iniciadores-de-conversa","status":"publish","type":"methodology","link":"https:\/\/www.green-guidance.eu\/pt-pt\/methodology\/questoes-e-iniciadores-de-conversa\/","title":{"rendered":"Quest\u00f5es e iniciadores de conversa"},"content":{"rendered":"\n<h3 class=\"wp-block-heading\">Inspira\u00e7\u00e3o para a ferramenta<\/h3>\n\n<p>Desenvolvido pelo grupo de trabalho noruegu\u00eas para a inova\u00e7\u00e3o.<\/p>\n\n<h3 class=\"wp-block-heading\">Justifica\u00e7\u00e3o: Porque \u00e9 que isto \u00e9 necess\u00e1rio?<\/h3>\n\n<p>Este conjunto de perguntas pode ser utilizado na fase de contrata\u00e7\u00e3o do processo de orienta\u00e7\u00e3o para iniciar uma conversa sobre a quest\u00e3o da sustentabilidade e para relacionar esta quest\u00e3o com a situa\u00e7\u00e3o dos clientes. \u00c9 claro que n\u00e3o \u00e9 adequado utilizar todas as perguntas, mas os profissionais podem desenvolver a sua pr\u00e1tica de as colocar de forma adequada e natural.   <\/p>\n\n<p>Nota: <strong>Come\u00e7ar com quest\u00f5es ambientais nem sempre \u00e9 o ponto de partida mais eficaz<\/strong> <strong>para a orienta\u00e7\u00e3o vocacional verde<\/strong>. Em muitos casos, os clientes est\u00e3o mais imediatamente preocupados com experi\u00eancias de falta de sentido, exaust\u00e3o, excesso de desempenho, press\u00e3o incessante para fazer mais, &#8220;trabalhos da treta&#8221;, desigualdade, problemas de sa\u00fade ou explora\u00e7\u00e3o no trabalho. Estas preocupa\u00e7\u00f5es podem ajudar a abrir um debate cr\u00edtico sobre as representa\u00e7\u00f5es do trabalho e servir de porta de entrada para conversas sobre sustentabilidade &#8211; porque, em \u00faltima an\u00e1lise, estas quest\u00f5es est\u00e3o ligadas a uma crise ecol\u00f3gica mais alargada. Para mais informa\u00e7\u00f5es, consulte o Manual de Orienta\u00e7\u00e3o Vocacional Verde.   <\/p>\n\n<h3 class=\"wp-block-heading\">Objetivos<\/h3>\n\n<ul class=\"wp-block-list\">\n<li>Inicie uma conversa sobre sustentabilidade num processo de orienta\u00e7\u00e3o<\/li>\n\n\n\n<li>Ajude os clientes a relacionar a quest\u00e3o da sustentabilidade com a sua situa\u00e7\u00e3o<\/li>\n<\/ul>\n\n<h3 class=\"wp-block-heading\">Iniciadores de conversa \/ perguntas para debater a sustentabilidade<\/h3>\n\n<h4 class=\"wp-block-heading\"><strong>O futuro do trabalho e as suas transforma\u00e7\u00f5es<\/strong><\/h4>\n\n<ul class=\"wp-block-list\">\n<li>Mencionou o seu interesse pela \u00e1rea de ____. J\u00e1 pensou na forma como esta profiss\u00e3o poder\u00e1 evoluir num futuro pr\u00f3ximo? (Por exemplo, relativamente ao desenvolvimento da IA, \u00e0s altera\u00e7\u00f5es clim\u00e1ticas ou \u00e0 transi\u00e7\u00e3o ecol\u00f3gica?)  <\/li>\n\n\n\n<li>As grandes mudan\u00e7as est\u00e3o a chegar, impulsionadas pelos avan\u00e7os tecnol\u00f3gicos e pela transforma\u00e7\u00e3o ecol\u00f3gica. Estas mudan\u00e7as v\u00e3o exigir novas compet\u00eancias, repensar as pr\u00e1ticas de trabalho e adaptar-se em quase todas as profiss\u00f5es. O que pensa sobre isto?  <\/li>\n\n\n\n<li>Na sua opini\u00e3o, quais s\u00e3o as principais for\u00e7as que ir\u00e3o moldar o futuro do trabalho?<\/li>\n\n\n\n<li>Que compet\u00eancias pensa que ser\u00e3o essenciais para prosperar no local de trabalho de amanh\u00e3?<\/li>\n\n\n\n<li>Porque \u00e9 que acha que a nossa gera\u00e7\u00e3o tem de se adaptar mais frequentemente na sua carreira do que a gera\u00e7\u00e3o dos nossos pais? Como pensa que isto ir\u00e1 mudar para as gera\u00e7\u00f5es futuras? <\/li>\n\n\n\n<li>V\u00ea riscos potenciais na transforma\u00e7\u00e3o do trabalho devido \u00e0 automatiza\u00e7\u00e3o ou a constrangimentos ecol\u00f3gicos? Como \u00e9 que os profissionais se podem preparar para eles? <\/li>\n\n\n\n<li>Que papel pensa que os profissionais de orienta\u00e7\u00e3o profissional devem desempenhar na prepara\u00e7\u00e3o dos indiv\u00edduos para estas transforma\u00e7\u00f5es?<\/li>\n<\/ul>\n\n<h4 class=\"wp-block-heading\"><strong>Oportunidades na Transi\u00e7\u00e3o Verde<\/strong><\/h4>\n\n<ul class=\"wp-block-list\">\n<li>Que oportunidades de carreira v\u00ea surgirem com a transi\u00e7\u00e3o ecol\u00f3gica?<\/li>\n\n\n\n<li>Que compet\u00eancias considera necess\u00e1rias para garantir um emprego na economia verde?<\/li>\n\n\n\n<li>Como pensa que as oportunidades de emprego ir\u00e3o evoluir em resultado da transi\u00e7\u00e3o ecol\u00f3gica?<\/li>\n\n\n\n<li>Que tipos de empregos ou profiss\u00f5es pensa que podem desaparecer e porqu\u00ea?<\/li>\n\n\n\n<li>Sabe o nome de algumas empresas ou organiza\u00e7\u00f5es que se dedicam \u00e0 sustentabilidade? Estaria interessado em trabalhar para elas? <\/li>\n\n\n\n<li>Como pode crescer profissionalmente para se tornar um contribuinte ativo para a mudan\u00e7a ambiental?<\/li>\n\n\n\n<li>Que impactos positivos poder\u00e1 ter a transi\u00e7\u00e3o ecol\u00f3gica na profiss\u00e3o em que est\u00e1 interessado?<\/li>\n\n\n\n<li>Que ind\u00fastrias ou sectores pensa que est\u00e3o na vanguarda da sustentabilidade? Isto interessa-lhe? <\/li>\n\n\n\n<li>Consegue imaginar-se a trabalhar num sector diretamente envolvido na transi\u00e7\u00e3o ecol\u00f3gica? Que tipo de fun\u00e7\u00f5es se adequariam \u00e0s suas compet\u00eancias e aspira\u00e7\u00f5es? <\/li>\n\n\n\n<li>Que novas profiss\u00f5es relacionadas com a sustentabilidade pensa que ir\u00e3o surgir nos pr\u00f3ximos anos? V\u00ea alguma na sua \u00e1rea? <\/li>\n<\/ul>\n\n<h4 class=\"wp-block-heading\"><strong>Compreender a sustentabilidade no desenvolvimento da carreira<\/strong><\/h4>\n\n<ul class=\"wp-block-list\">\n<li>O que \u00e9 que a sustentabilidade e a transi\u00e7\u00e3o ecol\u00f3gica significam para si pessoalmente?<\/li>\n\n\n\n<li>At\u00e9 que ponto \u00e9 importante para si que o seu empregador ou a empresa onde trabalha valorize a sustentabilidade? Porqu\u00ea? <\/li>\n\n\n\n<li>Ao pensar no seu futuro profissional, como \u00e9 que relaciona o seu impacto ambiental com a sua realiza\u00e7\u00e3o pessoal?<\/li>\n\n\n\n<li>Considera que a integra\u00e7\u00e3o da sustentabilidade nas suas escolhas profissionais lhe poderia trazer mais significado ou motiva\u00e7\u00e3o?<\/li>\n\n\n\n<li>H\u00e1 alguma figura ou organiza\u00e7\u00e3o inspiradora na sua \u00e1rea que seja conhecida pelas suas pr\u00e1ticas sustent\u00e1veis?<\/li>\n<\/ul>\n\n<h4 class=\"wp-block-heading\"><strong>Envolvimento pessoal na sustentabilidade<\/strong><\/h4>\n\n<ul class=\"wp-block-list\">\n<li>Como se imagina a contribuir para a transi\u00e7\u00e3o ecol\u00f3gica no seu trabalho? Que pequenas ac\u00e7\u00f5es concretas poderia tomar para tornar as suas atividades mais amigas do ambiente? <\/li>\n\n\n\n<li>Que mudan\u00e7as no seu sector ou profiss\u00e3o teriam um impacto mais positivo no ambiente? Como \u00e9 que pode participar nessas mudan\u00e7as? <\/li>\n\n\n\n<li>Quais as iniciativas &#8220;verdes&#8221; na sua \u00e1rea que mais o inspiram e porqu\u00ea?<\/li>\n\n\n\n<li>Que aspetos da sua vida quotidiana ou do seu emprego atual j\u00e1 refletem pr\u00e1ticas sustent\u00e1veis? Como \u00e9 que as pode refor\u00e7ar? <\/li>\n\n\n\n<li>Que compet\u00eancias ou conhecimentos pensa que precisa de desenvolver para contribuir para um mundo mais sustent\u00e1vel na sua \u00e1rea?<\/li>\n\n\n\n<li>Como poderia inspirar os seus colegas a adoptarem pr\u00e1ticas mais sustent\u00e1veis no trabalho?<\/li>\n\n\n\n<li>Se tivesse de liderar um projeto centrado na sustentabilidade no seu local de trabalho, qual seria?<\/li>\n<\/ul>\n\n<h4 class=\"wp-block-heading\"><strong>Valores e legado pessoal<\/strong><\/h4>\n\n<ul class=\"wp-block-list\">\n<li>Se esta profiss\u00e3o n\u00e3o existisse, o que \u00e9 que a sociedade estaria a perder?<\/li>\n\n\n\n<li>Quais s\u00e3o os valores mais importantes para si na sua carreira e vida profissional?<\/li>\n\n\n\n<li>Que valores herdou (dos pais, professores, mentores) de que se orgulha? Que valores gostaria de transmitir \u00e0s gera\u00e7\u00f5es futuras? <\/li>\n\n\n\n<li>Que legado quer deixar para tr\u00e1s? Como gostaria de ser recordado pelos seus contributos para um mundo sustent\u00e1vel? <\/li>\n\n\n\n<li>Se tivesse de escrever uma declara\u00e7\u00e3o de miss\u00e3o pessoal que integrasse a sustentabilidade, o que diria?<\/li>\n<\/ul>\n\n<h4 class=\"wp-block-heading\"><strong>Imaginando um mundo mais sustent\u00e1vel<\/strong><\/h4>\n\n<ul class=\"wp-block-list\">\n<li>Se pudesse desenhar o seu futuro profissional ideal, que papel desempenharia a sustentabilidade nesse futuro?<\/li>\n\n\n\n<li>Na sua carreira de sonho, que mudan\u00e7as gostaria de ver \u00e0 sua volta no que diz respeito \u00e0 prote\u00e7\u00e3o do ambiente ou ao bem-estar coletivo?<\/li>\n\n\n\n<li>Imagine que a sua ind\u00fastria adopta uma estrat\u00e9gia orientada para a sustentabilidade. Como \u00e9 que se pode preparar para esta transi\u00e7\u00e3o? <\/li>\n\n\n\n<li><em>Imagine a sua profiss\u00e3o num mundo em que a sustentabilidade \u00e9 a norma. Como acha que o seu papel iria mudar? <\/em><\/li>\n\n\n\n<li>Que mudan\u00e7as positivas gostaria de ver no seu sector nos pr\u00f3ximos 10 anos? Como \u00e9 que pode contribuir para essas mudan\u00e7as? <\/li>\n\n\n\n<li>Se v\u00ea a sua carreira como uma forma de deixar um impacto positivo no mundo, como \u00e9 que seria? Daqui a 20 anos, o que espera dizer sobre a sua contribui\u00e7\u00e3o para um futuro mais sustent\u00e1vel? <\/li>\n\n\n\n<li>Que pequenas ou grandes mudan\u00e7as tornariam a sua ind\u00fastria mais sustent\u00e1vel? Como \u00e9 que pode desempenhar um papel na concretiza\u00e7\u00e3o dessas mudan\u00e7as? <\/li>\n<\/ul>\n\n<h4 class=\"wp-block-heading\"><strong>Avaliar o impacto de uma profiss\u00e3o no planeta e na sociedade<\/strong><\/h4>\n\n<ul class=\"wp-block-list\">\n<li>Se tivesse de avaliar o impacto ambiental ou social de um dia t\u00edpico no seu trabalho, o que diria?<\/li>\n\n\n\n<li>Que aspectos da sua profiss\u00e3o ou sector devem evoluir para se tornarem mais respons\u00e1veis do ponto de vista ambiental?<\/li>\n\n\n\n<li>Como poderia utilizar os seus talentos ou conhecimentos para enfrentar desafios globais como as altera\u00e7\u00f5es clim\u00e1ticas ou a justi\u00e7a social?<\/li>\n\n\n\n<li> Se todas as empresas do seu sector tivessem de reduzir a sua pegada ambiental em 50%, o que teria de mudar?<\/li>\n<\/ul>\n\n<h4 class=\"wp-block-heading\"><strong>Os desafios globais e o papel do trabalho na sociedade<\/strong><\/h4>\n\n<ul class=\"wp-block-list\">\n<li>Na sua opini\u00e3o, quais s\u00e3o os maiores desafios que as empresas enfrentam atualmente? Quem deve ser respons\u00e1vel por os enfrentar? (por exemplo, justi\u00e7a social, crise clim\u00e1tica, instabilidade econ\u00f3mica, etc.)  <\/li>\n\n\n\n<li>Que quest\u00f5es globais ou sociais o afectam mais emocionalmente? Que injusti\u00e7as ou problemas o fazem sentir a necessidade de agir? <\/li>\n\n\n\n<li>Que tipo de mundo gostaria de ajudar a construir para as gera\u00e7\u00f5es futuras?<\/li>\n\n\n\n<li>Que desafios globais, societais ou comunit\u00e1rios gostaria de contribuir para resolver?<\/li>\n\n\n\n<li>Se pudesse fazer uma mudan\u00e7a significativa no mundo, qual seria?<\/li>\n\n\n\n<li>Que oportunidades de emprego ou ideias empresariais est\u00e3o de acordo com as suas aspira\u00e7\u00f5es? Como \u00e9 que as pode explorar? <\/li>\n\n\n\n<li>V\u00ea a sua carreira como um meio de fazer a diferen\u00e7a? Como \u00e9 que define o sucesso para al\u00e9m do sal\u00e1rio e do cargo? <\/li>\n<\/ul>\n","protected":false},"excerpt":{"rendered":"<p>Inspira\u00e7\u00e3o para a ferramenta Desenvolvido pelo grupo de trabalho noruegu\u00eas para a inova\u00e7\u00e3o. Justifica\u00e7\u00e3o: Porque \u00e9 que isto \u00e9 necess\u00e1rio? Este conjunto de perguntas pode ser utilizado na fase de contrata\u00e7\u00e3o do processo de orienta\u00e7\u00e3o para iniciar uma conversa sobre a quest\u00e3o da sustentabilidade e para relacionar esta quest\u00e3o com a situa\u00e7\u00e3o dos clientes. \u00c9 claro que n\u00e3o \u00e9 adequado&#8230;<\/p>\n","protected":false},"template":"","meta":{"_acf_changed":false,"_monsterinsights_skip_tracking":false,"_monsterinsights_sitenote_active":false,"_monsterinsights_sitenote_note":"","_monsterinsights_sitenote_category":0,"jetpack_post_was_ever_published":false},"class_list":["post-1952","methodology","type-methodology","status-publish","hentry"],"acf":[],"yoast_head":"<!-- This site is optimized with the Yoast SEO plugin v27.4 - https:\/\/yoast.com\/product\/yoast-seo-wordpress\/ -->\n<title>Quest\u00f5es e iniciadores de conversa - Green Guidance<\/title>\n<meta name=\"robots\" content=\"index, follow, max-snippet:-1, max-image-preview:large, max-video-preview:-1\" \/>\n<link rel=\"canonical\" href=\"https:\/\/www.green-guidance.eu\/pt-pt\/methodology\/questoes-e-iniciadores-de-conversa\/\" \/>\n<meta property=\"og:locale\" content=\"pt_PT\" \/>\n<meta property=\"og:type\" content=\"article\" \/>\n<meta property=\"og:title\" content=\"Quest\u00f5es e iniciadores de conversa - Green Guidance\" \/>\n<meta property=\"og:description\" content=\"Inspira\u00e7\u00e3o para a ferramenta Desenvolvido pelo grupo de trabalho noruegu\u00eas para a inova\u00e7\u00e3o. Justifica\u00e7\u00e3o: Porque \u00e9 que isto \u00e9 necess\u00e1rio? Este conjunto de perguntas pode ser utilizado na fase de contrata\u00e7\u00e3o do processo de orienta\u00e7\u00e3o para iniciar uma conversa sobre a quest\u00e3o da sustentabilidade e para relacionar esta quest\u00e3o com a situa\u00e7\u00e3o dos clientes. \u00c9 claro que n\u00e3o \u00e9 adequado...\" \/>\n<meta property=\"og:url\" content=\"https:\/\/www.green-guidance.eu\/pt-pt\/methodology\/questoes-e-iniciadores-de-conversa\/\" \/>\n<meta property=\"og:site_name\" content=\"Green Guidance\" \/>\n<meta property=\"article:modified_time\" content=\"2026-01-02T20:11:41+00:00\" \/>\n<meta name=\"twitter:card\" content=\"summary_large_image\" \/>\n<meta name=\"twitter:label1\" content=\"Tempo estimado de leitura\" \/>\n\t<meta name=\"twitter:data1\" content=\"7 minutos\" \/>\n<script type=\"application\/ld+json\" class=\"yoast-schema-graph\">{\"@context\":\"https:\\\/\\\/schema.org\",\"@graph\":[{\"@type\":\"WebPage\",\"@id\":\"https:\\\/\\\/www.green-guidance.eu\\\/pt-pt\\\/methodology\\\/questoes-e-iniciadores-de-conversa\\\/\",\"url\":\"https:\\\/\\\/www.green-guidance.eu\\\/pt-pt\\\/methodology\\\/questoes-e-iniciadores-de-conversa\\\/\",\"name\":\"Quest\u00f5es e iniciadores de conversa - Green Guidance\",\"isPartOf\":{\"@id\":\"https:\\\/\\\/www.green-guidance.eu\\\/#website\"},\"datePublished\":\"2025-09-28T18:09:00+00:00\",\"dateModified\":\"2026-01-02T20:11:41+00:00\",\"breadcrumb\":{\"@id\":\"https:\\\/\\\/www.green-guidance.eu\\\/pt-pt\\\/methodology\\\/questoes-e-iniciadores-de-conversa\\\/#breadcrumb\"},\"inLanguage\":\"pt-PT\",\"potentialAction\":[{\"@type\":\"ReadAction\",\"target\":[\"https:\\\/\\\/www.green-guidance.eu\\\/pt-pt\\\/methodology\\\/questoes-e-iniciadores-de-conversa\\\/\"]}]},{\"@type\":\"BreadcrumbList\",\"@id\":\"https:\\\/\\\/www.green-guidance.eu\\\/pt-pt\\\/methodology\\\/questoes-e-iniciadores-de-conversa\\\/#breadcrumb\",\"itemListElement\":[{\"@type\":\"ListItem\",\"position\":1,\"name\":\"Home\",\"item\":\"https:\\\/\\\/www.green-guidance.eu\\\/\"},{\"@type\":\"ListItem\",\"position\":2,\"name\":\"Methodologies\",\"item\":\"https:\\\/\\\/www.green-guidance.eu\\\/methodologies\\\/\"},{\"@type\":\"ListItem\",\"position\":3,\"name\":\"Quest\u00f5es e iniciadores de conversa\"}]},{\"@type\":\"WebSite\",\"@id\":\"https:\\\/\\\/www.green-guidance.eu\\\/#website\",\"url\":\"https:\\\/\\\/www.green-guidance.eu\\\/\",\"name\":\"Green Guidance\",\"description\":\"Career support for sustainable life choices\",\"publisher\":{\"@id\":\"https:\\\/\\\/www.green-guidance.eu\\\/#organization\"},\"potentialAction\":[{\"@type\":\"SearchAction\",\"target\":{\"@type\":\"EntryPoint\",\"urlTemplate\":\"https:\\\/\\\/www.green-guidance.eu\\\/?s={search_term_string}\"},\"query-input\":{\"@type\":\"PropertyValueSpecification\",\"valueRequired\":true,\"valueName\":\"search_term_string\"}}],\"inLanguage\":\"pt-PT\"},{\"@type\":\"Organization\",\"@id\":\"https:\\\/\\\/www.green-guidance.eu\\\/#organization\",\"name\":\"Green Guidance\",\"url\":\"https:\\\/\\\/www.green-guidance.eu\\\/\",\"logo\":{\"@type\":\"ImageObject\",\"inLanguage\":\"pt-PT\",\"@id\":\"https:\\\/\\\/www.green-guidance.eu\\\/#\\\/schema\\\/logo\\\/image\\\/\",\"url\":\"https:\\\/\\\/www.green-guidance.eu\\\/wp-content\\\/uploads\\\/2024\\\/03\\\/cropped-Green_guidance_logo-01.png\",\"contentUrl\":\"https:\\\/\\\/www.green-guidance.eu\\\/wp-content\\\/uploads\\\/2024\\\/03\\\/cropped-Green_guidance_logo-01.png\",\"width\":1582,\"height\":667,\"caption\":\"Green Guidance\"},\"image\":{\"@id\":\"https:\\\/\\\/www.green-guidance.eu\\\/#\\\/schema\\\/logo\\\/image\\\/\"}}]}<\/script>\n<!-- \/ Yoast SEO plugin. -->","yoast_head_json":{"title":"Quest\u00f5es e iniciadores de conversa - Green Guidance","robots":{"index":"index","follow":"follow","max-snippet":"max-snippet:-1","max-image-preview":"max-image-preview:large","max-video-preview":"max-video-preview:-1"},"canonical":"https:\/\/www.green-guidance.eu\/pt-pt\/methodology\/questoes-e-iniciadores-de-conversa\/","og_locale":"pt_PT","og_type":"article","og_title":"Quest\u00f5es e iniciadores de conversa - Green Guidance","og_description":"Inspira\u00e7\u00e3o para a ferramenta Desenvolvido pelo grupo de trabalho noruegu\u00eas para a inova\u00e7\u00e3o. Justifica\u00e7\u00e3o: Porque \u00e9 que isto \u00e9 necess\u00e1rio? Este conjunto de perguntas pode ser utilizado na fase de contrata\u00e7\u00e3o do processo de orienta\u00e7\u00e3o para iniciar uma conversa sobre a quest\u00e3o da sustentabilidade e para relacionar esta quest\u00e3o com a situa\u00e7\u00e3o dos clientes. \u00c9 claro que n\u00e3o \u00e9 adequado...","og_url":"https:\/\/www.green-guidance.eu\/pt-pt\/methodology\/questoes-e-iniciadores-de-conversa\/","og_site_name":"Green Guidance","article_modified_time":"2026-01-02T20:11:41+00:00","twitter_card":"summary_large_image","twitter_misc":{"Tempo estimado de leitura":"7 minutos"},"schema":{"@context":"https:\/\/schema.org","@graph":[{"@type":"WebPage","@id":"https:\/\/www.green-guidance.eu\/pt-pt\/methodology\/questoes-e-iniciadores-de-conversa\/","url":"https:\/\/www.green-guidance.eu\/pt-pt\/methodology\/questoes-e-iniciadores-de-conversa\/","name":"Quest\u00f5es e iniciadores de conversa - Green Guidance","isPartOf":{"@id":"https:\/\/www.green-guidance.eu\/#website"},"datePublished":"2025-09-28T18:09:00+00:00","dateModified":"2026-01-02T20:11:41+00:00","breadcrumb":{"@id":"https:\/\/www.green-guidance.eu\/pt-pt\/methodology\/questoes-e-iniciadores-de-conversa\/#breadcrumb"},"inLanguage":"pt-PT","potentialAction":[{"@type":"ReadAction","target":["https:\/\/www.green-guidance.eu\/pt-pt\/methodology\/questoes-e-iniciadores-de-conversa\/"]}]},{"@type":"BreadcrumbList","@id":"https:\/\/www.green-guidance.eu\/pt-pt\/methodology\/questoes-e-iniciadores-de-conversa\/#breadcrumb","itemListElement":[{"@type":"ListItem","position":1,"name":"Home","item":"https:\/\/www.green-guidance.eu\/"},{"@type":"ListItem","position":2,"name":"Methodologies","item":"https:\/\/www.green-guidance.eu\/methodologies\/"},{"@type":"ListItem","position":3,"name":"Quest\u00f5es e iniciadores de conversa"}]},{"@type":"WebSite","@id":"https:\/\/www.green-guidance.eu\/#website","url":"https:\/\/www.green-guidance.eu\/","name":"Green Guidance","description":"Career support for sustainable life choices","publisher":{"@id":"https:\/\/www.green-guidance.eu\/#organization"},"potentialAction":[{"@type":"SearchAction","target":{"@type":"EntryPoint","urlTemplate":"https:\/\/www.green-guidance.eu\/?s={search_term_string}"},"query-input":{"@type":"PropertyValueSpecification","valueRequired":true,"valueName":"search_term_string"}}],"inLanguage":"pt-PT"},{"@type":"Organization","@id":"https:\/\/www.green-guidance.eu\/#organization","name":"Green Guidance","url":"https:\/\/www.green-guidance.eu\/","logo":{"@type":"ImageObject","inLanguage":"pt-PT","@id":"https:\/\/www.green-guidance.eu\/#\/schema\/logo\/image\/","url":"https:\/\/www.green-guidance.eu\/wp-content\/uploads\/2024\/03\/cropped-Green_guidance_logo-01.png","contentUrl":"https:\/\/www.green-guidance.eu\/wp-content\/uploads\/2024\/03\/cropped-Green_guidance_logo-01.png","width":1582,"height":667,"caption":"Green Guidance"},"image":{"@id":"https:\/\/www.green-guidance.eu\/#\/schema\/logo\/image\/"}}]}},"jetpack_sharing_enabled":true,"_links":{"self":[{"href":"https:\/\/www.green-guidance.eu\/pt-pt\/wp-json\/wp\/v2\/methodology\/1952","targetHints":{"allow":["GET"]}}],"collection":[{"href":"https:\/\/www.green-guidance.eu\/pt-pt\/wp-json\/wp\/v2\/methodology"}],"about":[{"href":"https:\/\/www.green-guidance.eu\/pt-pt\/wp-json\/wp\/v2\/types\/methodology"}],"wp:attachment":[{"href":"https:\/\/www.green-guidance.eu\/pt-pt\/wp-json\/wp\/v2\/media?parent=1952"}],"curies":[{"name":"wp","href":"https:\/\/api.w.org\/{rel}","templated":true}]}}