{"id":1959,"date":"2025-09-28T18:09:00","date_gmt":"2025-09-28T18:09:00","guid":{"rendered":"https:\/\/www.green-guidance.eu\/methodology\/otazky-a-podnety-na-rozhovor\/"},"modified":"2026-01-02T20:11:41","modified_gmt":"2026-01-02T20:11:41","slug":"otazky-a-podnety-na-rozhovor","status":"publish","type":"methodology","link":"https:\/\/www.green-guidance.eu\/sk\/methodology\/otazky-a-podnety-na-rozhovor\/","title":{"rendered":"Ot\u00e1zky pre otvorenie t\u00e9my udr\u017eate\u013enosti"},"content":{"rendered":"\n<h3 class=\"wp-block-heading\">In\u0161pir\u00e1cia pre n\u00e1stroj<\/h3>\n\n<p>Vyvinula ho n\u00f3rska pracovn\u00e1 skupina poradcov a poradk\u00fd\u0148.<\/p>\n\n<h3 class=\"wp-block-heading\">Od\u00f4vodnenie: Pre\u010do je to potrebn\u00e9?<\/h3>\n\n<p>Tento s\u00fabor ot\u00e1zok, ktor\u00e9 mo\u017eno pou\u017ei\u0165 v \u00favodnej f\u00e1ze procesu poradenstva, sl\u00fa\u017ei na za\u010datie rozhovoru o ot\u00e1zke udr\u017eate\u013enosti a na prepojenie tejto ot\u00e1zky so situ\u00e1ciou klientov. Samozrejme, nie je vhodn\u00e9 pou\u017e\u00edva\u0165 v\u0161etky ot\u00e1zky, ale poradcovia a poradkyne si maj\u00fa v praxi natr\u00e9nova\u0165 ich kladenie vhodn\u00fdm a prirodzen\u00fdm sp\u00f4sobom.  <\/p>\n\n<p>Pozn\u00e1mka: <strong>Za\u010da\u0165 environment\u00e1lnymi ot\u00e1zkami nie je v\u017edy naj\u00fa\u010dinnej\u0161\u00edm vstupn\u00fdm bodom pre<\/strong> <strong>zelen\u00e9 poradenstvo.<\/strong> V mnoh\u00fdch pr\u00edpadoch maj\u00fa klienti bezprostredn\u00fa sk\u00fasenos\u0165 s nezmyselnos\u0165ou, vy\u010derpanos\u0165ou, nadmern\u00fdm v\u00fdkonom, neust\u00e1lym tlakom, aby robili viac, &#8220;bullshit pr\u00e1cou&#8221;, nerovnos\u0165ou, zdravotn\u00fdmi probl\u00e9mami alebo vykoris\u0165ovan\u00edm v pr\u00e1ci. Tieto obavy m\u00f4\u017eu pom\u00f4c\u0165 otvori\u0165 kritick\u00fa diskusiu o predstav\u00e1ch o pr\u00e1ci a sl\u00fa\u017ei\u0165 ako vstupn\u00e1 br\u00e1na k rozhovorom o udr\u017eate\u013enosti &#8211; preto\u017ee v kone\u010dnom d\u00f4sledku s\u00fa v\u0161etky tieto probl\u00e9my spojen\u00e9 so \u0161ir\u0161ou ekologickou kr\u00edzou. Viac inform\u00e1ci\u00ed n\u00e1jdete v pr\u00edru\u010dke zelen\u00e9ho poradenstva.   <\/p>\n\n<h3 class=\"wp-block-heading\">Ciele<\/h3>\n\n<ul class=\"wp-block-list\">\n<li>Za\u010da\u0165 rozhovor o udr\u017eate\u013enosti v r\u00e1mci poradensk\u00e9ho procesu<\/li>\n\n\n\n<li>Pom\u00f4c\u0165 klientom prepoji\u0165 problematiku udr\u017eate\u013enosti s ich situ\u00e1ciou.<\/li>\n<\/ul>\n\n<h3 class=\"wp-block-heading\">Podnety na rozhovor \/ ot\u00e1zky na diskusiu o udr\u017eate\u013enosti<\/h3>\n\n<h4 class=\"wp-block-heading\"><strong>Bud\u00facnos\u0165 pr\u00e1ce a jej premeny<\/strong><\/h4>\n\n<ul class=\"wp-block-list\">\n<li>Spom\u00ednali ste, \u017ee sa zauj\u00edmate o oblas\u0165 ____. Uva\u017eovali ste o tom, ako by sa t\u00e1to profesia mohla v bl\u00edzkej bud\u00facnosti vyv\u00edja\u0165? (Napr\u00edklad v s\u00favislosti s v\u00fdvojom umelej inteligencie, zmenou kl\u00edmy alebo ekologickou transform\u00e1ciou?)  <\/li>\n\n\n\n<li>V d\u00f4sledku technologick\u00e9ho pokroku a ekologickej transform\u00e1cie sa bl\u00ed\u017eia ve\u013ek\u00e9 zmeny. Tieto zmeny si bud\u00fa vy\u017eadova\u0165 nov\u00e9 zru\u010dnosti, zmenu pracovn\u00fdch postupov a prisp\u00f4sobenie takmer v\u0161etk\u00fdch profesi\u00ed. \u010co si o tom mysl\u00edte vy?  <\/li>\n\n\n\n<li>Ak\u00e9 s\u00fa pod\u013ea v\u00e1s hlavn\u00e9 vplyvy, ktor\u00e9 bud\u00fa formova\u0165 bud\u00facnos\u0165 pr\u00e1ce?<\/li>\n\n\n\n<li>Ak\u00e9 zru\u010dnosti bud\u00fa pod\u013ea v\u00e1s nevyhnutn\u00e9 na to, aby sa v\u00e1m darilo v pr\u00e1ci v bud\u00facnosti?<\/li>\n\n\n\n<li>Pre\u010do si mysl\u00edte, \u017ee sa na\u0161a gener\u00e1cia mus\u00ed vo svojej kari\u00e9re prisp\u00f4sobova\u0165 \u010dastej\u0161ie ako gener\u00e1cia na\u0161ich rodi\u010dov? Ako sa to pod\u013ea v\u00e1s zmen\u00ed pre bud\u00face gener\u00e1cie? <\/li>\n\n\n\n<li>Vid\u00edte potenci\u00e1lne rizik\u00e1 pri transform\u00e1cii pr\u00e1ce v d\u00f4sledku automatiz\u00e1cie alebo ekologick\u00fdch ot\u00e1zok? Ako sa na ne m\u00f4\u017eu zamestnanci pripravi\u0165? <\/li>\n\n\n\n<li>Ak\u00fa \u00falohu by pod\u013ea v\u00e1s mali zohr\u00e1va\u0165 kari\u00e9rov\u00ed poradcovia a poradkyne pri pr\u00edprave jednotlivcov na tieto zmeny?<\/li>\n<\/ul>\n\n<h4 class=\"wp-block-heading\"><strong>Pr\u00edle\u017eitosti v r\u00e1mci zelenej transform\u00e1cie<\/strong><\/h4>\n\n<ul class=\"wp-block-list\">\n<li>Ak\u00e9 kari\u00e9rne pr\u00edle\u017eitosti sa pod\u013ea v\u00e1s otv\u00e1raj\u00fa v s\u00favislosti s prechodom na zelen\u00fa ekonomiku?<\/li>\n\n\n\n<li>Ak\u00e9 zru\u010dnosti s\u00fa pod\u013ea v\u00e1s potrebn\u00e9 na z\u00edskanie zamestnania v ekologickom hospod\u00e1rstve?<\/li>\n\n\n\n<li>Ako sa pod\u013ea v\u00e1s bud\u00fa vyv\u00edja\u0165 pracovn\u00e9 pr\u00edle\u017eitosti v d\u00f4sledku ekologickej transform\u00e1cie?<\/li>\n\n\n\n<li>Ktor\u00e9 typy pracovn\u00fdch miest alebo povolan\u00ed by pod\u013ea v\u00e1s mohli zanikn\u00fa\u0165 a pre\u010do?<\/li>\n\n\n\n<li>M\u00f4\u017eete vymenova\u0165 nejak\u00e9 spolo\u010dnosti alebo organiz\u00e1cie zameran\u00e9 na udr\u017eate\u013enos\u0165? Mali by ste z\u00e1ujem pre ne pracova\u0165? <\/li>\n\n\n\n<li>Ako by ste mohli profesion\u00e1lne r\u00e1s\u0165, aby ste sa stali akt\u00edvnym prispievate\u013eom k zmene \u017eivotn\u00e9ho prostredia?<\/li>\n\n\n\n<li>Ak\u00e9 pozit\u00edvne vplyvy by mohla ma\u0165 ekologick\u00e1 transform\u00e1cia na profesiu, o ktor\u00fa sa zauj\u00edmate?<\/li>\n\n\n\n<li>Ktor\u00e9 odvetvia alebo sektory s\u00fa pod\u013ea v\u00e1s l\u00eddrami v oblasti udr\u017eate\u013enosti? Zauj\u00edma v\u00e1s t\u00e1to ot\u00e1zka? <\/li>\n\n\n\n<li>Viete si predstavi\u0165, \u017ee by ste pracovali v odvetv\u00ed, ktor\u00e9 sa priamo podie\u013ea na zelenej tranform\u00e1cii? Ak\u00e9 typy \u00faloh by zodpovedali va\u0161im schopnostiam a z\u00e1ujmom? <\/li>\n\n\n\n<li>Ak\u00e9 nov\u00e9 profesie s\u00favisiace s udr\u017eate\u013enos\u0165ou sa pod\u013ea v\u00e1s objavia v nasleduj\u00facich rokoch? Vid\u00edte nejak\u00e9 vo svojom odbore? <\/li>\n<\/ul>\n\n<h4 class=\"wp-block-heading\"><strong>Pochopenie udr\u017eate\u013enosti v rozvoji kari\u00e9ry<\/strong><\/h4>\n\n<ul class=\"wp-block-list\">\n<li>\u010co pre v\u00e1s osobne znamen\u00e1 udr\u017eate\u013enos\u0165 a zelen\u00e1 transform\u00e1cia?<\/li>\n\n\n\n<li>Ako ve\u013emi je pre v\u00e1s d\u00f4le\u017eit\u00e9, aby si v\u00e1\u0161 zamestn\u00e1vate\u013e alebo spolo\u010dnos\u0165, pre ktor\u00fa pracujete, v\u00e1\u017eila udr\u017eate\u013enos\u0165? Pre\u010do? <\/li>\n\n\n\n<li>Ke\u010f prem\u00fd\u0161\u013eate o svojej profesion\u00e1lnej bud\u00facnosti, ako sp\u00e1jate svoj vplyv na \u017eivotn\u00e9 prostredie so svoj\u00edm osobn\u00fdm naplnen\u00edm?<\/li>\n\n\n\n<li>Mysl\u00edte si, \u017ee by v\u00e1m integr\u00e1cia udr\u017eate\u013enosti do va\u0161ej kari\u00e9ry mohla prinies\u0165 v\u00e4\u010d\u0161\u00ed zmysel alebo motiv\u00e1ciu?<\/li>\n\n\n\n<li>Existuj\u00fa vo va\u0161ej oblasti in\u0161pirat\u00edvne osobnosti alebo organiz\u00e1cie, ktor\u00e9 s\u00fa zn\u00e1me svojimi udr\u017eate\u013en\u00fdmi postupmi?<\/li>\n<\/ul>\n\n<h4 class=\"wp-block-heading\"><strong>Osobn\u00e1 anga\u017eovanos\u0165 v oblasti udr\u017eate\u013enosti<\/strong><\/h4>\n\n<ul class=\"wp-block-list\">\n<li>Ako si predstavujete, \u017ee by ste svojou pr\u00e1cou prispievali k zelenej transform\u00e1cii? Ak\u00e9 mal\u00e9 konkr\u00e9tne kroky by ste mohli podnikn\u00fa\u0165, aby va\u0161e aktivity boli \u0161etrnej\u0161ie k \u017eivotn\u00e9mu prostrediu? <\/li>\n\n\n\n<li>Ak\u00e9 zmeny vo va\u0161om odvetv\u00ed alebo profesii by mali najpozit\u00edvnej\u0161\u00ed vplyv na \u017eivotn\u00e9 prostredie? Ako by ste sa mohli podie\u013ea\u0165 na t\u00fdchto zmen\u00e1ch? <\/li>\n\n\n\n<li>Ak\u00e9 &#8220;zelen\u00e9&#8221; iniciat\u00edvy vo va\u0161ej oblasti v\u00e1s najviac in\u0161piruj\u00fa a pre\u010do?<\/li>\n\n\n\n<li>Ktor\u00e9 aspekty v\u00e1\u0161ho ka\u017edodenn\u00e9ho \u017eivota alebo s\u00fa\u010dasnej pr\u00e1ce u\u017e odr\u00e1\u017eaj\u00fa udr\u017eate\u013en\u00e9 postupy? Ako by ste ich mohli posilni\u0165? <\/li>\n\n\n\n<li>Ak\u00e9 zru\u010dnosti alebo vedomosti si mysl\u00edte, \u017ee potrebujete rozv\u00edja\u0165, aby ste prispeli k udr\u017eate\u013enej\u0161iemu svetu vo va\u0161ej oblasti?<\/li>\n\n\n\n<li>Ako by ste mohli in\u0161pirova\u0165 svojich kolegov alebo spolupracovn\u00edkov, aby si v pr\u00e1ci osvojili udr\u017eate\u013enej\u0161ie postupy?<\/li>\n\n\n\n<li>Ak by ste mali na svojom pracovisku vies\u0165 projekt zameran\u00fd na udr\u017eate\u013enos\u0165, ak\u00fd by to bol?<\/li>\n<\/ul>\n\n<h4 class=\"wp-block-heading\"><strong>Hodnoty a osobn\u00fd odkaz<\/strong><\/h4>\n\n<ul class=\"wp-block-list\">\n<li>O \u010do by spolo\u010dnos\u0165 pri\u0161la, keby va\u0161a profesia neexistovala?<\/li>\n\n\n\n<li>Ak\u00e9 s\u00fa pre v\u00e1s najd\u00f4le\u017eitej\u0161ie hodnoty vo va\u0161ej kari\u00e9re a profesion\u00e1lnom \u017eivote?<\/li>\n\n\n\n<li>Ak\u00e9 hodnoty ste zdedili (po rodi\u010doch, u\u010dite\u013eoch, mentoroch) a ste na ne hrd\u00ed? Ak\u00e9 hodnoty by ste chceli odovzda\u0165 bud\u00facim gener\u00e1ci\u00e1m? <\/li>\n\n\n\n<li>Ak\u00fd odkaz chcete po sebe zanecha\u0165? Ako by ste chceli, aby si v\u00e1s pam\u00e4tali za v\u00e1\u0161 pr\u00ednos k udr\u017eate\u013en\u00e9mu svetu? <\/li>\n\n\n\n<li>Ak by ste mali nap\u00edsa\u0165 osobn\u00e9 poslanie, ktor\u00e9 by zah\u0155\u0148alo udr\u017eate\u013enos\u0165, \u010do by v \u0148om bolo?<\/li>\n<\/ul>\n\n<h4 class=\"wp-block-heading\"><strong>Predstavova\u0165 si udr\u017eate\u013enej\u0161\u00ed svet<\/strong><\/h4>\n\n<ul class=\"wp-block-list\">\n<li>Ak by ste si mohli navrhn\u00fa\u0165 svoju ide\u00e1lnu profesion\u00e1lnu bud\u00facnos\u0165, ak\u00fa \u00falohu by v nej zohr\u00e1vala udr\u017eate\u013enos\u0165?<\/li>\n\n\n\n<li>Ak\u00e9 zmeny by ste chceli vo svojej vysn\u00edvanej kari\u00e9re vidie\u0165 vo svojom okol\u00ed, pokia\u013e ide o ochranu \u017eivotn\u00e9ho prostredia alebo kolekt\u00edvny well-being?<\/li>\n\n\n\n<li>Predstavte si, \u017ee va\u0161e odvetvie prijme strat\u00e9giu zalo\u017een\u00fa na udr\u017eate\u013enosti. Ako by ste sa mohli pripravi\u0165 na t\u00fato? <\/li>\n\n\n\n<li><em>Predstavte si svoju profesiu vo svete, kde je udr\u017eate\u013enos\u0165 normou. Ako by sa pod\u013ea v\u00e1s zmenila va\u0161a \u00faloha? <\/em><\/li>\n\n\n\n<li>Ak\u00e9 pozit\u00edvne zmeny by ste chceli vidie\u0165 vo svojom odvetv\u00ed v nasleduj\u00facich 10 rokoch? Ako by ste mohli k t\u00fdmto zmen\u00e1m prispie\u0165? <\/li>\n\n\n\n<li>Ak vid\u00edte svoju kari\u00e9ru ako sp\u00f4sob, ako zanecha\u0165 pozit\u00edvny vplyv na svet, ako by to vyzeralo? \u010co by ste chceli poveda\u0165 o svojom pr\u00edspevku k udr\u017eate\u013enej\u0161ej bud\u00facnosti o 20 rokov? <\/li>\n\n\n\n<li>Ak\u00e9 mal\u00e9 alebo ve\u013ek\u00e9 zmeny by zv\u00fd\u0161ili udr\u017eate\u013enos\u0165 v\u00e1\u0161ho odvetvia? Ako by ste sa mohli podie\u013ea\u0165 na uskuto\u010dnen\u00ed t\u00fdchto zmien? <\/li>\n<\/ul>\n\n<h4 class=\"wp-block-heading\"><strong>Hodnotenie vplyvu profesie na plan\u00e9tu a spolo\u010dnos\u0165<\/strong><\/h4>\n\n<ul class=\"wp-block-list\">\n<li>Ak by ste mali zhodnoti\u0165 environment\u00e1lny alebo soci\u00e1lny vplyv be\u017en\u00e9ho d\u0148a vo va\u0161ej pr\u00e1ci, \u010do by ste povedali?<\/li>\n\n\n\n<li>Ktor\u00e9 aspekty va\u0161ej profesie alebo odvetvia by sa mali vyv\u00edja\u0165 tak, aby boli zodpovednej\u0161ie vo\u010di \u017eivotn\u00e9mu prostrediu?<\/li>\n\n\n\n<li>Ako by ste mohli vyu\u017ei\u0165 svoj talent alebo vedomosti na rie\u0161enie glob\u00e1lnych v\u00fdziev, ako je zmena kl\u00edmy alebo soci\u00e1lna spravodlivos\u0165?<\/li>\n\n\n\n<li>  Ak by ka\u017ed\u00e1 spolo\u010dnos\u0165 vo va\u0161om odvetv\u00ed musela zn\u00ed\u017ei\u0165 svoju environment\u00e1lnu stopu o 50 %, \u010do by sa muselo zmeni\u0165?<\/li>\n<\/ul>\n\n<h4 class=\"wp-block-heading\"><strong>Glob\u00e1lne v\u00fdzvy a \u00faloha pr\u00e1ce v spolo\u010dnosti<\/strong><\/h4>\n\n<ul class=\"wp-block-list\">\n<li>Ak\u00e9 s\u00fa pod\u013ea v\u00e1s najv\u00e4\u010d\u0161ie v\u00fdzvy, ktor\u00fdm dnes firmy \u010delia? Kto by mal by\u0165 zodpovedn\u00fd za ich rie\u0161enie? (napr. soci\u00e1lna spravodlivos\u0165, klimatick\u00e1 kr\u00edza, hospod\u00e1rska nestabilita at\u010f.)  <\/li>\n\n\n\n<li>Ktor\u00e9 glob\u00e1lne alebo spolo\u010densk\u00e9 probl\u00e9my v\u00e1s najviac emocion\u00e1lne ovplyv\u0148uj\u00fa? Ktor\u00e9 nespravodlivosti alebo probl\u00e9my vo v\u00e1s vyvol\u00e1vaj\u00fa potrebu kona\u0165? <\/li>\n\n\n\n<li>Ak\u00fd svet by ste chceli pom\u00f4c\u0165 vybudova\u0165 pre bud\u00face gener\u00e1cie?<\/li>\n\n\n\n<li>Ktor\u00e9 glob\u00e1lne, spolo\u010densk\u00e9 alebo komunitn\u00e9 v\u00fdzvy by ste chceli rie\u0161i\u0165?<\/li>\n\n\n\n<li>Ak by ste mohli urobi\u0165 jednu v\u00fdznamn\u00fa zmenu vo svete, ak\u00e1 by to bola?<\/li>\n\n\n\n<li>Ak\u00e9 pracovn\u00e9 pr\u00edle\u017eitosti alebo podnikate\u013esk\u00e9 n\u00e1pady zodpovedaj\u00fa va\u0161im z\u00e1ujmom\/amb\u00edci\u00e1m? Ako by ste ich mohli presk\u00fama\u0165? <\/li>\n\n\n\n<li>Pova\u017eujete svoju kari\u00e9ru za prostriedok na zmenu? Ako definujete \u00faspech nad r\u00e1mec platu a pracovnej poz\u00edcie? <\/li>\n<\/ul>\n","protected":false},"excerpt":{"rendered":"<p>In\u0161pir\u00e1cia pre n\u00e1stroj Vyvinula ho n\u00f3rska pracovn\u00e1 skupina poradcov a poradk\u00fd\u0148. Od\u00f4vodnenie: Pre\u010do je to potrebn\u00e9? Tento s\u00fabor ot\u00e1zok, ktor\u00e9 mo\u017eno pou\u017ei\u0165 v \u00favodnej f\u00e1ze procesu poradenstva, sl\u00fa\u017ei na za\u010datie rozhovoru o ot\u00e1zke udr\u017eate\u013enosti a na prepojenie tejto ot\u00e1zky so situ\u00e1ciou klientov. Samozrejme, nie je vhodn\u00e9 pou\u017e\u00edva\u0165 v\u0161etky ot\u00e1zky, ale poradcovia a poradkyne si maj\u00fa v praxi natr\u00e9nova\u0165 ich kladenie&#8230;<\/p>\n","protected":false},"template":"","meta":{"_acf_changed":false,"_monsterinsights_skip_tracking":false,"_monsterinsights_sitenote_active":false,"_monsterinsights_sitenote_note":"","_monsterinsights_sitenote_category":0,"jetpack_post_was_ever_published":false},"class_list":["post-1959","methodology","type-methodology","status-publish","hentry"],"acf":[],"yoast_head":"<!-- This site is optimized with the Yoast SEO plugin v27.4 - https:\/\/yoast.com\/product\/yoast-seo-wordpress\/ -->\n<title>Ot\u00e1zky pre otvorenie t\u00e9my udr\u017eate\u013enosti - Green Guidance<\/title>\n<meta name=\"robots\" content=\"index, follow, max-snippet:-1, max-image-preview:large, max-video-preview:-1\" \/>\n<link rel=\"canonical\" href=\"https:\/\/www.green-guidance.eu\/sk\/methodology\/otazky-a-podnety-na-rozhovor\/\" \/>\n<meta property=\"og:locale\" content=\"sk_SK\" \/>\n<meta property=\"og:type\" content=\"article\" \/>\n<meta property=\"og:title\" content=\"Ot\u00e1zky pre otvorenie t\u00e9my udr\u017eate\u013enosti - Green Guidance\" \/>\n<meta property=\"og:description\" content=\"In\u0161pir\u00e1cia pre n\u00e1stroj Vyvinula ho n\u00f3rska pracovn\u00e1 skupina poradcov a poradk\u00fd\u0148. Od\u00f4vodnenie: Pre\u010do je to potrebn\u00e9? Tento s\u00fabor ot\u00e1zok, ktor\u00e9 mo\u017eno pou\u017ei\u0165 v \u00favodnej f\u00e1ze procesu poradenstva, sl\u00fa\u017ei na za\u010datie rozhovoru o ot\u00e1zke udr\u017eate\u013enosti a na prepojenie tejto ot\u00e1zky so situ\u00e1ciou klientov. Samozrejme, nie je vhodn\u00e9 pou\u017e\u00edva\u0165 v\u0161etky ot\u00e1zky, ale poradcovia a poradkyne si maj\u00fa v praxi natr\u00e9nova\u0165 ich kladenie...\" \/>\n<meta property=\"og:url\" content=\"https:\/\/www.green-guidance.eu\/sk\/methodology\/otazky-a-podnety-na-rozhovor\/\" \/>\n<meta property=\"og:site_name\" content=\"Green Guidance\" \/>\n<meta property=\"article:modified_time\" content=\"2026-01-02T20:11:41+00:00\" \/>\n<meta name=\"twitter:card\" content=\"summary_large_image\" \/>\n<meta name=\"twitter:label1\" content=\"Predpokladan\u00fd \u010das \u010d\u00edtania\" \/>\n\t<meta name=\"twitter:data1\" content=\"8 min\u00fat\" \/>\n<script type=\"application\/ld+json\" class=\"yoast-schema-graph\">{\"@context\":\"https:\\\/\\\/schema.org\",\"@graph\":[{\"@type\":\"WebPage\",\"@id\":\"https:\\\/\\\/www.green-guidance.eu\\\/sk\\\/methodology\\\/otazky-a-podnety-na-rozhovor\\\/\",\"url\":\"https:\\\/\\\/www.green-guidance.eu\\\/sk\\\/methodology\\\/otazky-a-podnety-na-rozhovor\\\/\",\"name\":\"Ot\u00e1zky pre otvorenie t\u00e9my udr\u017eate\u013enosti - Green Guidance\",\"isPartOf\":{\"@id\":\"https:\\\/\\\/www.green-guidance.eu\\\/#website\"},\"datePublished\":\"2025-09-28T18:09:00+00:00\",\"dateModified\":\"2026-01-02T20:11:41+00:00\",\"breadcrumb\":{\"@id\":\"https:\\\/\\\/www.green-guidance.eu\\\/sk\\\/methodology\\\/otazky-a-podnety-na-rozhovor\\\/#breadcrumb\"},\"inLanguage\":\"sk-SK\",\"potentialAction\":[{\"@type\":\"ReadAction\",\"target\":[\"https:\\\/\\\/www.green-guidance.eu\\\/sk\\\/methodology\\\/otazky-a-podnety-na-rozhovor\\\/\"]}]},{\"@type\":\"BreadcrumbList\",\"@id\":\"https:\\\/\\\/www.green-guidance.eu\\\/sk\\\/methodology\\\/otazky-a-podnety-na-rozhovor\\\/#breadcrumb\",\"itemListElement\":[{\"@type\":\"ListItem\",\"position\":1,\"name\":\"Home\",\"item\":\"https:\\\/\\\/www.green-guidance.eu\\\/\"},{\"@type\":\"ListItem\",\"position\":2,\"name\":\"Methodologies\",\"item\":\"https:\\\/\\\/www.green-guidance.eu\\\/methodologies\\\/\"},{\"@type\":\"ListItem\",\"position\":3,\"name\":\"Ot\u00e1zky pre otvorenie t\u00e9my udr\u017eate\u013enosti\"}]},{\"@type\":\"WebSite\",\"@id\":\"https:\\\/\\\/www.green-guidance.eu\\\/#website\",\"url\":\"https:\\\/\\\/www.green-guidance.eu\\\/\",\"name\":\"Green Guidance\",\"description\":\"Career support for sustainable life choices\",\"publisher\":{\"@id\":\"https:\\\/\\\/www.green-guidance.eu\\\/#organization\"},\"potentialAction\":[{\"@type\":\"SearchAction\",\"target\":{\"@type\":\"EntryPoint\",\"urlTemplate\":\"https:\\\/\\\/www.green-guidance.eu\\\/?s={search_term_string}\"},\"query-input\":{\"@type\":\"PropertyValueSpecification\",\"valueRequired\":true,\"valueName\":\"search_term_string\"}}],\"inLanguage\":\"sk-SK\"},{\"@type\":\"Organization\",\"@id\":\"https:\\\/\\\/www.green-guidance.eu\\\/#organization\",\"name\":\"Green Guidance\",\"url\":\"https:\\\/\\\/www.green-guidance.eu\\\/\",\"logo\":{\"@type\":\"ImageObject\",\"inLanguage\":\"sk-SK\",\"@id\":\"https:\\\/\\\/www.green-guidance.eu\\\/#\\\/schema\\\/logo\\\/image\\\/\",\"url\":\"https:\\\/\\\/www.green-guidance.eu\\\/wp-content\\\/uploads\\\/2024\\\/03\\\/cropped-Green_guidance_logo-01.png\",\"contentUrl\":\"https:\\\/\\\/www.green-guidance.eu\\\/wp-content\\\/uploads\\\/2024\\\/03\\\/cropped-Green_guidance_logo-01.png\",\"width\":1582,\"height\":667,\"caption\":\"Green Guidance\"},\"image\":{\"@id\":\"https:\\\/\\\/www.green-guidance.eu\\\/#\\\/schema\\\/logo\\\/image\\\/\"}}]}<\/script>\n<!-- \/ Yoast SEO plugin. -->","yoast_head_json":{"title":"Ot\u00e1zky pre otvorenie t\u00e9my udr\u017eate\u013enosti - Green Guidance","robots":{"index":"index","follow":"follow","max-snippet":"max-snippet:-1","max-image-preview":"max-image-preview:large","max-video-preview":"max-video-preview:-1"},"canonical":"https:\/\/www.green-guidance.eu\/sk\/methodology\/otazky-a-podnety-na-rozhovor\/","og_locale":"sk_SK","og_type":"article","og_title":"Ot\u00e1zky pre otvorenie t\u00e9my udr\u017eate\u013enosti - Green Guidance","og_description":"In\u0161pir\u00e1cia pre n\u00e1stroj Vyvinula ho n\u00f3rska pracovn\u00e1 skupina poradcov a poradk\u00fd\u0148. Od\u00f4vodnenie: Pre\u010do je to potrebn\u00e9? Tento s\u00fabor ot\u00e1zok, ktor\u00e9 mo\u017eno pou\u017ei\u0165 v \u00favodnej f\u00e1ze procesu poradenstva, sl\u00fa\u017ei na za\u010datie rozhovoru o ot\u00e1zke udr\u017eate\u013enosti a na prepojenie tejto ot\u00e1zky so situ\u00e1ciou klientov. Samozrejme, nie je vhodn\u00e9 pou\u017e\u00edva\u0165 v\u0161etky ot\u00e1zky, ale poradcovia a poradkyne si maj\u00fa v praxi natr\u00e9nova\u0165 ich kladenie...","og_url":"https:\/\/www.green-guidance.eu\/sk\/methodology\/otazky-a-podnety-na-rozhovor\/","og_site_name":"Green Guidance","article_modified_time":"2026-01-02T20:11:41+00:00","twitter_card":"summary_large_image","twitter_misc":{"Predpokladan\u00fd \u010das \u010d\u00edtania":"8 min\u00fat"},"schema":{"@context":"https:\/\/schema.org","@graph":[{"@type":"WebPage","@id":"https:\/\/www.green-guidance.eu\/sk\/methodology\/otazky-a-podnety-na-rozhovor\/","url":"https:\/\/www.green-guidance.eu\/sk\/methodology\/otazky-a-podnety-na-rozhovor\/","name":"Ot\u00e1zky pre otvorenie t\u00e9my udr\u017eate\u013enosti - Green Guidance","isPartOf":{"@id":"https:\/\/www.green-guidance.eu\/#website"},"datePublished":"2025-09-28T18:09:00+00:00","dateModified":"2026-01-02T20:11:41+00:00","breadcrumb":{"@id":"https:\/\/www.green-guidance.eu\/sk\/methodology\/otazky-a-podnety-na-rozhovor\/#breadcrumb"},"inLanguage":"sk-SK","potentialAction":[{"@type":"ReadAction","target":["https:\/\/www.green-guidance.eu\/sk\/methodology\/otazky-a-podnety-na-rozhovor\/"]}]},{"@type":"BreadcrumbList","@id":"https:\/\/www.green-guidance.eu\/sk\/methodology\/otazky-a-podnety-na-rozhovor\/#breadcrumb","itemListElement":[{"@type":"ListItem","position":1,"name":"Home","item":"https:\/\/www.green-guidance.eu\/"},{"@type":"ListItem","position":2,"name":"Methodologies","item":"https:\/\/www.green-guidance.eu\/methodologies\/"},{"@type":"ListItem","position":3,"name":"Ot\u00e1zky pre otvorenie t\u00e9my udr\u017eate\u013enosti"}]},{"@type":"WebSite","@id":"https:\/\/www.green-guidance.eu\/#website","url":"https:\/\/www.green-guidance.eu\/","name":"Green Guidance","description":"Career support for sustainable life choices","publisher":{"@id":"https:\/\/www.green-guidance.eu\/#organization"},"potentialAction":[{"@type":"SearchAction","target":{"@type":"EntryPoint","urlTemplate":"https:\/\/www.green-guidance.eu\/?s={search_term_string}"},"query-input":{"@type":"PropertyValueSpecification","valueRequired":true,"valueName":"search_term_string"}}],"inLanguage":"sk-SK"},{"@type":"Organization","@id":"https:\/\/www.green-guidance.eu\/#organization","name":"Green Guidance","url":"https:\/\/www.green-guidance.eu\/","logo":{"@type":"ImageObject","inLanguage":"sk-SK","@id":"https:\/\/www.green-guidance.eu\/#\/schema\/logo\/image\/","url":"https:\/\/www.green-guidance.eu\/wp-content\/uploads\/2024\/03\/cropped-Green_guidance_logo-01.png","contentUrl":"https:\/\/www.green-guidance.eu\/wp-content\/uploads\/2024\/03\/cropped-Green_guidance_logo-01.png","width":1582,"height":667,"caption":"Green Guidance"},"image":{"@id":"https:\/\/www.green-guidance.eu\/#\/schema\/logo\/image\/"}}]}},"jetpack_sharing_enabled":true,"_links":{"self":[{"href":"https:\/\/www.green-guidance.eu\/sk\/wp-json\/wp\/v2\/methodology\/1959","targetHints":{"allow":["GET"]}}],"collection":[{"href":"https:\/\/www.green-guidance.eu\/sk\/wp-json\/wp\/v2\/methodology"}],"about":[{"href":"https:\/\/www.green-guidance.eu\/sk\/wp-json\/wp\/v2\/types\/methodology"}],"wp:attachment":[{"href":"https:\/\/www.green-guidance.eu\/sk\/wp-json\/wp\/v2\/media?parent=1959"}],"curies":[{"name":"wp","href":"https:\/\/api.w.org\/{rel}","templated":true}]}}